{"id":383812,"date":"2021-07-08T17:51:24","date_gmt":"2021-07-08T22:51:24","guid":{"rendered":"https:\/\/www.zunoticia.com\/noticias-de-hidalgo\/?page_id=383812"},"modified":"2026-01-08T17:40:45","modified_gmt":"2026-01-08T23:40:45","slug":"iniciohidalgo-5","status":"publish","type":"page","link":"https:\/\/www.zunoticia.com\/noticias-de-hidalgo\/","title":{"rendered":"InicioHidalgo"},"content":{"rendered":"\t\t<div data-elementor-type=\"wp-page\" data-elementor-id=\"383812\" class=\"elementor elementor-383812\">\n\t\t\t\t\t\t<section class=\"elementor-section elementor-top-section elementor-element elementor-element-51ec666 elementor-section-boxed elementor-section-height-default elementor-section-height-default jltma-glass-effect-no\" data-id=\"51ec666\" data-element_type=\"section\" data-e-type=\"section\" data-settings=\"{&quot;background_background&quot;:&quot;classic&quot;}\">\n\t\t\t\t\t\t<div class=\"elementor-container elementor-column-gap-default\">\n\t\t\t\t\t<div class=\"elementor-column elementor-col-66 elementor-top-column elementor-element elementor-element-d39ec74 jltma-glass-effect-no\" data-id=\"d39ec74\" data-element_type=\"column\" data-e-type=\"column\" data-settings=\"{&quot;background_background&quot;:&quot;classic&quot;}\">\n\t\t\t<div class=\"elementor-widget-wrap elementor-element-populated\">\n\t\t\t\t\t\t<div class=\"elementor-element elementor-element-d8b637b jltma-glass-effect-no elementor-widget elementor-widget-heading\" data-id=\"d8b637b\" data-element_type=\"widget\" data-e-type=\"widget\" data-widget_type=\"heading.default\">\n\t\t\t\t<div class=\"elementor-widget-container\">\n\t\t\t\t\t<h4 class=\"elementor-heading-title elementor-size-default\">ZUNOTICIA TV<\/h4>\t\t\t\t<\/div>\n\t\t\t\t<\/div>\n\t\t\t\t<div class=\"elementor-element elementor-element-64aa693 jltma-glass-effect-no elementor-widget elementor-widget-text-editor\" data-id=\"64aa693\" data-element_type=\"widget\" data-e-type=\"widget\" data-widget_type=\"text-editor.default\">\n\t\t\t\t<div class=\"elementor-widget-container\">\n\t\t\t\t\t\t\t\t\t<p><div class=\"epyt-gallery\" data-currpage=\"1\" id=\"epyt_gallery_74127\"><iframe  id=\"_ytid_56439\"  width=\"750\" height=\"422\"  data-origwidth=\"750\" data-origheight=\"422\"  data-relstop=\"1\" src=\"https:\/\/www.youtube.com\/embed\/GPUv99uGIdc?enablejsapi=1&#038;autoplay=0&#038;cc_load_policy=0&#038;cc_lang_pref=&#038;iv_load_policy=1&#038;loop=0&#038;rel=0&#038;fs=1&#038;playsinline=0&#038;autohide=2&#038;theme=dark&#038;color=red&#038;controls=1&#038;disablekb=0&#038;\" class=\"__youtube_prefs__  __youtube_prefs_widget__  no-lazyload\" title=\"YouTube player\"  data-epytgalleryid=\"epyt_gallery_74127\"  allow=\"fullscreen; accelerometer; autoplay; clipboard-write; encrypted-media; gyroscope; picture-in-picture; web-share\" referrerpolicy=\"strict-origin-when-cross-origin\" allowfullscreen data-no-lazy=\"1\" data-skipgform_ajax_framebjll=\"\"><\/iframe><div class=\"epyt-gallery-list\"><div class=\"epyt-pagination epyt-hide-pagination\"><div tabindex=\"0\" role=\"button\" class=\"epyt-pagebutton epyt-prev  hide \" data-playlistid=\"UUB4sMud9EinERUf-HgARuQA\" data-pagesize=\"3\" data-pagetoken=\"\" data-epcolumns=\"3\" data-showtitle=\"1\" data-showpaging=\"0\" data-autonext=\"0\" data-thumbplay=\"1\"><div class=\"epyt-arrow\">&laquo;<\/div> <div>Prev<\/div><\/div><div class=\"epyt-pagenumbers \"><div class=\"epyt-current\">1<\/div><div class=\"epyt-pageseparator\"> \/ <\/div><div class=\"epyt-totalpages\">960<\/div><\/div><div tabindex=\"0\" role=\"button\" class=\"epyt-pagebutton epyt-next\" data-playlistid=\"UUB4sMud9EinERUf-HgARuQA\" data-pagesize=\"3\" data-pagetoken=\"EAAaHlBUOkNBTWlFREZEUkROQk1VRXpRa1pDTURZME4wRQ\" data-epcolumns=\"3\" data-showtitle=\"1\" data-showpaging=\"0\" data-autonext=\"0\" data-thumbplay=\"1\"><div>Next<\/div> <div class=\"epyt-arrow\">&raquo;<\/div><\/div><div class=\"epyt-loader\"><img decoding=\"async\" alt=\"loading\" width=\"16\" height=\"11\" src=\"https:\/\/www.zunoticia.com\/noticias-de-hidalgo\/wp-content\/plugins\/youtube-embed-plus\/images\/gallery-page-loader.gif\"><\/div><\/div><div class=\"epyt-gallery-allthumbs  epyt-cols-3 \"><div tabindex=\"0\" role=\"button\" data-videoid=\"GPUv99uGIdc\" class=\"epyt-gallery-thumb\"><div class=\"epyt-gallery-img-box\"><div class=\"epyt-gallery-img\" style=\"background-image: url(https:\/\/i.ytimg.com\/vi\/GPUv99uGIdc\/hqdefault.jpg)\"><div class=\"epyt-gallery-playhover\"><img decoding=\"async\" alt=\"play\" class=\"epyt-play-img\" width=\"30\" height=\"23\" src=\"https:\/\/www.zunoticia.com\/noticias-de-hidalgo\/wp-content\/plugins\/youtube-embed-plus\/images\/playhover.png\" data-no-lazy=\"1\" data-skipgform_ajax_framebjll=\"\" \/><div class=\"epyt-gallery-playcrutch\"><\/div><\/div><\/div><\/div><div class=\"epyt-gallery-title\">D\u01ddnunc\u00a1@n s\u20accu\u01ddstr0 de una mujer y un hombre | Noticias En Tiempo Real<\/div><\/div><div tabindex=\"0\" role=\"button\" data-videoid=\"Qvye-2nN700\" class=\"epyt-gallery-thumb\"><div class=\"epyt-gallery-img-box\"><div class=\"epyt-gallery-img\" style=\"background-image: url(https:\/\/i.ytimg.com\/vi\/Qvye-2nN700\/hqdefault.jpg)\"><div class=\"epyt-gallery-playhover\"><img decoding=\"async\" alt=\"play\" class=\"epyt-play-img\" width=\"30\" height=\"23\" src=\"https:\/\/www.zunoticia.com\/noticias-de-hidalgo\/wp-content\/plugins\/youtube-embed-plus\/images\/playhover.png\" data-no-lazy=\"1\" data-skipgform_ajax_framebjll=\"\" \/><div class=\"epyt-gallery-playcrutch\"><\/div><\/div><\/div><\/div><div class=\"epyt-gallery-title\">Casi pierde la l\u20acngua en brut4l choque | Noticias En Tiempo Real<\/div><\/div><div tabindex=\"0\" role=\"button\" data-videoid=\"Y221_mwqAj4\" class=\"epyt-gallery-thumb\"><div class=\"epyt-gallery-img-box\"><div class=\"epyt-gallery-img\" style=\"background-image: url(https:\/\/i.ytimg.com\/vi\/Y221_mwqAj4\/hqdefault.jpg)\"><div class=\"epyt-gallery-playhover\"><img decoding=\"async\" alt=\"play\" class=\"epyt-play-img\" width=\"30\" height=\"23\" src=\"https:\/\/www.zunoticia.com\/noticias-de-hidalgo\/wp-content\/plugins\/youtube-embed-plus\/images\/playhover.png\" data-no-lazy=\"1\" data-skipgform_ajax_framebjll=\"\" \/><div class=\"epyt-gallery-playcrutch\"><\/div><\/div><\/div><\/div><div class=\"epyt-gallery-title\">Conato de incendio en el mercado de Huejutla | Noticias En Tiempo<\/div><\/div><div class=\"epyt-gallery-rowbreak\"><\/div><div class=\"epyt-gallery-clear\"><\/div><\/div><div class=\"epyt-pagination epyt-hide-pagination\"><div tabindex=\"0\" role=\"button\" class=\"epyt-pagebutton epyt-prev  hide \" data-playlistid=\"UUB4sMud9EinERUf-HgARuQA\" data-pagesize=\"3\" data-pagetoken=\"\" data-epcolumns=\"3\" data-showtitle=\"1\" data-showpaging=\"0\" data-autonext=\"0\" data-thumbplay=\"1\"><div class=\"epyt-arrow\">&laquo;<\/div> <div>Prev<\/div><\/div><div class=\"epyt-pagenumbers \"><div class=\"epyt-current\">1<\/div><div class=\"epyt-pageseparator\"> \/ <\/div><div class=\"epyt-totalpages\">960<\/div><\/div><div tabindex=\"0\" role=\"button\" class=\"epyt-pagebutton epyt-next\" data-playlistid=\"UUB4sMud9EinERUf-HgARuQA\" data-pagesize=\"3\" data-pagetoken=\"EAAaHlBUOkNBTWlFREZEUkROQk1VRXpRa1pDTURZME4wRQ\" data-epcolumns=\"3\" data-showtitle=\"1\" data-showpaging=\"0\" data-autonext=\"0\" data-thumbplay=\"1\"><div>Next<\/div> <div class=\"epyt-arrow\">&raquo;<\/div><\/div><div class=\"epyt-loader\"><img decoding=\"async\" alt=\"loading\" width=\"16\" height=\"11\" src=\"https:\/\/www.zunoticia.com\/noticias-de-hidalgo\/wp-content\/plugins\/youtube-embed-plus\/images\/gallery-page-loader.gif\"><\/div><\/div><\/div><\/div><\/p>\t\t\t\t\t\t\t\t<\/div>\n\t\t\t\t<\/div>\n\t\t\t\t<div class=\"elementor-element elementor-element-34a73a3 elementor-hidden-mobile jltma-glass-effect-no elementor-widget elementor-widget-heading\" data-id=\"34a73a3\" data-element_type=\"widget\" data-e-type=\"widget\" data-widget_type=\"heading.default\">\n\t\t\t\t<div class=\"elementor-widget-container\">\n\t\t\t\t\t<h4 class=\"elementor-heading-title elementor-size-default\">HUEJUTLA<\/h4>\t\t\t\t<\/div>\n\t\t\t\t<\/div>\n\t\t\t\t<div class=\"elementor-element elementor-element-9460252 anwp-pg-widget-header-style--c elementor-hidden-mobile anwp-pg-post-teaser__post-icon--size-16 elementor-pagination-position-outside jltma-glass-effect-no elementor-widget elementor-widget-anwp-pg-classic-slider\" data-id=\"9460252\" data-element_type=\"widget\" data-e-type=\"widget\" data-widget_type=\"anwp-pg-classic-slider.default\">\n\t\t\t\t<div class=\"elementor-widget-container\">\n\t\t\t\t\t<div class=\"anwp-pg-wrap\">\n\n\t\n\t<!-- Slider main container -->\n\t<div\n\t\tclass=\"anwp-pg-classic-slider anwp-pg-swiper-wrapper position-static swiper swiper-container anwp-pg-no-transform\"\n\t\tdata-pg-slides-per-view=\"3\"\n\t\tdata-pg-slides-per-view-mobile=\"1\"\n\t\tdata-pg-slides-per-view-tablet=\"2\"\n\t\tdata-pg-slides-per-group=\"1\"\n\t\tdata-pg-slides-per-group-mobile=\"1\"\n\t\tdata-pg-slides-per-group-tablet=\"1\"\n\t\tdata-pg-autoplay=\"yes\"\n\t\tdata-pg-autoplay-delay=\"5000\"\n\t\tdata-pg-space-between=\"20\"\n\t\tdata-pg-effect=\"slide\"\n\t\tdata-pg-show-read-more=\"no\"\n\t\tdata-pg-enable-observer=\"no\"\n\t\tdata-pg-loop=\"no\"\n\t\tdir=\"ltr\"\n\t>\n\t\t<!-- Additional required wrapper -->\n\t\t<div class=\"swiper-wrapper\">\n\t\t\t<!-- Slides -->\n\t\t\t<div class=\"anwp-pg-post-teaser anwp-pg-post-teaser--inner-cover-link anwp-pg-post-teaser--layout-d d-flex flex-column swiper-slide anwp-pg-post-teaser--has-comments-meta\">\n\t<div class=\"anwp-pg-post-teaser__thumbnail position-relative\">\n\n\t\t\n\t\t\n\t\t\t\t\t<img loading=\"lazy\" class=\"anwp-pg-post-teaser__thumbnail-img d-block anwp-pg-height-180 anwp-object-cover m-0 w-100\"\n\t\t\t\talt=\"Presentan Festival danc\u00edstico por D\u00eda Internacional de la Danza\"\n\t\t\t\tsrc=\"https:\/\/www.zunoticia.com\/noticias-de-hidalgo\/wp-content\/uploads\/2026\/04\/Zunoticia-Huejutla-306-300x168.png\"\/>\n\t\t\n\t\t<div class=\"anwp-pg-post-teaser__thumbnail-bg anwp-position-cover\"><\/div>\n\n\t\t<a class=\"anwp-position-cover anwp-link-without-effects\" href=\"https:\/\/www.zunoticia.com\/noticias-de-hidalgo\/2026\/04\/30\/presentan-festival-dancistico-por-dia-internacional-de-la-danza\/\" aria-hidden=\"true\" ><\/a>\n\t<\/div>\n\n\t<div class=\"anwp-pg-post-teaser__content flex-grow-1 pt-1 d-flex flex-column\">\n\n\t\t<div class=\"anwp-pg-post-teaser__title anwp-font-heading mt-2\">\n\t\t\t<a class=\"anwp-link-without-effects\" href=\"https:\/\/www.zunoticia.com\/noticias-de-hidalgo\/2026\/04\/30\/presentan-festival-dancistico-por-dia-internacional-de-la-danza\/\" aria-hidden=\"true\" >\n\t\t\t\tPresentan Festival danc\u00edstico por D\u00eda Internacional de la Danza\t\t\t<\/a>\n\t\t<\/div>\n\n\t\t<div class=\"anwp-pg-post-teaser__bottom-meta d-flex flex-wrap\">\n\n\t\t\t\t\t\t\t<div class=\"anwp-pg-post-teaser__bottom-meta-item d-flex align-items-center mr-3\">\n\t\t\t\t\t<svg class=\"anwp-pg-icon anwp-pg-icon--s16 mr-1\">\n\t\t\t\t\t\t<use xlink:href=\"#icon-anwp-pg-calendar\"><\/use>\n\t\t\t\t\t<\/svg>\n\t\t\t\t\t<span class=\"posted-on m-0\"><span class=\"screen-reader-text\">Posted on<\/span><time class=\"anwp-pg-published\" datetime=\"2026-04-30T09:40:15-06:00\">30 abril, 2026<\/time><time class=\"anwp-pg-updated\" datetime=\"2026-04-30T09:40:17-06:00\">30 abril, 2026<\/time><\/span>\n\t\t\t\t<\/div>\n\t\t\t\t\t\t\t\t\t<div class=\"anwp-pg-post-teaser__bottom-meta-item d-flex align-items-center mr-3\">\n\t\t\t\t\t\t<svg class=\"anwp-pg-icon anwp-pg-icon--s16 mr-1\">\n\t\t\t\t\t\t\t<use xlink:href=\"#icon-anwp-pg-comment-discussion\"><\/use>\n\t\t\t\t\t\t<\/svg>\n\t\t\t\t\t\t0\t\t\t\t\t<\/div>\n\t\t\t\t\t\n\t\t\t\t\t<\/div>\n\n\t\t\t\t\t<div class=\"anwp-pg-post-teaser__excerpt mb-2\">\n\t\t\t\tPor Enedino Hern\u00e1ndez \/ Zunoticia Huejutla, Hgo.- En el marco del D\u00eda Internacional de la Danza, la Comunidad Danc\u00edstica de la Huasteca Hidalguense llev\u00f3 a cabo la presentaci\u00f3n de un ...\t\t\t<\/div>\n\t\t\n\t\t\n\t<\/div>\n\n<\/div>\n<div class=\"anwp-pg-post-teaser anwp-pg-post-teaser--inner-cover-link anwp-pg-post-teaser--layout-d d-flex flex-column swiper-slide anwp-pg-post-teaser--has-comments-meta\">\n\t<div class=\"anwp-pg-post-teaser__thumbnail position-relative\">\n\n\t\t\n\t\t\n\t\t\t\t\t<img loading=\"lazy\" class=\"anwp-pg-post-teaser__thumbnail-img d-block anwp-pg-height-180 anwp-object-cover m-0 w-100\"\n\t\t\t\talt=\"BBVA, un refugio para los lomitos ante ola de calor\"\n\t\t\t\tsrc=\"https:\/\/www.zunoticia.com\/noticias-de-hidalgo\/wp-content\/uploads\/2026\/04\/Zunoticia-Huejutla-1-198-300x168.png\"\/>\n\t\t\n\t\t<div class=\"anwp-pg-post-teaser__thumbnail-bg anwp-position-cover\"><\/div>\n\n\t\t<a class=\"anwp-position-cover anwp-link-without-effects\" href=\"https:\/\/www.zunoticia.com\/noticias-de-hidalgo\/2026\/04\/29\/bbva-un-refugio-para-los-lomitos-ante-ola-de-calor\/\" aria-hidden=\"true\" ><\/a>\n\t<\/div>\n\n\t<div class=\"anwp-pg-post-teaser__content flex-grow-1 pt-1 d-flex flex-column\">\n\n\t\t<div class=\"anwp-pg-post-teaser__title anwp-font-heading mt-2\">\n\t\t\t<a class=\"anwp-link-without-effects\" href=\"https:\/\/www.zunoticia.com\/noticias-de-hidalgo\/2026\/04\/29\/bbva-un-refugio-para-los-lomitos-ante-ola-de-calor\/\" aria-hidden=\"true\" >\n\t\t\t\tBBVA, un refugio para los lomitos ante ola de calor\t\t\t<\/a>\n\t\t<\/div>\n\n\t\t<div class=\"anwp-pg-post-teaser__bottom-meta d-flex flex-wrap\">\n\n\t\t\t\t\t\t\t<div class=\"anwp-pg-post-teaser__bottom-meta-item d-flex align-items-center mr-3\">\n\t\t\t\t\t<svg class=\"anwp-pg-icon anwp-pg-icon--s16 mr-1\">\n\t\t\t\t\t\t<use xlink:href=\"#icon-anwp-pg-calendar\"><\/use>\n\t\t\t\t\t<\/svg>\n\t\t\t\t\t<span class=\"posted-on m-0\"><span class=\"screen-reader-text\">Posted on<\/span><time class=\"anwp-pg-published\" datetime=\"2026-04-29T17:20:57-06:00\">29 abril, 2026<\/time><time class=\"anwp-pg-updated\" datetime=\"2026-04-29T17:21:00-06:00\">29 abril, 2026<\/time><\/span>\n\t\t\t\t<\/div>\n\t\t\t\t\t\t\t\t\t<div class=\"anwp-pg-post-teaser__bottom-meta-item d-flex align-items-center mr-3\">\n\t\t\t\t\t\t<svg class=\"anwp-pg-icon anwp-pg-icon--s16 mr-1\">\n\t\t\t\t\t\t\t<use xlink:href=\"#icon-anwp-pg-comment-discussion\"><\/use>\n\t\t\t\t\t\t<\/svg>\n\t\t\t\t\t\t0\t\t\t\t\t<\/div>\n\t\t\t\t\t\n\t\t\t\t\t<\/div>\n\n\t\t\t\t\t<div class=\"anwp-pg-post-teaser__excerpt mb-2\">\n\t\t\t\tPor Gabriela Hern\u00e1ndez\/Zunoticia Huejutla, Hgo.- El calor no cede en Huejutla y nadie est\u00e1 exento de sufrir da\u00f1os por los rayos del sol, principalmente los &#8216;lomitos&#8217; que ahora encontraron refugio ...\t\t\t<\/div>\n\t\t\n\t\t\n\t<\/div>\n\n<\/div>\n<div class=\"anwp-pg-post-teaser anwp-pg-post-teaser--inner-cover-link anwp-pg-post-teaser--layout-d d-flex flex-column swiper-slide anwp-pg-post-teaser--has-comments-meta\">\n\t<div class=\"anwp-pg-post-teaser__thumbnail position-relative\">\n\n\t\t\n\t\t\n\t\t\t\t\t<img loading=\"lazy\" class=\"anwp-pg-post-teaser__thumbnail-img d-block anwp-pg-height-180 anwp-object-cover m-0 w-100\"\n\t\t\t\talt=\"Servicios p\u00fablicos trabaja de forma permanente para garantizar limpieza y orden en Huejutla\"\n\t\t\t\tsrc=\"https:\/\/www.zunoticia.com\/noticias-de-hidalgo\/wp-content\/uploads\/2026\/04\/2-27-300x168.png\"\/>\n\t\t\n\t\t<div class=\"anwp-pg-post-teaser__thumbnail-bg anwp-position-cover\"><\/div>\n\n\t\t<a class=\"anwp-position-cover anwp-link-without-effects\" href=\"https:\/\/www.zunoticia.com\/noticias-de-hidalgo\/2026\/04\/29\/servicios-publicos-trabaja-de-forma-permanente-para-garantizar-limpieza-y-orden-en-huejutla\/\" aria-hidden=\"true\" ><\/a>\n\t<\/div>\n\n\t<div class=\"anwp-pg-post-teaser__content flex-grow-1 pt-1 d-flex flex-column\">\n\n\t\t<div class=\"anwp-pg-post-teaser__title anwp-font-heading mt-2\">\n\t\t\t<a class=\"anwp-link-without-effects\" href=\"https:\/\/www.zunoticia.com\/noticias-de-hidalgo\/2026\/04\/29\/servicios-publicos-trabaja-de-forma-permanente-para-garantizar-limpieza-y-orden-en-huejutla\/\" aria-hidden=\"true\" >\n\t\t\t\tServicios p\u00fablicos trabaja de forma permanente para garantizar limpieza y orden en Huejutla\t\t\t<\/a>\n\t\t<\/div>\n\n\t\t<div class=\"anwp-pg-post-teaser__bottom-meta d-flex flex-wrap\">\n\n\t\t\t\t\t\t\t<div class=\"anwp-pg-post-teaser__bottom-meta-item d-flex align-items-center mr-3\">\n\t\t\t\t\t<svg class=\"anwp-pg-icon anwp-pg-icon--s16 mr-1\">\n\t\t\t\t\t\t<use xlink:href=\"#icon-anwp-pg-calendar\"><\/use>\n\t\t\t\t\t<\/svg>\n\t\t\t\t\t<span class=\"posted-on m-0\"><span class=\"screen-reader-text\">Posted on<\/span><time class=\"anwp-pg-published\" datetime=\"2026-04-29T16:27:47-06:00\">29 abril, 2026<\/time><time class=\"anwp-pg-updated\" datetime=\"2026-04-29T16:27:49-06:00\">29 abril, 2026<\/time><\/span>\n\t\t\t\t<\/div>\n\t\t\t\t\t\t\t\t\t<div class=\"anwp-pg-post-teaser__bottom-meta-item d-flex align-items-center mr-3\">\n\t\t\t\t\t\t<svg class=\"anwp-pg-icon anwp-pg-icon--s16 mr-1\">\n\t\t\t\t\t\t\t<use xlink:href=\"#icon-anwp-pg-comment-discussion\"><\/use>\n\t\t\t\t\t\t<\/svg>\n\t\t\t\t\t\t0\t\t\t\t\t<\/div>\n\t\t\t\t\t\n\t\t\t\t\t<\/div>\n\n\t\t\t\t\t<div class=\"anwp-pg-post-teaser__excerpt mb-2\">\n\t\t\t\tPor Gabriela Hern\u00e1ndez\/Zunoticia Huejutla, Hgo.-La coordinaci\u00f3n de Servicios P\u00fablicos contin\u00faa trabajando de manera constante en la recolecci\u00f3n de basura, con el objetivo de mantener limpias las calles de la ciudad ...\t\t\t<\/div>\n\t\t\n\t\t\n\t<\/div>\n\n<\/div>\n<div class=\"anwp-pg-post-teaser anwp-pg-post-teaser--inner-cover-link anwp-pg-post-teaser--layout-d d-flex flex-column swiper-slide anwp-pg-post-teaser--has-comments-meta\">\n\t<div class=\"anwp-pg-post-teaser__thumbnail position-relative\">\n\n\t\t\n\t\t\n\t\t\t\t\t<img loading=\"lazy\" class=\"anwp-pg-post-teaser__thumbnail-img d-block anwp-pg-height-180 anwp-object-cover m-0 w-100\"\n\t\t\t\talt=\"Se aproxima megapuente por festejos del mes de mayo\"\n\t\t\t\tsrc=\"https:\/\/www.zunoticia.com\/noticias-de-hidalgo\/wp-content\/uploads\/2026\/04\/1-26-300x168.png\"\/>\n\t\t\n\t\t<div class=\"anwp-pg-post-teaser__thumbnail-bg anwp-position-cover\"><\/div>\n\n\t\t<a class=\"anwp-position-cover anwp-link-without-effects\" href=\"https:\/\/www.zunoticia.com\/noticias-de-hidalgo\/2026\/04\/29\/se-aproxima-megapuente-por-festejos-del-mes-de-mayo\/\" aria-hidden=\"true\" ><\/a>\n\t<\/div>\n\n\t<div class=\"anwp-pg-post-teaser__content flex-grow-1 pt-1 d-flex flex-column\">\n\n\t\t<div class=\"anwp-pg-post-teaser__title anwp-font-heading mt-2\">\n\t\t\t<a class=\"anwp-link-without-effects\" href=\"https:\/\/www.zunoticia.com\/noticias-de-hidalgo\/2026\/04\/29\/se-aproxima-megapuente-por-festejos-del-mes-de-mayo\/\" aria-hidden=\"true\" >\n\t\t\t\tSe aproxima megapuente por festejos del mes de mayo\t\t\t<\/a>\n\t\t<\/div>\n\n\t\t<div class=\"anwp-pg-post-teaser__bottom-meta d-flex flex-wrap\">\n\n\t\t\t\t\t\t\t<div class=\"anwp-pg-post-teaser__bottom-meta-item d-flex align-items-center mr-3\">\n\t\t\t\t\t<svg class=\"anwp-pg-icon anwp-pg-icon--s16 mr-1\">\n\t\t\t\t\t\t<use xlink:href=\"#icon-anwp-pg-calendar\"><\/use>\n\t\t\t\t\t<\/svg>\n\t\t\t\t\t<span class=\"posted-on m-0\"><span class=\"screen-reader-text\">Posted on<\/span><time class=\"anwp-pg-published\" datetime=\"2026-04-29T16:19:34-06:00\">29 abril, 2026<\/time><time class=\"anwp-pg-updated\" datetime=\"2026-04-29T16:19:36-06:00\">29 abril, 2026<\/time><\/span>\n\t\t\t\t<\/div>\n\t\t\t\t\t\t\t\t\t<div class=\"anwp-pg-post-teaser__bottom-meta-item d-flex align-items-center mr-3\">\n\t\t\t\t\t\t<svg class=\"anwp-pg-icon anwp-pg-icon--s16 mr-1\">\n\t\t\t\t\t\t\t<use xlink:href=\"#icon-anwp-pg-comment-discussion\"><\/use>\n\t\t\t\t\t\t<\/svg>\n\t\t\t\t\t\t0\t\t\t\t\t<\/div>\n\t\t\t\t\t\n\t\t\t\t\t<\/div>\n\n\t\t\t\t\t<div class=\"anwp-pg-post-teaser__excerpt mb-2\">\n\t\t\t\tPor Gabriela Hern\u00e1ndez\/Zunoticia Huejutla, Hgo.- De acuerdo con el ciclo escolar de la Secretar\u00eda de Educaci\u00f3n P\u00fablica (SEP) y la Ley Federal del Trabajo, el siguiente megapuente est\u00e1 muy pr\u00f3ximo. ...\t\t\t<\/div>\n\t\t\n\t\t\n\t<\/div>\n\n<\/div>\n<div class=\"anwp-pg-post-teaser anwp-pg-post-teaser--inner-cover-link anwp-pg-post-teaser--layout-d d-flex flex-column swiper-slide anwp-pg-post-teaser--has-comments-meta\">\n\t<div class=\"anwp-pg-post-teaser__thumbnail position-relative\">\n\n\t\t\n\t\t\n\t\t\t\t\t<img loading=\"lazy\" class=\"anwp-pg-post-teaser__thumbnail-img d-block anwp-pg-height-180 anwp-object-cover m-0 w-100\"\n\t\t\t\talt=\"Sectores del Mercado municipal sin luz despu\u00e9s del cortocircuito del lunes\"\n\t\t\t\tsrc=\"https:\/\/www.zunoticia.com\/noticias-de-hidalgo\/wp-content\/uploads\/2026\/04\/3-19-300x168.png\"\/>\n\t\t\n\t\t<div class=\"anwp-pg-post-teaser__thumbnail-bg anwp-position-cover\"><\/div>\n\n\t\t<a class=\"anwp-position-cover anwp-link-without-effects\" href=\"https:\/\/www.zunoticia.com\/noticias-de-hidalgo\/2026\/04\/29\/sectores-del-mercado-municipal-sin-luz-despues-del-cortocircuito-del-lunes\/\" aria-hidden=\"true\" ><\/a>\n\t<\/div>\n\n\t<div class=\"anwp-pg-post-teaser__content flex-grow-1 pt-1 d-flex flex-column\">\n\n\t\t<div class=\"anwp-pg-post-teaser__title anwp-font-heading mt-2\">\n\t\t\t<a class=\"anwp-link-without-effects\" href=\"https:\/\/www.zunoticia.com\/noticias-de-hidalgo\/2026\/04\/29\/sectores-del-mercado-municipal-sin-luz-despues-del-cortocircuito-del-lunes\/\" aria-hidden=\"true\" >\n\t\t\t\tSectores del Mercado municipal sin luz despu\u00e9s del cortocircuito del lunes\t\t\t<\/a>\n\t\t<\/div>\n\n\t\t<div class=\"anwp-pg-post-teaser__bottom-meta d-flex flex-wrap\">\n\n\t\t\t\t\t\t\t<div class=\"anwp-pg-post-teaser__bottom-meta-item d-flex align-items-center mr-3\">\n\t\t\t\t\t<svg class=\"anwp-pg-icon anwp-pg-icon--s16 mr-1\">\n\t\t\t\t\t\t<use xlink:href=\"#icon-anwp-pg-calendar\"><\/use>\n\t\t\t\t\t<\/svg>\n\t\t\t\t\t<span class=\"posted-on m-0\"><span class=\"screen-reader-text\">Posted on<\/span><time class=\"anwp-pg-published\" datetime=\"2026-04-29T15:49:26-06:00\">29 abril, 2026<\/time><time class=\"anwp-pg-updated\" datetime=\"2026-04-29T15:49:28-06:00\">29 abril, 2026<\/time><\/span>\n\t\t\t\t<\/div>\n\t\t\t\t\t\t\t\t\t<div class=\"anwp-pg-post-teaser__bottom-meta-item d-flex align-items-center mr-3\">\n\t\t\t\t\t\t<svg class=\"anwp-pg-icon anwp-pg-icon--s16 mr-1\">\n\t\t\t\t\t\t\t<use xlink:href=\"#icon-anwp-pg-comment-discussion\"><\/use>\n\t\t\t\t\t\t<\/svg>\n\t\t\t\t\t\t0\t\t\t\t\t<\/div>\n\t\t\t\t\t\n\t\t\t\t\t<\/div>\n\n\t\t\t\t\t<div class=\"anwp-pg-post-teaser__excerpt mb-2\">\n\t\t\t\tPor Salvador Altamirano\/Zunoticia Huejutla, Hgo.- Algunos sectores del Mercado municipal, como donde venden pan de Jaltoc\u00e1n, a tres d\u00edas del cortocircuito que se gener\u00f3 en la zona de la Plaza ...\t\t\t<\/div>\n\t\t\n\t\t\n\t<\/div>\n\n<\/div>\n<div class=\"anwp-pg-post-teaser anwp-pg-post-teaser--inner-cover-link anwp-pg-post-teaser--layout-d d-flex flex-column swiper-slide anwp-pg-post-teaser--has-comments-meta\">\n\t<div class=\"anwp-pg-post-teaser__thumbnail position-relative\">\n\n\t\t\n\t\t\n\t\t\t\t\t<img loading=\"lazy\" class=\"anwp-pg-post-teaser__thumbnail-img d-block anwp-pg-height-180 anwp-object-cover m-0 w-100\"\n\t\t\t\talt=\"UTHH presenta su oferta educativa en Telebachillerato de Macuxtepetla\"\n\t\t\t\tsrc=\"https:\/\/www.zunoticia.com\/noticias-de-hidalgo\/wp-content\/uploads\/2026\/04\/2-26-300x168.png\"\/>\n\t\t\n\t\t<div class=\"anwp-pg-post-teaser__thumbnail-bg anwp-position-cover\"><\/div>\n\n\t\t<a class=\"anwp-position-cover anwp-link-without-effects\" href=\"https:\/\/www.zunoticia.com\/noticias-de-hidalgo\/2026\/04\/29\/uthh-presenta-su-oferta-educativa-en-telebachillerato-de-macuxtepetla\/\" aria-hidden=\"true\" ><\/a>\n\t<\/div>\n\n\t<div class=\"anwp-pg-post-teaser__content flex-grow-1 pt-1 d-flex flex-column\">\n\n\t\t<div class=\"anwp-pg-post-teaser__title anwp-font-heading mt-2\">\n\t\t\t<a class=\"anwp-link-without-effects\" href=\"https:\/\/www.zunoticia.com\/noticias-de-hidalgo\/2026\/04\/29\/uthh-presenta-su-oferta-educativa-en-telebachillerato-de-macuxtepetla\/\" aria-hidden=\"true\" >\n\t\t\t\tUTHH presenta su oferta educativa en Telebachillerato de Macuxtepetla\t\t\t<\/a>\n\t\t<\/div>\n\n\t\t<div class=\"anwp-pg-post-teaser__bottom-meta d-flex flex-wrap\">\n\n\t\t\t\t\t\t\t<div class=\"anwp-pg-post-teaser__bottom-meta-item d-flex align-items-center mr-3\">\n\t\t\t\t\t<svg class=\"anwp-pg-icon anwp-pg-icon--s16 mr-1\">\n\t\t\t\t\t\t<use xlink:href=\"#icon-anwp-pg-calendar\"><\/use>\n\t\t\t\t\t<\/svg>\n\t\t\t\t\t<span class=\"posted-on m-0\"><span class=\"screen-reader-text\">Posted on<\/span><time class=\"anwp-pg-published\" datetime=\"2026-04-29T15:43:17-06:00\">29 abril, 2026<\/time><time class=\"anwp-pg-updated\" datetime=\"2026-04-29T15:43:19-06:00\">29 abril, 2026<\/time><\/span>\n\t\t\t\t<\/div>\n\t\t\t\t\t\t\t\t\t<div class=\"anwp-pg-post-teaser__bottom-meta-item d-flex align-items-center mr-3\">\n\t\t\t\t\t\t<svg class=\"anwp-pg-icon anwp-pg-icon--s16 mr-1\">\n\t\t\t\t\t\t\t<use xlink:href=\"#icon-anwp-pg-comment-discussion\"><\/use>\n\t\t\t\t\t\t<\/svg>\n\t\t\t\t\t\t0\t\t\t\t\t<\/div>\n\t\t\t\t\t\n\t\t\t\t\t<\/div>\n\n\t\t\t\t\t<div class=\"anwp-pg-post-teaser__excerpt mb-2\">\n\t\t\t\tPor Enedino Hern\u00e1ndez \/ Zunoticia Huejutla, Hgo.\u2013 Con el objetivo de acercar oportunidades de educaci\u00f3n superior a j\u00f3venes de la regi\u00f3n, personal de la Universidad Tecnol\u00f3gica de la Huasteca Hidalguense ...\t\t\t<\/div>\n\t\t\n\t\t\n\t<\/div>\n\n<\/div>\n\t\t<\/div>\n\n\t\t\t\t\t\t\t\t\t<div class=\"swiper-pagination\"><\/div>\n\t\t\t\t\t\t\t\t\t<\/div>\n<\/div>\n\t\t\t\t<\/div>\n\t\t\t\t<\/div>\n\t\t\t\t<div class=\"elementor-element elementor-element-9a1efe9 anwp-pg-widget-header-style--c elementor-hidden-widescreen elementor-hidden-desktop elementor-hidden-laptop elementor-hidden-tablet_extra elementor-hidden-tablet elementor-hidden-mobile_extra anwp-pg-post-teaser__post-icon--size-16 elementor-pagination-position-outside jltma-glass-effect-no elementor-widget elementor-widget-anwp-pg-classic-slider\" data-id=\"9a1efe9\" data-element_type=\"widget\" data-e-type=\"widget\" data-widget_type=\"anwp-pg-classic-slider.default\">\n\t\t\t\t<div class=\"elementor-widget-container\">\n\t\t\t\t\t<div class=\"anwp-pg-wrap\">\n\n\t<div class=\"anwp-pg-widget-header d-flex align-items-center position-relative\">\n\t<h4 class=\"d-flex align-items-center flex-wrap anwp-pg-widget-header__title\"> HUEJUTLA<\/h4>\t<div class=\"anwp-pg-widget-header__secondary-line\"><\/div>\n<\/div>\n\n\t<!-- Slider main container -->\n\t<div\n\t\tclass=\"anwp-pg-classic-slider anwp-pg-swiper-wrapper position-static swiper swiper-container anwp-pg-no-transform\"\n\t\tdata-pg-slides-per-view=\"3\"\n\t\tdata-pg-slides-per-view-mobile=\"1\"\n\t\tdata-pg-slides-per-view-tablet=\"2\"\n\t\tdata-pg-slides-per-group=\"1\"\n\t\tdata-pg-slides-per-group-mobile=\"1\"\n\t\tdata-pg-slides-per-group-tablet=\"1\"\n\t\tdata-pg-autoplay=\"yes\"\n\t\tdata-pg-autoplay-delay=\"5000\"\n\t\tdata-pg-space-between=\"20\"\n\t\tdata-pg-effect=\"slide\"\n\t\tdata-pg-show-read-more=\"no\"\n\t\tdata-pg-enable-observer=\"no\"\n\t\tdata-pg-loop=\"no\"\n\t\tdir=\"ltr\"\n\t>\n\t\t<!-- Additional required wrapper -->\n\t\t<div class=\"swiper-wrapper\">\n\t\t\t<!-- Slides -->\n\t\t\t<div class=\"anwp-pg-post-teaser anwp-pg-post-teaser--inner-cover-link anwp-pg-post-teaser--layout-d d-flex flex-column swiper-slide anwp-pg-post-teaser--has-comments-meta\">\n\t<div class=\"anwp-pg-post-teaser__thumbnail position-relative\">\n\n\t\t\n\t\t\n\t\t\t\t\t<img loading=\"lazy\" class=\"anwp-pg-post-teaser__thumbnail-img d-block anwp-pg-height-180 anwp-object-cover m-0 w-100\"\n\t\t\t\talt=\"Presentan Festival danc\u00edstico por D\u00eda Internacional de la Danza\"\n\t\t\t\tsrc=\"https:\/\/www.zunoticia.com\/noticias-de-hidalgo\/wp-content\/uploads\/2026\/04\/Zunoticia-Huejutla-306-300x168.png\"\/>\n\t\t\n\t\t<div class=\"anwp-pg-post-teaser__thumbnail-bg anwp-position-cover\"><\/div>\n\n\t\t<a class=\"anwp-position-cover anwp-link-without-effects\" href=\"https:\/\/www.zunoticia.com\/noticias-de-hidalgo\/2026\/04\/30\/presentan-festival-dancistico-por-dia-internacional-de-la-danza\/\" aria-hidden=\"true\" ><\/a>\n\t<\/div>\n\n\t<div class=\"anwp-pg-post-teaser__content flex-grow-1 pt-1 d-flex flex-column\">\n\n\t\t<div class=\"anwp-pg-post-teaser__title anwp-font-heading mt-2\">\n\t\t\t<a class=\"anwp-link-without-effects\" href=\"https:\/\/www.zunoticia.com\/noticias-de-hidalgo\/2026\/04\/30\/presentan-festival-dancistico-por-dia-internacional-de-la-danza\/\" aria-hidden=\"true\" >\n\t\t\t\tPresentan Festival danc\u00edstico por D\u00eda Internacional de la Danza\t\t\t<\/a>\n\t\t<\/div>\n\n\t\t<div class=\"anwp-pg-post-teaser__bottom-meta d-flex flex-wrap\">\n\n\t\t\t\t\t\t\t<div class=\"anwp-pg-post-teaser__bottom-meta-item d-flex align-items-center mr-3\">\n\t\t\t\t\t<svg class=\"anwp-pg-icon anwp-pg-icon--s16 mr-1\">\n\t\t\t\t\t\t<use xlink:href=\"#icon-anwp-pg-calendar\"><\/use>\n\t\t\t\t\t<\/svg>\n\t\t\t\t\t<span class=\"posted-on m-0\"><span class=\"screen-reader-text\">Posted on<\/span><time class=\"anwp-pg-published\" datetime=\"2026-04-30T09:40:15-06:00\">30 abril, 2026<\/time><time class=\"anwp-pg-updated\" datetime=\"2026-04-30T09:40:17-06:00\">30 abril, 2026<\/time><\/span>\n\t\t\t\t<\/div>\n\t\t\t\t\t\t\t\t\t<div class=\"anwp-pg-post-teaser__bottom-meta-item d-flex align-items-center mr-3\">\n\t\t\t\t\t\t<svg class=\"anwp-pg-icon anwp-pg-icon--s16 mr-1\">\n\t\t\t\t\t\t\t<use xlink:href=\"#icon-anwp-pg-comment-discussion\"><\/use>\n\t\t\t\t\t\t<\/svg>\n\t\t\t\t\t\t0\t\t\t\t\t<\/div>\n\t\t\t\t\t\n\t\t\t\t\t<\/div>\n\n\t\t\t\t\t<div class=\"anwp-pg-post-teaser__excerpt mb-2\">\n\t\t\t\tPor Enedino Hern\u00e1ndez \/ Zunoticia Huejutla, Hgo.- En el marco del D\u00eda Internacional de la Danza, la Comunidad Danc\u00edstica de la Huasteca Hidalguense llev\u00f3 a cabo la presentaci\u00f3n de un ...\t\t\t<\/div>\n\t\t\n\t\t\n\t<\/div>\n\n<\/div>\n<div class=\"anwp-pg-post-teaser anwp-pg-post-teaser--inner-cover-link anwp-pg-post-teaser--layout-d d-flex flex-column swiper-slide anwp-pg-post-teaser--has-comments-meta\">\n\t<div class=\"anwp-pg-post-teaser__thumbnail position-relative\">\n\n\t\t\n\t\t\n\t\t\t\t\t<img loading=\"lazy\" class=\"anwp-pg-post-teaser__thumbnail-img d-block anwp-pg-height-180 anwp-object-cover m-0 w-100\"\n\t\t\t\talt=\"BBVA, un refugio para los lomitos ante ola de calor\"\n\t\t\t\tsrc=\"https:\/\/www.zunoticia.com\/noticias-de-hidalgo\/wp-content\/uploads\/2026\/04\/Zunoticia-Huejutla-1-198-300x168.png\"\/>\n\t\t\n\t\t<div class=\"anwp-pg-post-teaser__thumbnail-bg anwp-position-cover\"><\/div>\n\n\t\t<a class=\"anwp-position-cover anwp-link-without-effects\" href=\"https:\/\/www.zunoticia.com\/noticias-de-hidalgo\/2026\/04\/29\/bbva-un-refugio-para-los-lomitos-ante-ola-de-calor\/\" aria-hidden=\"true\" ><\/a>\n\t<\/div>\n\n\t<div class=\"anwp-pg-post-teaser__content flex-grow-1 pt-1 d-flex flex-column\">\n\n\t\t<div class=\"anwp-pg-post-teaser__title anwp-font-heading mt-2\">\n\t\t\t<a class=\"anwp-link-without-effects\" href=\"https:\/\/www.zunoticia.com\/noticias-de-hidalgo\/2026\/04\/29\/bbva-un-refugio-para-los-lomitos-ante-ola-de-calor\/\" aria-hidden=\"true\" >\n\t\t\t\tBBVA, un refugio para los lomitos ante ola de calor\t\t\t<\/a>\n\t\t<\/div>\n\n\t\t<div class=\"anwp-pg-post-teaser__bottom-meta d-flex flex-wrap\">\n\n\t\t\t\t\t\t\t<div class=\"anwp-pg-post-teaser__bottom-meta-item d-flex align-items-center mr-3\">\n\t\t\t\t\t<svg class=\"anwp-pg-icon anwp-pg-icon--s16 mr-1\">\n\t\t\t\t\t\t<use xlink:href=\"#icon-anwp-pg-calendar\"><\/use>\n\t\t\t\t\t<\/svg>\n\t\t\t\t\t<span class=\"posted-on m-0\"><span class=\"screen-reader-text\">Posted on<\/span><time class=\"anwp-pg-published\" datetime=\"2026-04-29T17:20:57-06:00\">29 abril, 2026<\/time><time class=\"anwp-pg-updated\" datetime=\"2026-04-29T17:21:00-06:00\">29 abril, 2026<\/time><\/span>\n\t\t\t\t<\/div>\n\t\t\t\t\t\t\t\t\t<div class=\"anwp-pg-post-teaser__bottom-meta-item d-flex align-items-center mr-3\">\n\t\t\t\t\t\t<svg class=\"anwp-pg-icon anwp-pg-icon--s16 mr-1\">\n\t\t\t\t\t\t\t<use xlink:href=\"#icon-anwp-pg-comment-discussion\"><\/use>\n\t\t\t\t\t\t<\/svg>\n\t\t\t\t\t\t0\t\t\t\t\t<\/div>\n\t\t\t\t\t\n\t\t\t\t\t<\/div>\n\n\t\t\t\t\t<div class=\"anwp-pg-post-teaser__excerpt mb-2\">\n\t\t\t\tPor Gabriela Hern\u00e1ndez\/Zunoticia Huejutla, Hgo.- El calor no cede en Huejutla y nadie est\u00e1 exento de sufrir da\u00f1os por los rayos del sol, principalmente los &#8216;lomitos&#8217; que ahora encontraron refugio ...\t\t\t<\/div>\n\t\t\n\t\t\n\t<\/div>\n\n<\/div>\n<div class=\"anwp-pg-post-teaser anwp-pg-post-teaser--inner-cover-link anwp-pg-post-teaser--layout-d d-flex flex-column swiper-slide anwp-pg-post-teaser--has-comments-meta\">\n\t<div class=\"anwp-pg-post-teaser__thumbnail position-relative\">\n\n\t\t\n\t\t\n\t\t\t\t\t<img loading=\"lazy\" class=\"anwp-pg-post-teaser__thumbnail-img d-block anwp-pg-height-180 anwp-object-cover m-0 w-100\"\n\t\t\t\talt=\"Servicios p\u00fablicos trabaja de forma permanente para garantizar limpieza y orden en Huejutla\"\n\t\t\t\tsrc=\"https:\/\/www.zunoticia.com\/noticias-de-hidalgo\/wp-content\/uploads\/2026\/04\/2-27-300x168.png\"\/>\n\t\t\n\t\t<div class=\"anwp-pg-post-teaser__thumbnail-bg anwp-position-cover\"><\/div>\n\n\t\t<a class=\"anwp-position-cover anwp-link-without-effects\" href=\"https:\/\/www.zunoticia.com\/noticias-de-hidalgo\/2026\/04\/29\/servicios-publicos-trabaja-de-forma-permanente-para-garantizar-limpieza-y-orden-en-huejutla\/\" aria-hidden=\"true\" ><\/a>\n\t<\/div>\n\n\t<div class=\"anwp-pg-post-teaser__content flex-grow-1 pt-1 d-flex flex-column\">\n\n\t\t<div class=\"anwp-pg-post-teaser__title anwp-font-heading mt-2\">\n\t\t\t<a class=\"anwp-link-without-effects\" href=\"https:\/\/www.zunoticia.com\/noticias-de-hidalgo\/2026\/04\/29\/servicios-publicos-trabaja-de-forma-permanente-para-garantizar-limpieza-y-orden-en-huejutla\/\" aria-hidden=\"true\" >\n\t\t\t\tServicios p\u00fablicos trabaja de forma permanente para garantizar limpieza y orden en Huejutla\t\t\t<\/a>\n\t\t<\/div>\n\n\t\t<div class=\"anwp-pg-post-teaser__bottom-meta d-flex flex-wrap\">\n\n\t\t\t\t\t\t\t<div class=\"anwp-pg-post-teaser__bottom-meta-item d-flex align-items-center mr-3\">\n\t\t\t\t\t<svg class=\"anwp-pg-icon anwp-pg-icon--s16 mr-1\">\n\t\t\t\t\t\t<use xlink:href=\"#icon-anwp-pg-calendar\"><\/use>\n\t\t\t\t\t<\/svg>\n\t\t\t\t\t<span class=\"posted-on m-0\"><span class=\"screen-reader-text\">Posted on<\/span><time class=\"anwp-pg-published\" datetime=\"2026-04-29T16:27:47-06:00\">29 abril, 2026<\/time><time class=\"anwp-pg-updated\" datetime=\"2026-04-29T16:27:49-06:00\">29 abril, 2026<\/time><\/span>\n\t\t\t\t<\/div>\n\t\t\t\t\t\t\t\t\t<div class=\"anwp-pg-post-teaser__bottom-meta-item d-flex align-items-center mr-3\">\n\t\t\t\t\t\t<svg class=\"anwp-pg-icon anwp-pg-icon--s16 mr-1\">\n\t\t\t\t\t\t\t<use xlink:href=\"#icon-anwp-pg-comment-discussion\"><\/use>\n\t\t\t\t\t\t<\/svg>\n\t\t\t\t\t\t0\t\t\t\t\t<\/div>\n\t\t\t\t\t\n\t\t\t\t\t<\/div>\n\n\t\t\t\t\t<div class=\"anwp-pg-post-teaser__excerpt mb-2\">\n\t\t\t\tPor Gabriela Hern\u00e1ndez\/Zunoticia Huejutla, Hgo.-La coordinaci\u00f3n de Servicios P\u00fablicos contin\u00faa trabajando de manera constante en la recolecci\u00f3n de basura, con el objetivo de mantener limpias las calles de la ciudad ...\t\t\t<\/div>\n\t\t\n\t\t\n\t<\/div>\n\n<\/div>\n<div class=\"anwp-pg-post-teaser anwp-pg-post-teaser--inner-cover-link anwp-pg-post-teaser--layout-d d-flex flex-column swiper-slide anwp-pg-post-teaser--has-comments-meta\">\n\t<div class=\"anwp-pg-post-teaser__thumbnail position-relative\">\n\n\t\t\n\t\t\n\t\t\t\t\t<img loading=\"lazy\" class=\"anwp-pg-post-teaser__thumbnail-img d-block anwp-pg-height-180 anwp-object-cover m-0 w-100\"\n\t\t\t\talt=\"Se aproxima megapuente por festejos del mes de mayo\"\n\t\t\t\tsrc=\"https:\/\/www.zunoticia.com\/noticias-de-hidalgo\/wp-content\/uploads\/2026\/04\/1-26-300x168.png\"\/>\n\t\t\n\t\t<div class=\"anwp-pg-post-teaser__thumbnail-bg anwp-position-cover\"><\/div>\n\n\t\t<a class=\"anwp-position-cover anwp-link-without-effects\" href=\"https:\/\/www.zunoticia.com\/noticias-de-hidalgo\/2026\/04\/29\/se-aproxima-megapuente-por-festejos-del-mes-de-mayo\/\" aria-hidden=\"true\" ><\/a>\n\t<\/div>\n\n\t<div class=\"anwp-pg-post-teaser__content flex-grow-1 pt-1 d-flex flex-column\">\n\n\t\t<div class=\"anwp-pg-post-teaser__title anwp-font-heading mt-2\">\n\t\t\t<a class=\"anwp-link-without-effects\" href=\"https:\/\/www.zunoticia.com\/noticias-de-hidalgo\/2026\/04\/29\/se-aproxima-megapuente-por-festejos-del-mes-de-mayo\/\" aria-hidden=\"true\" >\n\t\t\t\tSe aproxima megapuente por festejos del mes de mayo\t\t\t<\/a>\n\t\t<\/div>\n\n\t\t<div class=\"anwp-pg-post-teaser__bottom-meta d-flex flex-wrap\">\n\n\t\t\t\t\t\t\t<div class=\"anwp-pg-post-teaser__bottom-meta-item d-flex align-items-center mr-3\">\n\t\t\t\t\t<svg class=\"anwp-pg-icon anwp-pg-icon--s16 mr-1\">\n\t\t\t\t\t\t<use xlink:href=\"#icon-anwp-pg-calendar\"><\/use>\n\t\t\t\t\t<\/svg>\n\t\t\t\t\t<span class=\"posted-on m-0\"><span class=\"screen-reader-text\">Posted on<\/span><time class=\"anwp-pg-published\" datetime=\"2026-04-29T16:19:34-06:00\">29 abril, 2026<\/time><time class=\"anwp-pg-updated\" datetime=\"2026-04-29T16:19:36-06:00\">29 abril, 2026<\/time><\/span>\n\t\t\t\t<\/div>\n\t\t\t\t\t\t\t\t\t<div class=\"anwp-pg-post-teaser__bottom-meta-item d-flex align-items-center mr-3\">\n\t\t\t\t\t\t<svg class=\"anwp-pg-icon anwp-pg-icon--s16 mr-1\">\n\t\t\t\t\t\t\t<use xlink:href=\"#icon-anwp-pg-comment-discussion\"><\/use>\n\t\t\t\t\t\t<\/svg>\n\t\t\t\t\t\t0\t\t\t\t\t<\/div>\n\t\t\t\t\t\n\t\t\t\t\t<\/div>\n\n\t\t\t\t\t<div class=\"anwp-pg-post-teaser__excerpt mb-2\">\n\t\t\t\tPor Gabriela Hern\u00e1ndez\/Zunoticia Huejutla, Hgo.- De acuerdo con el ciclo escolar de la Secretar\u00eda de Educaci\u00f3n P\u00fablica (SEP) y la Ley Federal del Trabajo, el siguiente megapuente est\u00e1 muy pr\u00f3ximo. ...\t\t\t<\/div>\n\t\t\n\t\t\n\t<\/div>\n\n<\/div>\n<div class=\"anwp-pg-post-teaser anwp-pg-post-teaser--inner-cover-link anwp-pg-post-teaser--layout-d d-flex flex-column swiper-slide anwp-pg-post-teaser--has-comments-meta\">\n\t<div class=\"anwp-pg-post-teaser__thumbnail position-relative\">\n\n\t\t\n\t\t\n\t\t\t\t\t<img loading=\"lazy\" class=\"anwp-pg-post-teaser__thumbnail-img d-block anwp-pg-height-180 anwp-object-cover m-0 w-100\"\n\t\t\t\talt=\"Sectores del Mercado municipal sin luz despu\u00e9s del cortocircuito del lunes\"\n\t\t\t\tsrc=\"https:\/\/www.zunoticia.com\/noticias-de-hidalgo\/wp-content\/uploads\/2026\/04\/3-19-300x168.png\"\/>\n\t\t\n\t\t<div class=\"anwp-pg-post-teaser__thumbnail-bg anwp-position-cover\"><\/div>\n\n\t\t<a class=\"anwp-position-cover anwp-link-without-effects\" href=\"https:\/\/www.zunoticia.com\/noticias-de-hidalgo\/2026\/04\/29\/sectores-del-mercado-municipal-sin-luz-despues-del-cortocircuito-del-lunes\/\" aria-hidden=\"true\" ><\/a>\n\t<\/div>\n\n\t<div class=\"anwp-pg-post-teaser__content flex-grow-1 pt-1 d-flex flex-column\">\n\n\t\t<div class=\"anwp-pg-post-teaser__title anwp-font-heading mt-2\">\n\t\t\t<a class=\"anwp-link-without-effects\" href=\"https:\/\/www.zunoticia.com\/noticias-de-hidalgo\/2026\/04\/29\/sectores-del-mercado-municipal-sin-luz-despues-del-cortocircuito-del-lunes\/\" aria-hidden=\"true\" >\n\t\t\t\tSectores del Mercado municipal sin luz despu\u00e9s del cortocircuito del lunes\t\t\t<\/a>\n\t\t<\/div>\n\n\t\t<div class=\"anwp-pg-post-teaser__bottom-meta d-flex flex-wrap\">\n\n\t\t\t\t\t\t\t<div class=\"anwp-pg-post-teaser__bottom-meta-item d-flex align-items-center mr-3\">\n\t\t\t\t\t<svg class=\"anwp-pg-icon anwp-pg-icon--s16 mr-1\">\n\t\t\t\t\t\t<use xlink:href=\"#icon-anwp-pg-calendar\"><\/use>\n\t\t\t\t\t<\/svg>\n\t\t\t\t\t<span class=\"posted-on m-0\"><span class=\"screen-reader-text\">Posted on<\/span><time class=\"anwp-pg-published\" datetime=\"2026-04-29T15:49:26-06:00\">29 abril, 2026<\/time><time class=\"anwp-pg-updated\" datetime=\"2026-04-29T15:49:28-06:00\">29 abril, 2026<\/time><\/span>\n\t\t\t\t<\/div>\n\t\t\t\t\t\t\t\t\t<div class=\"anwp-pg-post-teaser__bottom-meta-item d-flex align-items-center mr-3\">\n\t\t\t\t\t\t<svg class=\"anwp-pg-icon anwp-pg-icon--s16 mr-1\">\n\t\t\t\t\t\t\t<use xlink:href=\"#icon-anwp-pg-comment-discussion\"><\/use>\n\t\t\t\t\t\t<\/svg>\n\t\t\t\t\t\t0\t\t\t\t\t<\/div>\n\t\t\t\t\t\n\t\t\t\t\t<\/div>\n\n\t\t\t\t\t<div class=\"anwp-pg-post-teaser__excerpt mb-2\">\n\t\t\t\tPor Salvador Altamirano\/Zunoticia Huejutla, Hgo.- Algunos sectores del Mercado municipal, como donde venden pan de Jaltoc\u00e1n, a tres d\u00edas del cortocircuito que se gener\u00f3 en la zona de la Plaza ...\t\t\t<\/div>\n\t\t\n\t\t\n\t<\/div>\n\n<\/div>\n<div class=\"anwp-pg-post-teaser anwp-pg-post-teaser--inner-cover-link anwp-pg-post-teaser--layout-d d-flex flex-column swiper-slide anwp-pg-post-teaser--has-comments-meta\">\n\t<div class=\"anwp-pg-post-teaser__thumbnail position-relative\">\n\n\t\t\n\t\t\n\t\t\t\t\t<img loading=\"lazy\" class=\"anwp-pg-post-teaser__thumbnail-img d-block anwp-pg-height-180 anwp-object-cover m-0 w-100\"\n\t\t\t\talt=\"UTHH presenta su oferta educativa en Telebachillerato de Macuxtepetla\"\n\t\t\t\tsrc=\"https:\/\/www.zunoticia.com\/noticias-de-hidalgo\/wp-content\/uploads\/2026\/04\/2-26-300x168.png\"\/>\n\t\t\n\t\t<div class=\"anwp-pg-post-teaser__thumbnail-bg anwp-position-cover\"><\/div>\n\n\t\t<a class=\"anwp-position-cover anwp-link-without-effects\" href=\"https:\/\/www.zunoticia.com\/noticias-de-hidalgo\/2026\/04\/29\/uthh-presenta-su-oferta-educativa-en-telebachillerato-de-macuxtepetla\/\" aria-hidden=\"true\" ><\/a>\n\t<\/div>\n\n\t<div class=\"anwp-pg-post-teaser__content flex-grow-1 pt-1 d-flex flex-column\">\n\n\t\t<div class=\"anwp-pg-post-teaser__title anwp-font-heading mt-2\">\n\t\t\t<a class=\"anwp-link-without-effects\" href=\"https:\/\/www.zunoticia.com\/noticias-de-hidalgo\/2026\/04\/29\/uthh-presenta-su-oferta-educativa-en-telebachillerato-de-macuxtepetla\/\" aria-hidden=\"true\" >\n\t\t\t\tUTHH presenta su oferta educativa en Telebachillerato de Macuxtepetla\t\t\t<\/a>\n\t\t<\/div>\n\n\t\t<div class=\"anwp-pg-post-teaser__bottom-meta d-flex flex-wrap\">\n\n\t\t\t\t\t\t\t<div class=\"anwp-pg-post-teaser__bottom-meta-item d-flex align-items-center mr-3\">\n\t\t\t\t\t<svg class=\"anwp-pg-icon anwp-pg-icon--s16 mr-1\">\n\t\t\t\t\t\t<use xlink:href=\"#icon-anwp-pg-calendar\"><\/use>\n\t\t\t\t\t<\/svg>\n\t\t\t\t\t<span class=\"posted-on m-0\"><span class=\"screen-reader-text\">Posted on<\/span><time class=\"anwp-pg-published\" datetime=\"2026-04-29T15:43:17-06:00\">29 abril, 2026<\/time><time class=\"anwp-pg-updated\" datetime=\"2026-04-29T15:43:19-06:00\">29 abril, 2026<\/time><\/span>\n\t\t\t\t<\/div>\n\t\t\t\t\t\t\t\t\t<div class=\"anwp-pg-post-teaser__bottom-meta-item d-flex align-items-center mr-3\">\n\t\t\t\t\t\t<svg class=\"anwp-pg-icon anwp-pg-icon--s16 mr-1\">\n\t\t\t\t\t\t\t<use xlink:href=\"#icon-anwp-pg-comment-discussion\"><\/use>\n\t\t\t\t\t\t<\/svg>\n\t\t\t\t\t\t0\t\t\t\t\t<\/div>\n\t\t\t\t\t\n\t\t\t\t\t<\/div>\n\n\t\t\t\t\t<div class=\"anwp-pg-post-teaser__excerpt mb-2\">\n\t\t\t\tPor Enedino Hern\u00e1ndez \/ Zunoticia Huejutla, Hgo.\u2013 Con el objetivo de acercar oportunidades de educaci\u00f3n superior a j\u00f3venes de la regi\u00f3n, personal de la Universidad Tecnol\u00f3gica de la Huasteca Hidalguense ...\t\t\t<\/div>\n\t\t\n\t\t\n\t<\/div>\n\n<\/div>\n\t\t<\/div>\n\n\t\t\t\t\t\t\t\t\t<div class=\"swiper-pagination\"><\/div>\n\t\t\t\t\t\t\t\t\t<\/div>\n<\/div>\n\t\t\t\t<\/div>\n\t\t\t\t<\/div>\n\t\t\t\t<div class=\"elementor-element elementor-element-4f14b02 elementor-hidden-mobile jltma-glass-effect-no elementor-widget elementor-widget-heading\" data-id=\"4f14b02\" data-element_type=\"widget\" data-e-type=\"widget\" data-widget_type=\"heading.default\">\n\t\t\t\t<div class=\"elementor-widget-container\">\n\t\t\t\t\t<h4 class=\"elementor-heading-title elementor-size-default\">ESTADO<\/h4>\t\t\t\t<\/div>\n\t\t\t\t<\/div>\n\t\t\t\t<div class=\"elementor-element elementor-element-e3151a4 anwp-pg-widget-header-style--c elementor-hidden-mobile anwp-pg-post-teaser__post-icon--size-16 elementor-pagination-position-outside jltma-glass-effect-no elementor-widget elementor-widget-anwp-pg-classic-slider\" data-id=\"e3151a4\" data-element_type=\"widget\" data-e-type=\"widget\" data-widget_type=\"anwp-pg-classic-slider.default\">\n\t\t\t\t<div class=\"elementor-widget-container\">\n\t\t\t\t\t<div class=\"anwp-pg-wrap\">\n\n\t\n\t<!-- Slider main container -->\n\t<div\n\t\tclass=\"anwp-pg-classic-slider anwp-pg-swiper-wrapper position-static swiper swiper-container anwp-pg-no-transform\"\n\t\tdata-pg-slides-per-view=\"3\"\n\t\tdata-pg-slides-per-view-mobile=\"1\"\n\t\tdata-pg-slides-per-view-tablet=\"2\"\n\t\tdata-pg-slides-per-group=\"1\"\n\t\tdata-pg-slides-per-group-mobile=\"1\"\n\t\tdata-pg-slides-per-group-tablet=\"1\"\n\t\tdata-pg-autoplay=\"yes\"\n\t\tdata-pg-autoplay-delay=\"5000\"\n\t\tdata-pg-space-between=\"20\"\n\t\tdata-pg-effect=\"slide\"\n\t\tdata-pg-show-read-more=\"no\"\n\t\tdata-pg-enable-observer=\"no\"\n\t\tdata-pg-loop=\"no\"\n\t\tdir=\"ltr\"\n\t>\n\t\t<!-- Additional required wrapper -->\n\t\t<div class=\"swiper-wrapper\">\n\t\t\t<!-- Slides -->\n\t\t\t<div class=\"anwp-pg-post-teaser anwp-pg-post-teaser--inner-cover-link anwp-pg-post-teaser--layout-d d-flex flex-column swiper-slide anwp-pg-post-teaser--has-comments-meta\">\n\t<div class=\"anwp-pg-post-teaser__thumbnail position-relative\">\n\n\t\t\n\t\t\n\t\t\t\t\t<img loading=\"lazy\" class=\"anwp-pg-post-teaser__thumbnail-img d-block anwp-pg-height-180 anwp-object-cover m-0 w-100\"\n\t\t\t\talt=\"CEDSPI entreg\u00f3 m\u00e1s de mil metros de alcantarillado sanitario en Metepec\"\n\t\t\t\tsrc=\"https:\/\/www.zunoticia.com\/noticias-de-hidalgo\/wp-content\/uploads\/2026\/04\/Zunoticia-Huejutla-303-300x168.png\"\/>\n\t\t\n\t\t<div class=\"anwp-pg-post-teaser__thumbnail-bg anwp-position-cover\"><\/div>\n\n\t\t<a class=\"anwp-position-cover anwp-link-without-effects\" href=\"https:\/\/www.zunoticia.com\/noticias-de-hidalgo\/2026\/04\/29\/cedspi-entrego-mas-de-mil-metros-de-alcantarillado-sanitario-en-metepec\/\" aria-hidden=\"true\" ><\/a>\n\t<\/div>\n\n\t<div class=\"anwp-pg-post-teaser__content flex-grow-1 pt-1 d-flex flex-column\">\n\n\t\t<div class=\"anwp-pg-post-teaser__title anwp-font-heading mt-2\">\n\t\t\t<a class=\"anwp-link-without-effects\" href=\"https:\/\/www.zunoticia.com\/noticias-de-hidalgo\/2026\/04\/29\/cedspi-entrego-mas-de-mil-metros-de-alcantarillado-sanitario-en-metepec\/\" aria-hidden=\"true\" >\n\t\t\t\tCEDSPI entreg\u00f3 m\u00e1s de mil metros de alcantarillado sanitario en Metepec\t\t\t<\/a>\n\t\t<\/div>\n\n\t\t<div class=\"anwp-pg-post-teaser__bottom-meta d-flex flex-wrap\">\n\n\t\t\t\t\t\t\t<div class=\"anwp-pg-post-teaser__bottom-meta-item d-flex align-items-center mr-3\">\n\t\t\t\t\t<svg class=\"anwp-pg-icon anwp-pg-icon--s16 mr-1\">\n\t\t\t\t\t\t<use xlink:href=\"#icon-anwp-pg-calendar\"><\/use>\n\t\t\t\t\t<\/svg>\n\t\t\t\t\t<span class=\"posted-on m-0\"><span class=\"screen-reader-text\">Posted on<\/span><time class=\"anwp-pg-published\" datetime=\"2026-04-29T16:59:32-06:00\">29 abril, 2026<\/time><time class=\"anwp-pg-updated\" datetime=\"2026-04-29T16:59:33-06:00\">29 abril, 2026<\/time><\/span>\n\t\t\t\t<\/div>\n\t\t\t\t\t\t\t\t\t<div class=\"anwp-pg-post-teaser__bottom-meta-item d-flex align-items-center mr-3\">\n\t\t\t\t\t\t<svg class=\"anwp-pg-icon anwp-pg-icon--s16 mr-1\">\n\t\t\t\t\t\t\t<use xlink:href=\"#icon-anwp-pg-comment-discussion\"><\/use>\n\t\t\t\t\t\t<\/svg>\n\t\t\t\t\t\t0\t\t\t\t\t<\/div>\n\t\t\t\t\t\n\t\t\t\t\t<\/div>\n\n\t\t\t\t\t<div class=\"anwp-pg-post-teaser__excerpt mb-2\">\n\t\t\t\tPor Redacci\u00f3n\/Zunoticia Pachuca de Soto, Hgo.- Con la finalidad de mejorar las condiciones de vida de la poblaci\u00f3n vulnerable, y como parte de la justicia social que gu\u00eda al gobierno ...\t\t\t<\/div>\n\t\t\n\t\t\n\t<\/div>\n\n<\/div>\n<div class=\"anwp-pg-post-teaser anwp-pg-post-teaser--inner-cover-link anwp-pg-post-teaser--layout-d d-flex flex-column swiper-slide anwp-pg-post-teaser--has-comments-meta\">\n\t<div class=\"anwp-pg-post-teaser__thumbnail position-relative\">\n\n\t\t\n\t\t\n\t\t\t\t\t<img loading=\"lazy\" class=\"anwp-pg-post-teaser__thumbnail-img d-block anwp-pg-height-180 anwp-object-cover m-0 w-100\"\n\t\t\t\talt=\"\u00daltimo d\u00eda para registro al Pabell\u00f3n Artesanal de la Feria de San Francisco 2026\"\n\t\t\t\tsrc=\"https:\/\/www.zunoticia.com\/noticias-de-hidalgo\/wp-content\/uploads\/2026\/04\/Zunoticia-Huejutla-302-300x168.png\"\/>\n\t\t\n\t\t<div class=\"anwp-pg-post-teaser__thumbnail-bg anwp-position-cover\"><\/div>\n\n\t\t<a class=\"anwp-position-cover anwp-link-without-effects\" href=\"https:\/\/www.zunoticia.com\/noticias-de-hidalgo\/2026\/04\/29\/ultimo-dia-para-registro-al-pabellon-artesanal-de-la-feria-de-san-francisco-2026\/\" aria-hidden=\"true\" ><\/a>\n\t<\/div>\n\n\t<div class=\"anwp-pg-post-teaser__content flex-grow-1 pt-1 d-flex flex-column\">\n\n\t\t<div class=\"anwp-pg-post-teaser__title anwp-font-heading mt-2\">\n\t\t\t<a class=\"anwp-link-without-effects\" href=\"https:\/\/www.zunoticia.com\/noticias-de-hidalgo\/2026\/04\/29\/ultimo-dia-para-registro-al-pabellon-artesanal-de-la-feria-de-san-francisco-2026\/\" aria-hidden=\"true\" >\n\t\t\t\t\u00daltimo d\u00eda para registro al Pabell\u00f3n Artesanal de la Feria de San Francisco 2026\t\t\t<\/a>\n\t\t<\/div>\n\n\t\t<div class=\"anwp-pg-post-teaser__bottom-meta d-flex flex-wrap\">\n\n\t\t\t\t\t\t\t<div class=\"anwp-pg-post-teaser__bottom-meta-item d-flex align-items-center mr-3\">\n\t\t\t\t\t<svg class=\"anwp-pg-icon anwp-pg-icon--s16 mr-1\">\n\t\t\t\t\t\t<use xlink:href=\"#icon-anwp-pg-calendar\"><\/use>\n\t\t\t\t\t<\/svg>\n\t\t\t\t\t<span class=\"posted-on m-0\"><span class=\"screen-reader-text\">Posted on<\/span><time class=\"anwp-pg-published\" datetime=\"2026-04-29T16:54:36-06:00\">29 abril, 2026<\/time><time class=\"anwp-pg-updated\" datetime=\"2026-04-29T16:54:37-06:00\">29 abril, 2026<\/time><\/span>\n\t\t\t\t<\/div>\n\t\t\t\t\t\t\t\t\t<div class=\"anwp-pg-post-teaser__bottom-meta-item d-flex align-items-center mr-3\">\n\t\t\t\t\t\t<svg class=\"anwp-pg-icon anwp-pg-icon--s16 mr-1\">\n\t\t\t\t\t\t\t<use xlink:href=\"#icon-anwp-pg-comment-discussion\"><\/use>\n\t\t\t\t\t\t<\/svg>\n\t\t\t\t\t\t0\t\t\t\t\t<\/div>\n\t\t\t\t\t\n\t\t\t\t\t<\/div>\n\n\t\t\t\t\t<div class=\"anwp-pg-post-teaser__excerpt mb-2\">\n\t\t\t\tPor Redacci\u00f3n\/Zunoticia Pachuca de Soto, Hgo.- Este jueves 30 de abril la Secretar\u00eda de Bienestar e Inclusi\u00f3n Social (Sebiso) cerrar\u00e1 el registro para participar en el Pabell\u00f3n Artesanal y Gastron\u00f3mico ...\t\t\t<\/div>\n\t\t\n\t\t\n\t<\/div>\n\n<\/div>\n<div class=\"anwp-pg-post-teaser anwp-pg-post-teaser--inner-cover-link anwp-pg-post-teaser--layout-d d-flex flex-column swiper-slide anwp-pg-post-teaser--has-comments-meta\">\n\t<div class=\"anwp-pg-post-teaser__thumbnail position-relative\">\n\n\t\t\n\t\t\n\t\t\t\t\t<img loading=\"lazy\" class=\"anwp-pg-post-teaser__thumbnail-img d-block anwp-pg-height-180 anwp-object-cover m-0 w-100\"\n\t\t\t\talt=\"Hidalgo lidera el crecimiento de la actividad econ\u00f3mica en 2025\"\n\t\t\t\tsrc=\"https:\/\/www.zunoticia.com\/noticias-de-hidalgo\/wp-content\/uploads\/2026\/04\/14-3-300x168.png\"\/>\n\t\t\n\t\t<div class=\"anwp-pg-post-teaser__thumbnail-bg anwp-position-cover\"><\/div>\n\n\t\t<a class=\"anwp-position-cover anwp-link-without-effects\" href=\"https:\/\/www.zunoticia.com\/noticias-de-hidalgo\/2026\/04\/29\/hidalgo-lidera-el-crecimiento-de-la-actividad-economica-en-2025\/\" aria-hidden=\"true\" ><\/a>\n\t<\/div>\n\n\t<div class=\"anwp-pg-post-teaser__content flex-grow-1 pt-1 d-flex flex-column\">\n\n\t\t<div class=\"anwp-pg-post-teaser__title anwp-font-heading mt-2\">\n\t\t\t<a class=\"anwp-link-without-effects\" href=\"https:\/\/www.zunoticia.com\/noticias-de-hidalgo\/2026\/04\/29\/hidalgo-lidera-el-crecimiento-de-la-actividad-economica-en-2025\/\" aria-hidden=\"true\" >\n\t\t\t\tHidalgo lidera el crecimiento de la actividad econ\u00f3mica en 2025\t\t\t<\/a>\n\t\t<\/div>\n\n\t\t<div class=\"anwp-pg-post-teaser__bottom-meta d-flex flex-wrap\">\n\n\t\t\t\t\t\t\t<div class=\"anwp-pg-post-teaser__bottom-meta-item d-flex align-items-center mr-3\">\n\t\t\t\t\t<svg class=\"anwp-pg-icon anwp-pg-icon--s16 mr-1\">\n\t\t\t\t\t\t<use xlink:href=\"#icon-anwp-pg-calendar\"><\/use>\n\t\t\t\t\t<\/svg>\n\t\t\t\t\t<span class=\"posted-on m-0\"><span class=\"screen-reader-text\">Posted on<\/span><time class=\"anwp-pg-published\" datetime=\"2026-04-29T16:49:07-06:00\">29 abril, 2026<\/time><time class=\"anwp-pg-updated\" datetime=\"2026-04-29T16:49:09-06:00\">29 abril, 2026<\/time><\/span>\n\t\t\t\t<\/div>\n\t\t\t\t\t\t\t\t\t<div class=\"anwp-pg-post-teaser__bottom-meta-item d-flex align-items-center mr-3\">\n\t\t\t\t\t\t<svg class=\"anwp-pg-icon anwp-pg-icon--s16 mr-1\">\n\t\t\t\t\t\t\t<use xlink:href=\"#icon-anwp-pg-comment-discussion\"><\/use>\n\t\t\t\t\t\t<\/svg>\n\t\t\t\t\t\t0\t\t\t\t\t<\/div>\n\t\t\t\t\t\n\t\t\t\t\t<\/div>\n\n\t\t\t\t\t<div class=\"anwp-pg-post-teaser__excerpt mb-2\">\n\t\t\t\tPor Redacci\u00f3n\/Zunoticia Pachuca de Soto, Hgo.- Los resultados de la pol\u00edtica econ\u00f3mica implementada por el gobierno de Julio Menchaca Salazar han colocado a Hidalgo en la cima del desarrollo nacional.&nbsp; ...\t\t\t<\/div>\n\t\t\n\t\t\n\t<\/div>\n\n<\/div>\n<div class=\"anwp-pg-post-teaser anwp-pg-post-teaser--inner-cover-link anwp-pg-post-teaser--layout-d d-flex flex-column swiper-slide anwp-pg-post-teaser--has-comments-meta\">\n\t<div class=\"anwp-pg-post-teaser__thumbnail position-relative\">\n\n\t\t\n\t\t\n\t\t\t\t\t<img loading=\"lazy\" class=\"anwp-pg-post-teaser__thumbnail-img d-block anwp-pg-height-180 anwp-object-cover m-0 w-100\"\n\t\t\t\talt=\"Impulsan educaci\u00f3n en Tula con 6.4 MDP en obras y equipamiento\"\n\t\t\t\tsrc=\"https:\/\/www.zunoticia.com\/noticias-de-hidalgo\/wp-content\/uploads\/2026\/04\/12-3-300x168.png\"\/>\n\t\t\n\t\t<div class=\"anwp-pg-post-teaser__thumbnail-bg anwp-position-cover\"><\/div>\n\n\t\t<a class=\"anwp-position-cover anwp-link-without-effects\" href=\"https:\/\/www.zunoticia.com\/noticias-de-hidalgo\/2026\/04\/29\/impulsan-educacion-en-tula-con-6-4-mdp-en-obras-y-equipamiento\/\" aria-hidden=\"true\" ><\/a>\n\t<\/div>\n\n\t<div class=\"anwp-pg-post-teaser__content flex-grow-1 pt-1 d-flex flex-column\">\n\n\t\t<div class=\"anwp-pg-post-teaser__title anwp-font-heading mt-2\">\n\t\t\t<a class=\"anwp-link-without-effects\" href=\"https:\/\/www.zunoticia.com\/noticias-de-hidalgo\/2026\/04\/29\/impulsan-educacion-en-tula-con-6-4-mdp-en-obras-y-equipamiento\/\" aria-hidden=\"true\" >\n\t\t\t\tImpulsan educaci\u00f3n en Tula con 6.4 MDP en obras y equipamiento\t\t\t<\/a>\n\t\t<\/div>\n\n\t\t<div class=\"anwp-pg-post-teaser__bottom-meta d-flex flex-wrap\">\n\n\t\t\t\t\t\t\t<div class=\"anwp-pg-post-teaser__bottom-meta-item d-flex align-items-center mr-3\">\n\t\t\t\t\t<svg class=\"anwp-pg-icon anwp-pg-icon--s16 mr-1\">\n\t\t\t\t\t\t<use xlink:href=\"#icon-anwp-pg-calendar\"><\/use>\n\t\t\t\t\t<\/svg>\n\t\t\t\t\t<span class=\"posted-on m-0\"><span class=\"screen-reader-text\">Posted on<\/span><time class=\"anwp-pg-published\" datetime=\"2026-04-29T16:39:35-06:00\">29 abril, 2026<\/time><time class=\"anwp-pg-updated\" datetime=\"2026-04-29T16:39:37-06:00\">29 abril, 2026<\/time><\/span>\n\t\t\t\t<\/div>\n\t\t\t\t\t\t\t\t\t<div class=\"anwp-pg-post-teaser__bottom-meta-item d-flex align-items-center mr-3\">\n\t\t\t\t\t\t<svg class=\"anwp-pg-icon anwp-pg-icon--s16 mr-1\">\n\t\t\t\t\t\t\t<use xlink:href=\"#icon-anwp-pg-comment-discussion\"><\/use>\n\t\t\t\t\t\t<\/svg>\n\t\t\t\t\t\t0\t\t\t\t\t<\/div>\n\t\t\t\t\t\n\t\t\t\t\t<\/div>\n\n\t\t\t\t\t<div class=\"anwp-pg-post-teaser__excerpt mb-2\">\n\t\t\t\tPor Redacci\u00f3n\/Zunoticia Pachuca de Soto, Hgo.- Como parte del compromiso del gobernador Julio Menchaca Salazar de garantizar espacios dignos y herramientas de calidad para la comunidad educativa, el secretario de ...\t\t\t<\/div>\n\t\t\n\t\t\n\t<\/div>\n\n<\/div>\n<div class=\"anwp-pg-post-teaser anwp-pg-post-teaser--inner-cover-link anwp-pg-post-teaser--layout-d d-flex flex-column swiper-slide anwp-pg-post-teaser--has-comments-meta\">\n\t<div class=\"anwp-pg-post-teaser__thumbnail position-relative\">\n\n\t\t\n\t\t\n\t\t\t\t\t<img loading=\"lazy\" class=\"anwp-pg-post-teaser__thumbnail-img d-block anwp-pg-height-180 anwp-object-cover m-0 w-100\"\n\t\t\t\talt=\"Cuenta P\u00fablica 2025 confirma transformaci\u00f3n financiera en Hidalgo\"\n\t\t\t\tsrc=\"https:\/\/www.zunoticia.com\/noticias-de-hidalgo\/wp-content\/uploads\/2026\/04\/10-4-300x168.png\"\/>\n\t\t\n\t\t<div class=\"anwp-pg-post-teaser__thumbnail-bg anwp-position-cover\"><\/div>\n\n\t\t<a class=\"anwp-position-cover anwp-link-without-effects\" href=\"https:\/\/www.zunoticia.com\/noticias-de-hidalgo\/2026\/04\/29\/cuenta-publica-2025-confirma-transformacion-financiera-en-hidalgo\/\" aria-hidden=\"true\" ><\/a>\n\t<\/div>\n\n\t<div class=\"anwp-pg-post-teaser__content flex-grow-1 pt-1 d-flex flex-column\">\n\n\t\t<div class=\"anwp-pg-post-teaser__title anwp-font-heading mt-2\">\n\t\t\t<a class=\"anwp-link-without-effects\" href=\"https:\/\/www.zunoticia.com\/noticias-de-hidalgo\/2026\/04\/29\/cuenta-publica-2025-confirma-transformacion-financiera-en-hidalgo\/\" aria-hidden=\"true\" >\n\t\t\t\tCuenta P\u00fablica 2025 confirma transformaci\u00f3n financiera en Hidalgo\t\t\t<\/a>\n\t\t<\/div>\n\n\t\t<div class=\"anwp-pg-post-teaser__bottom-meta d-flex flex-wrap\">\n\n\t\t\t\t\t\t\t<div class=\"anwp-pg-post-teaser__bottom-meta-item d-flex align-items-center mr-3\">\n\t\t\t\t\t<svg class=\"anwp-pg-icon anwp-pg-icon--s16 mr-1\">\n\t\t\t\t\t\t<use xlink:href=\"#icon-anwp-pg-calendar\"><\/use>\n\t\t\t\t\t<\/svg>\n\t\t\t\t\t<span class=\"posted-on m-0\"><span class=\"screen-reader-text\">Posted on<\/span><time class=\"anwp-pg-published\" datetime=\"2026-04-29T16:35:40-06:00\">29 abril, 2026<\/time><time class=\"anwp-pg-updated\" datetime=\"2026-04-29T16:35:43-06:00\">29 abril, 2026<\/time><\/span>\n\t\t\t\t<\/div>\n\t\t\t\t\t\t\t\t\t<div class=\"anwp-pg-post-teaser__bottom-meta-item d-flex align-items-center mr-3\">\n\t\t\t\t\t\t<svg class=\"anwp-pg-icon anwp-pg-icon--s16 mr-1\">\n\t\t\t\t\t\t\t<use xlink:href=\"#icon-anwp-pg-comment-discussion\"><\/use>\n\t\t\t\t\t\t<\/svg>\n\t\t\t\t\t\t0\t\t\t\t\t<\/div>\n\t\t\t\t\t\n\t\t\t\t\t<\/div>\n\n\t\t\t\t\t<div class=\"anwp-pg-post-teaser__excerpt mb-2\">\n\t\t\t\tPor Redacci\u00f3n\/Zunoticia Pachuca de Soto, Hgo.&#8211; La secretaria de Hacienda de Hidalgo, Esther Ram\u00edrez Vargas, en representaci\u00f3n del Gobernador Constitucional del Estado de Hidalgo, Julio Menchaca, entreg\u00f3 ante las diputadas ...\t\t\t<\/div>\n\t\t\n\t\t\n\t<\/div>\n\n<\/div>\n<div class=\"anwp-pg-post-teaser anwp-pg-post-teaser--inner-cover-link anwp-pg-post-teaser--layout-d d-flex flex-column swiper-slide anwp-pg-post-teaser--has-comments-meta\">\n\t<div class=\"anwp-pg-post-teaser__thumbnail position-relative\">\n\n\t\t\n\t\t\n\t\t\t\t\t<img loading=\"lazy\" class=\"anwp-pg-post-teaser__thumbnail-img d-block anwp-pg-height-180 anwp-object-cover m-0 w-100\"\n\t\t\t\talt=\"Hidalgo impulsa el conocimiento tecnol\u00f3gico con torneo de robots mundialista\"\n\t\t\t\tsrc=\"https:\/\/www.zunoticia.com\/noticias-de-hidalgo\/wp-content\/uploads\/2026\/04\/7-5-300x168.png\"\/>\n\t\t\n\t\t<div class=\"anwp-pg-post-teaser__thumbnail-bg anwp-position-cover\"><\/div>\n\n\t\t<a class=\"anwp-position-cover anwp-link-without-effects\" href=\"https:\/\/www.zunoticia.com\/noticias-de-hidalgo\/2026\/04\/29\/hidalgo-impulsa-el-conocimiento-tecnologico-con-torneo-de-robots-mundialista\/\" aria-hidden=\"true\" ><\/a>\n\t<\/div>\n\n\t<div class=\"anwp-pg-post-teaser__content flex-grow-1 pt-1 d-flex flex-column\">\n\n\t\t<div class=\"anwp-pg-post-teaser__title anwp-font-heading mt-2\">\n\t\t\t<a class=\"anwp-link-without-effects\" href=\"https:\/\/www.zunoticia.com\/noticias-de-hidalgo\/2026\/04\/29\/hidalgo-impulsa-el-conocimiento-tecnologico-con-torneo-de-robots-mundialista\/\" aria-hidden=\"true\" >\n\t\t\t\tHidalgo impulsa el conocimiento tecnol\u00f3gico con torneo de robots mundialista\t\t\t<\/a>\n\t\t<\/div>\n\n\t\t<div class=\"anwp-pg-post-teaser__bottom-meta d-flex flex-wrap\">\n\n\t\t\t\t\t\t\t<div class=\"anwp-pg-post-teaser__bottom-meta-item d-flex align-items-center mr-3\">\n\t\t\t\t\t<svg class=\"anwp-pg-icon anwp-pg-icon--s16 mr-1\">\n\t\t\t\t\t\t<use xlink:href=\"#icon-anwp-pg-calendar\"><\/use>\n\t\t\t\t\t<\/svg>\n\t\t\t\t\t<span class=\"posted-on m-0\"><span class=\"screen-reader-text\">Posted on<\/span><time class=\"anwp-pg-published\" datetime=\"2026-04-29T16:31:32-06:00\">29 abril, 2026<\/time><time class=\"anwp-pg-updated\" datetime=\"2026-04-29T16:31:34-06:00\">29 abril, 2026<\/time><\/span>\n\t\t\t\t<\/div>\n\t\t\t\t\t\t\t\t\t<div class=\"anwp-pg-post-teaser__bottom-meta-item d-flex align-items-center mr-3\">\n\t\t\t\t\t\t<svg class=\"anwp-pg-icon anwp-pg-icon--s16 mr-1\">\n\t\t\t\t\t\t\t<use xlink:href=\"#icon-anwp-pg-comment-discussion\"><\/use>\n\t\t\t\t\t\t<\/svg>\n\t\t\t\t\t\t0\t\t\t\t\t<\/div>\n\t\t\t\t\t\n\t\t\t\t\t<\/div>\n\n\t\t\t\t\t<div class=\"anwp-pg-post-teaser__excerpt mb-2\">\n\t\t\t\tPor Redacci\u00f3n\/Zunoticia San Agust\u00edn Tlaxiaca, Hgo.-El Consejo de Ciencia, Tecnolog\u00eda e Innovaci\u00f3n de Hidalgo (CITNOVA) llev\u00f3 a cabo el Torneo Ingenio Mundialista 2026 de Robots, una iniciativa que fusiona la ...\t\t\t<\/div>\n\t\t\n\t\t\n\t<\/div>\n\n<\/div>\n\t\t<\/div>\n\n\t\t\t\t\t\t\t\t\t<div class=\"swiper-pagination\"><\/div>\n\t\t\t\t\t\t\t\t\t<\/div>\n<\/div>\n\t\t\t\t<\/div>\n\t\t\t\t<\/div>\n\t\t\t\t<div class=\"elementor-element elementor-element-ec8a964 anwp-pg-widget-header-style--c elementor-hidden-widescreen elementor-hidden-desktop elementor-hidden-laptop elementor-hidden-tablet_extra elementor-hidden-tablet elementor-hidden-mobile_extra anwp-pg-post-teaser__post-icon--size-16 elementor-pagination-position-outside jltma-glass-effect-no elementor-widget elementor-widget-anwp-pg-classic-slider\" data-id=\"ec8a964\" data-element_type=\"widget\" data-e-type=\"widget\" data-widget_type=\"anwp-pg-classic-slider.default\">\n\t\t\t\t<div class=\"elementor-widget-container\">\n\t\t\t\t\t<div class=\"anwp-pg-wrap\">\n\n\t<div class=\"anwp-pg-widget-header d-flex align-items-center position-relative\">\n\t<h4 class=\"d-flex align-items-center flex-wrap anwp-pg-widget-header__title\"> ESTADO<\/h4>\t<div class=\"anwp-pg-widget-header__secondary-line\"><\/div>\n<\/div>\n\n\t<!-- Slider main container -->\n\t<div\n\t\tclass=\"anwp-pg-classic-slider anwp-pg-swiper-wrapper position-static swiper swiper-container anwp-pg-no-transform\"\n\t\tdata-pg-slides-per-view=\"3\"\n\t\tdata-pg-slides-per-view-mobile=\"1\"\n\t\tdata-pg-slides-per-view-tablet=\"2\"\n\t\tdata-pg-slides-per-group=\"1\"\n\t\tdata-pg-slides-per-group-mobile=\"1\"\n\t\tdata-pg-slides-per-group-tablet=\"1\"\n\t\tdata-pg-autoplay=\"yes\"\n\t\tdata-pg-autoplay-delay=\"5000\"\n\t\tdata-pg-space-between=\"20\"\n\t\tdata-pg-effect=\"slide\"\n\t\tdata-pg-show-read-more=\"no\"\n\t\tdata-pg-enable-observer=\"no\"\n\t\tdata-pg-loop=\"no\"\n\t\tdir=\"ltr\"\n\t>\n\t\t<!-- Additional required wrapper -->\n\t\t<div class=\"swiper-wrapper\">\n\t\t\t<!-- Slides -->\n\t\t\t<div class=\"anwp-pg-post-teaser anwp-pg-post-teaser--inner-cover-link anwp-pg-post-teaser--layout-d d-flex flex-column swiper-slide anwp-pg-post-teaser--has-comments-meta\">\n\t<div class=\"anwp-pg-post-teaser__thumbnail position-relative\">\n\n\t\t\n\t\t\n\t\t\t\t\t<img loading=\"lazy\" class=\"anwp-pg-post-teaser__thumbnail-img d-block anwp-pg-height-180 anwp-object-cover m-0 w-100\"\n\t\t\t\talt=\"CEDSPI entreg\u00f3 m\u00e1s de mil metros de alcantarillado sanitario en Metepec\"\n\t\t\t\tsrc=\"https:\/\/www.zunoticia.com\/noticias-de-hidalgo\/wp-content\/uploads\/2026\/04\/Zunoticia-Huejutla-303-300x168.png\"\/>\n\t\t\n\t\t<div class=\"anwp-pg-post-teaser__thumbnail-bg anwp-position-cover\"><\/div>\n\n\t\t<a class=\"anwp-position-cover anwp-link-without-effects\" href=\"https:\/\/www.zunoticia.com\/noticias-de-hidalgo\/2026\/04\/29\/cedspi-entrego-mas-de-mil-metros-de-alcantarillado-sanitario-en-metepec\/\" aria-hidden=\"true\" ><\/a>\n\t<\/div>\n\n\t<div class=\"anwp-pg-post-teaser__content flex-grow-1 pt-1 d-flex flex-column\">\n\n\t\t<div class=\"anwp-pg-post-teaser__title anwp-font-heading mt-2\">\n\t\t\t<a class=\"anwp-link-without-effects\" href=\"https:\/\/www.zunoticia.com\/noticias-de-hidalgo\/2026\/04\/29\/cedspi-entrego-mas-de-mil-metros-de-alcantarillado-sanitario-en-metepec\/\" aria-hidden=\"true\" >\n\t\t\t\tCEDSPI entreg\u00f3 m\u00e1s de mil metros de alcantarillado sanitario en Metepec\t\t\t<\/a>\n\t\t<\/div>\n\n\t\t<div class=\"anwp-pg-post-teaser__bottom-meta d-flex flex-wrap\">\n\n\t\t\t\t\t\t\t<div class=\"anwp-pg-post-teaser__bottom-meta-item d-flex align-items-center mr-3\">\n\t\t\t\t\t<svg class=\"anwp-pg-icon anwp-pg-icon--s16 mr-1\">\n\t\t\t\t\t\t<use xlink:href=\"#icon-anwp-pg-calendar\"><\/use>\n\t\t\t\t\t<\/svg>\n\t\t\t\t\t<span class=\"posted-on m-0\"><span class=\"screen-reader-text\">Posted on<\/span><time class=\"anwp-pg-published\" datetime=\"2026-04-29T16:59:32-06:00\">29 abril, 2026<\/time><time class=\"anwp-pg-updated\" datetime=\"2026-04-29T16:59:33-06:00\">29 abril, 2026<\/time><\/span>\n\t\t\t\t<\/div>\n\t\t\t\t\t\t\t\t\t<div class=\"anwp-pg-post-teaser__bottom-meta-item d-flex align-items-center mr-3\">\n\t\t\t\t\t\t<svg class=\"anwp-pg-icon anwp-pg-icon--s16 mr-1\">\n\t\t\t\t\t\t\t<use xlink:href=\"#icon-anwp-pg-comment-discussion\"><\/use>\n\t\t\t\t\t\t<\/svg>\n\t\t\t\t\t\t0\t\t\t\t\t<\/div>\n\t\t\t\t\t\n\t\t\t\t\t<\/div>\n\n\t\t\t\t\t<div class=\"anwp-pg-post-teaser__excerpt mb-2\">\n\t\t\t\tPor Redacci\u00f3n\/Zunoticia Pachuca de Soto, Hgo.- Con la finalidad de mejorar las condiciones de vida de la poblaci\u00f3n vulnerable, y como parte de la justicia social que gu\u00eda al gobierno ...\t\t\t<\/div>\n\t\t\n\t\t\n\t<\/div>\n\n<\/div>\n<div class=\"anwp-pg-post-teaser anwp-pg-post-teaser--inner-cover-link anwp-pg-post-teaser--layout-d d-flex flex-column swiper-slide anwp-pg-post-teaser--has-comments-meta\">\n\t<div class=\"anwp-pg-post-teaser__thumbnail position-relative\">\n\n\t\t\n\t\t\n\t\t\t\t\t<img loading=\"lazy\" class=\"anwp-pg-post-teaser__thumbnail-img d-block anwp-pg-height-180 anwp-object-cover m-0 w-100\"\n\t\t\t\talt=\"\u00daltimo d\u00eda para registro al Pabell\u00f3n Artesanal de la Feria de San Francisco 2026\"\n\t\t\t\tsrc=\"https:\/\/www.zunoticia.com\/noticias-de-hidalgo\/wp-content\/uploads\/2026\/04\/Zunoticia-Huejutla-302-300x168.png\"\/>\n\t\t\n\t\t<div class=\"anwp-pg-post-teaser__thumbnail-bg anwp-position-cover\"><\/div>\n\n\t\t<a class=\"anwp-position-cover anwp-link-without-effects\" href=\"https:\/\/www.zunoticia.com\/noticias-de-hidalgo\/2026\/04\/29\/ultimo-dia-para-registro-al-pabellon-artesanal-de-la-feria-de-san-francisco-2026\/\" aria-hidden=\"true\" ><\/a>\n\t<\/div>\n\n\t<div class=\"anwp-pg-post-teaser__content flex-grow-1 pt-1 d-flex flex-column\">\n\n\t\t<div class=\"anwp-pg-post-teaser__title anwp-font-heading mt-2\">\n\t\t\t<a class=\"anwp-link-without-effects\" href=\"https:\/\/www.zunoticia.com\/noticias-de-hidalgo\/2026\/04\/29\/ultimo-dia-para-registro-al-pabellon-artesanal-de-la-feria-de-san-francisco-2026\/\" aria-hidden=\"true\" >\n\t\t\t\t\u00daltimo d\u00eda para registro al Pabell\u00f3n Artesanal de la Feria de San Francisco 2026\t\t\t<\/a>\n\t\t<\/div>\n\n\t\t<div class=\"anwp-pg-post-teaser__bottom-meta d-flex flex-wrap\">\n\n\t\t\t\t\t\t\t<div class=\"anwp-pg-post-teaser__bottom-meta-item d-flex align-items-center mr-3\">\n\t\t\t\t\t<svg class=\"anwp-pg-icon anwp-pg-icon--s16 mr-1\">\n\t\t\t\t\t\t<use xlink:href=\"#icon-anwp-pg-calendar\"><\/use>\n\t\t\t\t\t<\/svg>\n\t\t\t\t\t<span class=\"posted-on m-0\"><span class=\"screen-reader-text\">Posted on<\/span><time class=\"anwp-pg-published\" datetime=\"2026-04-29T16:54:36-06:00\">29 abril, 2026<\/time><time class=\"anwp-pg-updated\" datetime=\"2026-04-29T16:54:37-06:00\">29 abril, 2026<\/time><\/span>\n\t\t\t\t<\/div>\n\t\t\t\t\t\t\t\t\t<div class=\"anwp-pg-post-teaser__bottom-meta-item d-flex align-items-center mr-3\">\n\t\t\t\t\t\t<svg class=\"anwp-pg-icon anwp-pg-icon--s16 mr-1\">\n\t\t\t\t\t\t\t<use xlink:href=\"#icon-anwp-pg-comment-discussion\"><\/use>\n\t\t\t\t\t\t<\/svg>\n\t\t\t\t\t\t0\t\t\t\t\t<\/div>\n\t\t\t\t\t\n\t\t\t\t\t<\/div>\n\n\t\t\t\t\t<div class=\"anwp-pg-post-teaser__excerpt mb-2\">\n\t\t\t\tPor Redacci\u00f3n\/Zunoticia Pachuca de Soto, Hgo.- Este jueves 30 de abril la Secretar\u00eda de Bienestar e Inclusi\u00f3n Social (Sebiso) cerrar\u00e1 el registro para participar en el Pabell\u00f3n Artesanal y Gastron\u00f3mico ...\t\t\t<\/div>\n\t\t\n\t\t\n\t<\/div>\n\n<\/div>\n<div class=\"anwp-pg-post-teaser anwp-pg-post-teaser--inner-cover-link anwp-pg-post-teaser--layout-d d-flex flex-column swiper-slide anwp-pg-post-teaser--has-comments-meta\">\n\t<div class=\"anwp-pg-post-teaser__thumbnail position-relative\">\n\n\t\t\n\t\t\n\t\t\t\t\t<img loading=\"lazy\" class=\"anwp-pg-post-teaser__thumbnail-img d-block anwp-pg-height-180 anwp-object-cover m-0 w-100\"\n\t\t\t\talt=\"Hidalgo lidera el crecimiento de la actividad econ\u00f3mica en 2025\"\n\t\t\t\tsrc=\"https:\/\/www.zunoticia.com\/noticias-de-hidalgo\/wp-content\/uploads\/2026\/04\/14-3-300x168.png\"\/>\n\t\t\n\t\t<div class=\"anwp-pg-post-teaser__thumbnail-bg anwp-position-cover\"><\/div>\n\n\t\t<a class=\"anwp-position-cover anwp-link-without-effects\" href=\"https:\/\/www.zunoticia.com\/noticias-de-hidalgo\/2026\/04\/29\/hidalgo-lidera-el-crecimiento-de-la-actividad-economica-en-2025\/\" aria-hidden=\"true\" ><\/a>\n\t<\/div>\n\n\t<div class=\"anwp-pg-post-teaser__content flex-grow-1 pt-1 d-flex flex-column\">\n\n\t\t<div class=\"anwp-pg-post-teaser__title anwp-font-heading mt-2\">\n\t\t\t<a class=\"anwp-link-without-effects\" href=\"https:\/\/www.zunoticia.com\/noticias-de-hidalgo\/2026\/04\/29\/hidalgo-lidera-el-crecimiento-de-la-actividad-economica-en-2025\/\" aria-hidden=\"true\" >\n\t\t\t\tHidalgo lidera el crecimiento de la actividad econ\u00f3mica en 2025\t\t\t<\/a>\n\t\t<\/div>\n\n\t\t<div class=\"anwp-pg-post-teaser__bottom-meta d-flex flex-wrap\">\n\n\t\t\t\t\t\t\t<div class=\"anwp-pg-post-teaser__bottom-meta-item d-flex align-items-center mr-3\">\n\t\t\t\t\t<svg class=\"anwp-pg-icon anwp-pg-icon--s16 mr-1\">\n\t\t\t\t\t\t<use xlink:href=\"#icon-anwp-pg-calendar\"><\/use>\n\t\t\t\t\t<\/svg>\n\t\t\t\t\t<span class=\"posted-on m-0\"><span class=\"screen-reader-text\">Posted on<\/span><time class=\"anwp-pg-published\" datetime=\"2026-04-29T16:49:07-06:00\">29 abril, 2026<\/time><time class=\"anwp-pg-updated\" datetime=\"2026-04-29T16:49:09-06:00\">29 abril, 2026<\/time><\/span>\n\t\t\t\t<\/div>\n\t\t\t\t\t\t\t\t\t<div class=\"anwp-pg-post-teaser__bottom-meta-item d-flex align-items-center mr-3\">\n\t\t\t\t\t\t<svg class=\"anwp-pg-icon anwp-pg-icon--s16 mr-1\">\n\t\t\t\t\t\t\t<use xlink:href=\"#icon-anwp-pg-comment-discussion\"><\/use>\n\t\t\t\t\t\t<\/svg>\n\t\t\t\t\t\t0\t\t\t\t\t<\/div>\n\t\t\t\t\t\n\t\t\t\t\t<\/div>\n\n\t\t\t\t\t<div class=\"anwp-pg-post-teaser__excerpt mb-2\">\n\t\t\t\tPor Redacci\u00f3n\/Zunoticia Pachuca de Soto, Hgo.- Los resultados de la pol\u00edtica econ\u00f3mica implementada por el gobierno de Julio Menchaca Salazar han colocado a Hidalgo en la cima del desarrollo nacional.&nbsp; ...\t\t\t<\/div>\n\t\t\n\t\t\n\t<\/div>\n\n<\/div>\n<div class=\"anwp-pg-post-teaser anwp-pg-post-teaser--inner-cover-link anwp-pg-post-teaser--layout-d d-flex flex-column swiper-slide anwp-pg-post-teaser--has-comments-meta\">\n\t<div class=\"anwp-pg-post-teaser__thumbnail position-relative\">\n\n\t\t\n\t\t\n\t\t\t\t\t<img loading=\"lazy\" class=\"anwp-pg-post-teaser__thumbnail-img d-block anwp-pg-height-180 anwp-object-cover m-0 w-100\"\n\t\t\t\talt=\"Impulsan educaci\u00f3n en Tula con 6.4 MDP en obras y equipamiento\"\n\t\t\t\tsrc=\"https:\/\/www.zunoticia.com\/noticias-de-hidalgo\/wp-content\/uploads\/2026\/04\/12-3-300x168.png\"\/>\n\t\t\n\t\t<div class=\"anwp-pg-post-teaser__thumbnail-bg anwp-position-cover\"><\/div>\n\n\t\t<a class=\"anwp-position-cover anwp-link-without-effects\" href=\"https:\/\/www.zunoticia.com\/noticias-de-hidalgo\/2026\/04\/29\/impulsan-educacion-en-tula-con-6-4-mdp-en-obras-y-equipamiento\/\" aria-hidden=\"true\" ><\/a>\n\t<\/div>\n\n\t<div class=\"anwp-pg-post-teaser__content flex-grow-1 pt-1 d-flex flex-column\">\n\n\t\t<div class=\"anwp-pg-post-teaser__title anwp-font-heading mt-2\">\n\t\t\t<a class=\"anwp-link-without-effects\" href=\"https:\/\/www.zunoticia.com\/noticias-de-hidalgo\/2026\/04\/29\/impulsan-educacion-en-tula-con-6-4-mdp-en-obras-y-equipamiento\/\" aria-hidden=\"true\" >\n\t\t\t\tImpulsan educaci\u00f3n en Tula con 6.4 MDP en obras y equipamiento\t\t\t<\/a>\n\t\t<\/div>\n\n\t\t<div class=\"anwp-pg-post-teaser__bottom-meta d-flex flex-wrap\">\n\n\t\t\t\t\t\t\t<div class=\"anwp-pg-post-teaser__bottom-meta-item d-flex align-items-center mr-3\">\n\t\t\t\t\t<svg class=\"anwp-pg-icon anwp-pg-icon--s16 mr-1\">\n\t\t\t\t\t\t<use xlink:href=\"#icon-anwp-pg-calendar\"><\/use>\n\t\t\t\t\t<\/svg>\n\t\t\t\t\t<span class=\"posted-on m-0\"><span class=\"screen-reader-text\">Posted on<\/span><time class=\"anwp-pg-published\" datetime=\"2026-04-29T16:39:35-06:00\">29 abril, 2026<\/time><time class=\"anwp-pg-updated\" datetime=\"2026-04-29T16:39:37-06:00\">29 abril, 2026<\/time><\/span>\n\t\t\t\t<\/div>\n\t\t\t\t\t\t\t\t\t<div class=\"anwp-pg-post-teaser__bottom-meta-item d-flex align-items-center mr-3\">\n\t\t\t\t\t\t<svg class=\"anwp-pg-icon anwp-pg-icon--s16 mr-1\">\n\t\t\t\t\t\t\t<use xlink:href=\"#icon-anwp-pg-comment-discussion\"><\/use>\n\t\t\t\t\t\t<\/svg>\n\t\t\t\t\t\t0\t\t\t\t\t<\/div>\n\t\t\t\t\t\n\t\t\t\t\t<\/div>\n\n\t\t\t\t\t<div class=\"anwp-pg-post-teaser__excerpt mb-2\">\n\t\t\t\tPor Redacci\u00f3n\/Zunoticia Pachuca de Soto, Hgo.- Como parte del compromiso del gobernador Julio Menchaca Salazar de garantizar espacios dignos y herramientas de calidad para la comunidad educativa, el secretario de ...\t\t\t<\/div>\n\t\t\n\t\t\n\t<\/div>\n\n<\/div>\n<div class=\"anwp-pg-post-teaser anwp-pg-post-teaser--inner-cover-link anwp-pg-post-teaser--layout-d d-flex flex-column swiper-slide anwp-pg-post-teaser--has-comments-meta\">\n\t<div class=\"anwp-pg-post-teaser__thumbnail position-relative\">\n\n\t\t\n\t\t\n\t\t\t\t\t<img loading=\"lazy\" class=\"anwp-pg-post-teaser__thumbnail-img d-block anwp-pg-height-180 anwp-object-cover m-0 w-100\"\n\t\t\t\talt=\"Cuenta P\u00fablica 2025 confirma transformaci\u00f3n financiera en Hidalgo\"\n\t\t\t\tsrc=\"https:\/\/www.zunoticia.com\/noticias-de-hidalgo\/wp-content\/uploads\/2026\/04\/10-4-300x168.png\"\/>\n\t\t\n\t\t<div class=\"anwp-pg-post-teaser__thumbnail-bg anwp-position-cover\"><\/div>\n\n\t\t<a class=\"anwp-position-cover anwp-link-without-effects\" href=\"https:\/\/www.zunoticia.com\/noticias-de-hidalgo\/2026\/04\/29\/cuenta-publica-2025-confirma-transformacion-financiera-en-hidalgo\/\" aria-hidden=\"true\" ><\/a>\n\t<\/div>\n\n\t<div class=\"anwp-pg-post-teaser__content flex-grow-1 pt-1 d-flex flex-column\">\n\n\t\t<div class=\"anwp-pg-post-teaser__title anwp-font-heading mt-2\">\n\t\t\t<a class=\"anwp-link-without-effects\" href=\"https:\/\/www.zunoticia.com\/noticias-de-hidalgo\/2026\/04\/29\/cuenta-publica-2025-confirma-transformacion-financiera-en-hidalgo\/\" aria-hidden=\"true\" >\n\t\t\t\tCuenta P\u00fablica 2025 confirma transformaci\u00f3n financiera en Hidalgo\t\t\t<\/a>\n\t\t<\/div>\n\n\t\t<div class=\"anwp-pg-post-teaser__bottom-meta d-flex flex-wrap\">\n\n\t\t\t\t\t\t\t<div class=\"anwp-pg-post-teaser__bottom-meta-item d-flex align-items-center mr-3\">\n\t\t\t\t\t<svg class=\"anwp-pg-icon anwp-pg-icon--s16 mr-1\">\n\t\t\t\t\t\t<use xlink:href=\"#icon-anwp-pg-calendar\"><\/use>\n\t\t\t\t\t<\/svg>\n\t\t\t\t\t<span class=\"posted-on m-0\"><span class=\"screen-reader-text\">Posted on<\/span><time class=\"anwp-pg-published\" datetime=\"2026-04-29T16:35:40-06:00\">29 abril, 2026<\/time><time class=\"anwp-pg-updated\" datetime=\"2026-04-29T16:35:43-06:00\">29 abril, 2026<\/time><\/span>\n\t\t\t\t<\/div>\n\t\t\t\t\t\t\t\t\t<div class=\"anwp-pg-post-teaser__bottom-meta-item d-flex align-items-center mr-3\">\n\t\t\t\t\t\t<svg class=\"anwp-pg-icon anwp-pg-icon--s16 mr-1\">\n\t\t\t\t\t\t\t<use xlink:href=\"#icon-anwp-pg-comment-discussion\"><\/use>\n\t\t\t\t\t\t<\/svg>\n\t\t\t\t\t\t0\t\t\t\t\t<\/div>\n\t\t\t\t\t\n\t\t\t\t\t<\/div>\n\n\t\t\t\t\t<div class=\"anwp-pg-post-teaser__excerpt mb-2\">\n\t\t\t\tPor Redacci\u00f3n\/Zunoticia Pachuca de Soto, Hgo.&#8211; La secretaria de Hacienda de Hidalgo, Esther Ram\u00edrez Vargas, en representaci\u00f3n del Gobernador Constitucional del Estado de Hidalgo, Julio Menchaca, entreg\u00f3 ante las diputadas ...\t\t\t<\/div>\n\t\t\n\t\t\n\t<\/div>\n\n<\/div>\n<div class=\"anwp-pg-post-teaser anwp-pg-post-teaser--inner-cover-link anwp-pg-post-teaser--layout-d d-flex flex-column swiper-slide anwp-pg-post-teaser--has-comments-meta\">\n\t<div class=\"anwp-pg-post-teaser__thumbnail position-relative\">\n\n\t\t\n\t\t\n\t\t\t\t\t<img loading=\"lazy\" class=\"anwp-pg-post-teaser__thumbnail-img d-block anwp-pg-height-180 anwp-object-cover m-0 w-100\"\n\t\t\t\talt=\"Hidalgo impulsa el conocimiento tecnol\u00f3gico con torneo de robots mundialista\"\n\t\t\t\tsrc=\"https:\/\/www.zunoticia.com\/noticias-de-hidalgo\/wp-content\/uploads\/2026\/04\/7-5-300x168.png\"\/>\n\t\t\n\t\t<div class=\"anwp-pg-post-teaser__thumbnail-bg anwp-position-cover\"><\/div>\n\n\t\t<a class=\"anwp-position-cover anwp-link-without-effects\" href=\"https:\/\/www.zunoticia.com\/noticias-de-hidalgo\/2026\/04\/29\/hidalgo-impulsa-el-conocimiento-tecnologico-con-torneo-de-robots-mundialista\/\" aria-hidden=\"true\" ><\/a>\n\t<\/div>\n\n\t<div class=\"anwp-pg-post-teaser__content flex-grow-1 pt-1 d-flex flex-column\">\n\n\t\t<div class=\"anwp-pg-post-teaser__title anwp-font-heading mt-2\">\n\t\t\t<a class=\"anwp-link-without-effects\" href=\"https:\/\/www.zunoticia.com\/noticias-de-hidalgo\/2026\/04\/29\/hidalgo-impulsa-el-conocimiento-tecnologico-con-torneo-de-robots-mundialista\/\" aria-hidden=\"true\" >\n\t\t\t\tHidalgo impulsa el conocimiento tecnol\u00f3gico con torneo de robots mundialista\t\t\t<\/a>\n\t\t<\/div>\n\n\t\t<div class=\"anwp-pg-post-teaser__bottom-meta d-flex flex-wrap\">\n\n\t\t\t\t\t\t\t<div class=\"anwp-pg-post-teaser__bottom-meta-item d-flex align-items-center mr-3\">\n\t\t\t\t\t<svg class=\"anwp-pg-icon anwp-pg-icon--s16 mr-1\">\n\t\t\t\t\t\t<use xlink:href=\"#icon-anwp-pg-calendar\"><\/use>\n\t\t\t\t\t<\/svg>\n\t\t\t\t\t<span class=\"posted-on m-0\"><span class=\"screen-reader-text\">Posted on<\/span><time class=\"anwp-pg-published\" datetime=\"2026-04-29T16:31:32-06:00\">29 abril, 2026<\/time><time class=\"anwp-pg-updated\" datetime=\"2026-04-29T16:31:34-06:00\">29 abril, 2026<\/time><\/span>\n\t\t\t\t<\/div>\n\t\t\t\t\t\t\t\t\t<div class=\"anwp-pg-post-teaser__bottom-meta-item d-flex align-items-center mr-3\">\n\t\t\t\t\t\t<svg class=\"anwp-pg-icon anwp-pg-icon--s16 mr-1\">\n\t\t\t\t\t\t\t<use xlink:href=\"#icon-anwp-pg-comment-discussion\"><\/use>\n\t\t\t\t\t\t<\/svg>\n\t\t\t\t\t\t0\t\t\t\t\t<\/div>\n\t\t\t\t\t\n\t\t\t\t\t<\/div>\n\n\t\t\t\t\t<div class=\"anwp-pg-post-teaser__excerpt mb-2\">\n\t\t\t\tPor Redacci\u00f3n\/Zunoticia San Agust\u00edn Tlaxiaca, Hgo.-El Consejo de Ciencia, Tecnolog\u00eda e Innovaci\u00f3n de Hidalgo (CITNOVA) llev\u00f3 a cabo el Torneo Ingenio Mundialista 2026 de Robots, una iniciativa que fusiona la ...\t\t\t<\/div>\n\t\t\n\t\t\n\t<\/div>\n\n<\/div>\n\t\t<\/div>\n\n\t\t\t\t\t\t\t\t\t<div class=\"swiper-pagination\"><\/div>\n\t\t\t\t\t\t\t\t\t<\/div>\n<\/div>\n\t\t\t\t<\/div>\n\t\t\t\t<\/div>\n\t\t\t\t<div class=\"elementor-element elementor-element-3de15aa elementor-hidden-mobile jltma-glass-effect-no elementor-widget elementor-widget-heading\" data-id=\"3de15aa\" data-element_type=\"widget\" data-e-type=\"widget\" data-widget_type=\"heading.default\">\n\t\t\t\t<div class=\"elementor-widget-container\">\n\t\t\t\t\t<h4 class=\"elementor-heading-title elementor-size-default\">POLICIACA<\/h4>\t\t\t\t<\/div>\n\t\t\t\t<\/div>\n\t\t\t\t<div class=\"elementor-element elementor-element-8838a9d anwp-pg-widget-header-style--c elementor-hidden-mobile anwp-pg-post-teaser__post-icon--size-16 elementor-pagination-position-outside jltma-glass-effect-no elementor-widget elementor-widget-anwp-pg-classic-slider\" data-id=\"8838a9d\" data-element_type=\"widget\" data-e-type=\"widget\" data-widget_type=\"anwp-pg-classic-slider.default\">\n\t\t\t\t<div class=\"elementor-widget-container\">\n\t\t\t\t\t<div class=\"anwp-pg-wrap\">\n\n\t\n\t<!-- Slider main container -->\n\t<div\n\t\tclass=\"anwp-pg-classic-slider anwp-pg-swiper-wrapper position-static swiper swiper-container anwp-pg-no-transform\"\n\t\tdata-pg-slides-per-view=\"3\"\n\t\tdata-pg-slides-per-view-mobile=\"1\"\n\t\tdata-pg-slides-per-view-tablet=\"2\"\n\t\tdata-pg-slides-per-group=\"1\"\n\t\tdata-pg-slides-per-group-mobile=\"1\"\n\t\tdata-pg-slides-per-group-tablet=\"1\"\n\t\tdata-pg-autoplay=\"yes\"\n\t\tdata-pg-autoplay-delay=\"5000\"\n\t\tdata-pg-space-between=\"20\"\n\t\tdata-pg-effect=\"slide\"\n\t\tdata-pg-show-read-more=\"no\"\n\t\tdata-pg-enable-observer=\"no\"\n\t\tdata-pg-loop=\"no\"\n\t\tdir=\"ltr\"\n\t>\n\t\t<!-- Additional required wrapper -->\n\t\t<div class=\"swiper-wrapper\">\n\t\t\t<!-- Slides -->\n\t\t\t<div class=\"anwp-pg-post-teaser anwp-pg-post-teaser--inner-cover-link anwp-pg-post-teaser--layout-d d-flex flex-column swiper-slide anwp-pg-post-teaser--has-comments-meta\">\n\t<div class=\"anwp-pg-post-teaser__thumbnail position-relative\">\n\n\t\t\n\t\t\n\t\t\t\t\t<img loading=\"lazy\" class=\"anwp-pg-post-teaser__thumbnail-img d-block anwp-pg-height-180 anwp-object-cover m-0 w-100\"\n\t\t\t\talt=\"Denuncian secuestro de una mujer y un hombre\"\n\t\t\t\tsrc=\"https:\/\/www.zunoticia.com\/noticias-de-hidalgo\/wp-content\/uploads\/2026\/04\/contra-300x199.jpeg\"\/>\n\t\t\n\t\t<div class=\"anwp-pg-post-teaser__thumbnail-bg anwp-position-cover\"><\/div>\n\n\t\t<a class=\"anwp-position-cover anwp-link-without-effects\" href=\"https:\/\/www.zunoticia.com\/noticias-de-hidalgo\/2026\/04\/30\/denuncian-secuestro-de-una-mujer-y-un-hombre\/\" aria-hidden=\"true\" ><\/a>\n\t<\/div>\n\n\t<div class=\"anwp-pg-post-teaser__content flex-grow-1 pt-1 d-flex flex-column\">\n\n\t\t<div class=\"anwp-pg-post-teaser__title anwp-font-heading mt-2\">\n\t\t\t<a class=\"anwp-link-without-effects\" href=\"https:\/\/www.zunoticia.com\/noticias-de-hidalgo\/2026\/04\/30\/denuncian-secuestro-de-una-mujer-y-un-hombre\/\" aria-hidden=\"true\" >\n\t\t\t\tDenuncian secuestro de una mujer y un hombre\t\t\t<\/a>\n\t\t<\/div>\n\n\t\t<div class=\"anwp-pg-post-teaser__bottom-meta d-flex flex-wrap\">\n\n\t\t\t\t\t\t\t<div class=\"anwp-pg-post-teaser__bottom-meta-item d-flex align-items-center mr-3\">\n\t\t\t\t\t<svg class=\"anwp-pg-icon anwp-pg-icon--s16 mr-1\">\n\t\t\t\t\t\t<use xlink:href=\"#icon-anwp-pg-calendar\"><\/use>\n\t\t\t\t\t<\/svg>\n\t\t\t\t\t<span class=\"posted-on m-0\"><span class=\"screen-reader-text\">Posted on<\/span><time class=\"anwp-pg-published\" datetime=\"2026-04-30T00:07:03-06:00\">30 abril, 2026<\/time><time class=\"anwp-pg-updated\" datetime=\"2026-04-30T00:07:04-06:00\">30 abril, 2026<\/time><\/span>\n\t\t\t\t<\/div>\n\t\t\t\t\t\t\t\t\t<div class=\"anwp-pg-post-teaser__bottom-meta-item d-flex align-items-center mr-3\">\n\t\t\t\t\t\t<svg class=\"anwp-pg-icon anwp-pg-icon--s16 mr-1\">\n\t\t\t\t\t\t\t<use xlink:href=\"#icon-anwp-pg-comment-discussion\"><\/use>\n\t\t\t\t\t\t<\/svg>\n\t\t\t\t\t\t0\t\t\t\t\t<\/div>\n\t\t\t\t\t\n\t\t\t\t\t<\/div>\n\n\t\t\t\t\t<div class=\"anwp-pg-post-teaser__excerpt mb-2\">\n\t\t\t\tRoberto Ram\u00edrez Huejutla,Hgo.- En la agencia del ministerio p\u00fablico de Huejutla, iniciaron dos denuncias por dos presuntos secuestro de una mujer y un hombre, los agraviados pidieron a las autoridades ...\t\t\t<\/div>\n\t\t\n\t\t\n\t<\/div>\n\n<\/div>\n<div class=\"anwp-pg-post-teaser anwp-pg-post-teaser--inner-cover-link anwp-pg-post-teaser--layout-d d-flex flex-column swiper-slide anwp-pg-post-teaser--has-comments-meta\">\n\t<div class=\"anwp-pg-post-teaser__thumbnail position-relative\">\n\n\t\t\n\t\t\n\t\t\t\t\t<img loading=\"lazy\" class=\"anwp-pg-post-teaser__thumbnail-img d-block anwp-pg-height-180 anwp-object-cover m-0 w-100\"\n\t\t\t\talt=\"En cenizas qued\u00f3 un cami\u00f3n en la Huejutla -Pachuca\"\n\t\t\t\tsrc=\"https:\/\/www.zunoticia.com\/noticias-de-hidalgo\/wp-content\/uploads\/2026\/04\/WhatsApp-Image-2026-04-29-at-12.36.31-PM-2-300x263.jpeg\"\/>\n\t\t\n\t\t<div class=\"anwp-pg-post-teaser__thumbnail-bg anwp-position-cover\"><\/div>\n\n\t\t<a class=\"anwp-position-cover anwp-link-without-effects\" href=\"https:\/\/www.zunoticia.com\/noticias-de-hidalgo\/2026\/04\/29\/en-cenizas-quedo-un-camion-en-la-huejutla-pachuca\/\" aria-hidden=\"true\" ><\/a>\n\t<\/div>\n\n\t<div class=\"anwp-pg-post-teaser__content flex-grow-1 pt-1 d-flex flex-column\">\n\n\t\t<div class=\"anwp-pg-post-teaser__title anwp-font-heading mt-2\">\n\t\t\t<a class=\"anwp-link-without-effects\" href=\"https:\/\/www.zunoticia.com\/noticias-de-hidalgo\/2026\/04\/29\/en-cenizas-quedo-un-camion-en-la-huejutla-pachuca\/\" aria-hidden=\"true\" >\n\t\t\t\tEn cenizas qued\u00f3 un cami\u00f3n en la Huejutla -Pachuca\t\t\t<\/a>\n\t\t<\/div>\n\n\t\t<div class=\"anwp-pg-post-teaser__bottom-meta d-flex flex-wrap\">\n\n\t\t\t\t\t\t\t<div class=\"anwp-pg-post-teaser__bottom-meta-item d-flex align-items-center mr-3\">\n\t\t\t\t\t<svg class=\"anwp-pg-icon anwp-pg-icon--s16 mr-1\">\n\t\t\t\t\t\t<use xlink:href=\"#icon-anwp-pg-calendar\"><\/use>\n\t\t\t\t\t<\/svg>\n\t\t\t\t\t<span class=\"posted-on m-0\"><span class=\"screen-reader-text\">Posted on<\/span><time class=\"anwp-pg-published\" datetime=\"2026-04-29T12:48:18-06:00\">29 abril, 2026<\/time><time class=\"anwp-pg-updated\" datetime=\"2026-04-29T12:48:20-06:00\">29 abril, 2026<\/time><\/span>\n\t\t\t\t<\/div>\n\t\t\t\t\t\t\t\t\t<div class=\"anwp-pg-post-teaser__bottom-meta-item d-flex align-items-center mr-3\">\n\t\t\t\t\t\t<svg class=\"anwp-pg-icon anwp-pg-icon--s16 mr-1\">\n\t\t\t\t\t\t\t<use xlink:href=\"#icon-anwp-pg-comment-discussion\"><\/use>\n\t\t\t\t\t\t<\/svg>\n\t\t\t\t\t\t0\t\t\t\t\t<\/div>\n\t\t\t\t\t\n\t\t\t\t\t<\/div>\n\n\t\t\t\t\t<div class=\"anwp-pg-post-teaser__excerpt mb-2\">\n\t\t\t\tPor Roberto Meza Ram\u00edrez \/Zunoticia Metztitl\u00e1n, Hgo. &#8211; Lo que inici\u00f3 con un leve incendio en las llantas traseras, termin\u00f3 calcinando un cami\u00f3n. Fue la ma\u00f1ana de este mi\u00e9rcoles cuando ...\t\t\t<\/div>\n\t\t\n\t\t\n\t<\/div>\n\n<\/div>\n<div class=\"anwp-pg-post-teaser anwp-pg-post-teaser--inner-cover-link anwp-pg-post-teaser--layout-d d-flex flex-column swiper-slide anwp-pg-post-teaser--has-comments-meta\">\n\t<div class=\"anwp-pg-post-teaser__thumbnail position-relative\">\n\n\t\t\n\t\t\n\t\t\t\t\t<img loading=\"lazy\" class=\"anwp-pg-post-teaser__thumbnail-img d-block anwp-pg-height-180 anwp-object-cover m-0 w-100\"\n\t\t\t\talt=\"Veloz automovilista choc\u00f3 por alcance con Urvan pasajera\"\n\t\t\t\tsrc=\"https:\/\/www.zunoticia.com\/noticias-de-hidalgo\/wp-content\/uploads\/2026\/04\/WhatsApp-Image-2026-04-29-at-9.55.45-AM-300x188.jpeg\"\/>\n\t\t\n\t\t<div class=\"anwp-pg-post-teaser__thumbnail-bg anwp-position-cover\"><\/div>\n\n\t\t<a class=\"anwp-position-cover anwp-link-without-effects\" href=\"https:\/\/www.zunoticia.com\/noticias-de-hidalgo\/2026\/04\/29\/veloz-automovilista-choco-por-alcance-con-urvan-pasajera\/\" aria-hidden=\"true\" ><\/a>\n\t<\/div>\n\n\t<div class=\"anwp-pg-post-teaser__content flex-grow-1 pt-1 d-flex flex-column\">\n\n\t\t<div class=\"anwp-pg-post-teaser__title anwp-font-heading mt-2\">\n\t\t\t<a class=\"anwp-link-without-effects\" href=\"https:\/\/www.zunoticia.com\/noticias-de-hidalgo\/2026\/04\/29\/veloz-automovilista-choco-por-alcance-con-urvan-pasajera\/\" aria-hidden=\"true\" >\n\t\t\t\tVeloz automovilista choc\u00f3 por alcance con Urvan pasajera\t\t\t<\/a>\n\t\t<\/div>\n\n\t\t<div class=\"anwp-pg-post-teaser__bottom-meta d-flex flex-wrap\">\n\n\t\t\t\t\t\t\t<div class=\"anwp-pg-post-teaser__bottom-meta-item d-flex align-items-center mr-3\">\n\t\t\t\t\t<svg class=\"anwp-pg-icon anwp-pg-icon--s16 mr-1\">\n\t\t\t\t\t\t<use xlink:href=\"#icon-anwp-pg-calendar\"><\/use>\n\t\t\t\t\t<\/svg>\n\t\t\t\t\t<span class=\"posted-on m-0\"><span class=\"screen-reader-text\">Posted on<\/span><time class=\"anwp-pg-published\" datetime=\"2026-04-29T10:36:20-06:00\">29 abril, 2026<\/time><time class=\"anwp-pg-updated\" datetime=\"2026-04-29T10:36:21-06:00\">29 abril, 2026<\/time><\/span>\n\t\t\t\t<\/div>\n\t\t\t\t\t\t\t\t\t<div class=\"anwp-pg-post-teaser__bottom-meta-item d-flex align-items-center mr-3\">\n\t\t\t\t\t\t<svg class=\"anwp-pg-icon anwp-pg-icon--s16 mr-1\">\n\t\t\t\t\t\t\t<use xlink:href=\"#icon-anwp-pg-comment-discussion\"><\/use>\n\t\t\t\t\t\t<\/svg>\n\t\t\t\t\t\t0\t\t\t\t\t<\/div>\n\t\t\t\t\t\n\t\t\t\t\t<\/div>\n\n\t\t\t\t\t<div class=\"anwp-pg-post-teaser__excerpt mb-2\">\n\t\t\t\tPor Roberto Meza Ram\u00edrez \/Zunoticia Huejutla, Hgo. &#8211; Veloz automovilista choc\u00f3 por alcance con Urvan pasajera sobre el bulevar Central de esta ciudad, el percance s\u00f3lo dej\u00f3 da\u00f1os materiales y ...\t\t\t<\/div>\n\t\t\n\t\t\n\t<\/div>\n\n<\/div>\n<div class=\"anwp-pg-post-teaser anwp-pg-post-teaser--inner-cover-link anwp-pg-post-teaser--layout-d d-flex flex-column swiper-slide anwp-pg-post-teaser--has-comments-meta\">\n\t<div class=\"anwp-pg-post-teaser__thumbnail position-relative\">\n\n\t\t\n\t\t\n\t\t\t\t\t<img loading=\"lazy\" class=\"anwp-pg-post-teaser__thumbnail-img d-block anwp-pg-height-180 anwp-object-cover m-0 w-100\"\n\t\t\t\talt=\"Con bloqueo carretero logran que les restablezcan la energ\u00eda el\u00e9ctrica\"\n\t\t\t\tsrc=\"https:\/\/www.zunoticia.com\/noticias-de-hidalgo\/wp-content\/uploads\/2026\/04\/WhatsApp-Image-2026-04-29-at-9.53.38-AM-300x173.jpeg\"\/>\n\t\t\n\t\t<div class=\"anwp-pg-post-teaser__thumbnail-bg anwp-position-cover\"><\/div>\n\n\t\t<a class=\"anwp-position-cover anwp-link-without-effects\" href=\"https:\/\/www.zunoticia.com\/noticias-de-hidalgo\/2026\/04\/29\/con-bloqueo-carretero-logran-que-les-restablezcan-la-energia-electrica\/\" aria-hidden=\"true\" ><\/a>\n\t<\/div>\n\n\t<div class=\"anwp-pg-post-teaser__content flex-grow-1 pt-1 d-flex flex-column\">\n\n\t\t<div class=\"anwp-pg-post-teaser__title anwp-font-heading mt-2\">\n\t\t\t<a class=\"anwp-link-without-effects\" href=\"https:\/\/www.zunoticia.com\/noticias-de-hidalgo\/2026\/04\/29\/con-bloqueo-carretero-logran-que-les-restablezcan-la-energia-electrica\/\" aria-hidden=\"true\" >\n\t\t\t\tCon bloqueo carretero logran que les restablezcan la energ\u00eda el\u00e9ctrica\t\t\t<\/a>\n\t\t<\/div>\n\n\t\t<div class=\"anwp-pg-post-teaser__bottom-meta d-flex flex-wrap\">\n\n\t\t\t\t\t\t\t<div class=\"anwp-pg-post-teaser__bottom-meta-item d-flex align-items-center mr-3\">\n\t\t\t\t\t<svg class=\"anwp-pg-icon anwp-pg-icon--s16 mr-1\">\n\t\t\t\t\t\t<use xlink:href=\"#icon-anwp-pg-calendar\"><\/use>\n\t\t\t\t\t<\/svg>\n\t\t\t\t\t<span class=\"posted-on m-0\"><span class=\"screen-reader-text\">Posted on<\/span><time class=\"anwp-pg-published\" datetime=\"2026-04-29T10:06:48-06:00\">29 abril, 2026<\/time><time class=\"anwp-pg-updated\" datetime=\"2026-04-29T10:06:49-06:00\">29 abril, 2026<\/time><\/span>\n\t\t\t\t<\/div>\n\t\t\t\t\t\t\t\t\t<div class=\"anwp-pg-post-teaser__bottom-meta-item d-flex align-items-center mr-3\">\n\t\t\t\t\t\t<svg class=\"anwp-pg-icon anwp-pg-icon--s16 mr-1\">\n\t\t\t\t\t\t\t<use xlink:href=\"#icon-anwp-pg-comment-discussion\"><\/use>\n\t\t\t\t\t\t<\/svg>\n\t\t\t\t\t\t0\t\t\t\t\t<\/div>\n\t\t\t\t\t\n\t\t\t\t\t<\/div>\n\n\t\t\t\t\t<div class=\"anwp-pg-post-teaser__excerpt mb-2\">\n\t\t\t\tPor Roberto Meza Ram\u00edrez \/Zunoticia Huejutla, Hgo. &#8211; La noche de este martes, habitantes de este municipio bloquearon la v\u00eda federal Huejutla- Orizatl\u00e1n ante falta de servicio de electricidad y ...\t\t\t<\/div>\n\t\t\n\t\t\n\t<\/div>\n\n<\/div>\n<div class=\"anwp-pg-post-teaser anwp-pg-post-teaser--inner-cover-link anwp-pg-post-teaser--layout-d d-flex flex-column swiper-slide anwp-pg-post-teaser--has-comments-meta\">\n\t<div class=\"anwp-pg-post-teaser__thumbnail position-relative\">\n\n\t\t\n\t\t\n\t\t\t\t\t<img loading=\"lazy\" class=\"anwp-pg-post-teaser__thumbnail-img d-block anwp-pg-height-180 anwp-object-cover m-0 w-100\"\n\t\t\t\talt=\"Despliegan operativo tras persecuci\u00f3n que acab\u00f3 en un percance\"\n\t\t\t\tsrc=\"https:\/\/www.zunoticia.com\/noticias-de-hidalgo\/wp-content\/uploads\/2026\/04\/operativo-300x158.jpg\"\/>\n\t\t\n\t\t<div class=\"anwp-pg-post-teaser__thumbnail-bg anwp-position-cover\"><\/div>\n\n\t\t<a class=\"anwp-position-cover anwp-link-without-effects\" href=\"https:\/\/www.zunoticia.com\/noticias-de-hidalgo\/2026\/04\/28\/despliegan-operativo-tras-persecucion-que-acabo-en-un-percance\/\" aria-hidden=\"true\" ><\/a>\n\t<\/div>\n\n\t<div class=\"anwp-pg-post-teaser__content flex-grow-1 pt-1 d-flex flex-column\">\n\n\t\t<div class=\"anwp-pg-post-teaser__title anwp-font-heading mt-2\">\n\t\t\t<a class=\"anwp-link-without-effects\" href=\"https:\/\/www.zunoticia.com\/noticias-de-hidalgo\/2026\/04\/28\/despliegan-operativo-tras-persecucion-que-acabo-en-un-percance\/\" aria-hidden=\"true\" >\n\t\t\t\tDespliegan operativo tras persecuci\u00f3n que acab\u00f3 en un percance\t\t\t<\/a>\n\t\t<\/div>\n\n\t\t<div class=\"anwp-pg-post-teaser__bottom-meta d-flex flex-wrap\">\n\n\t\t\t\t\t\t\t<div class=\"anwp-pg-post-teaser__bottom-meta-item d-flex align-items-center mr-3\">\n\t\t\t\t\t<svg class=\"anwp-pg-icon anwp-pg-icon--s16 mr-1\">\n\t\t\t\t\t\t<use xlink:href=\"#icon-anwp-pg-calendar\"><\/use>\n\t\t\t\t\t<\/svg>\n\t\t\t\t\t<span class=\"posted-on m-0\"><span class=\"screen-reader-text\">Posted on<\/span><time class=\"anwp-pg-published\" datetime=\"2026-04-28T22:15:36-06:00\">28 abril, 2026<\/time><time class=\"anwp-pg-updated\" datetime=\"2026-04-28T22:15:37-06:00\">28 abril, 2026<\/time><\/span>\n\t\t\t\t<\/div>\n\t\t\t\t\t\t\t\t\t<div class=\"anwp-pg-post-teaser__bottom-meta-item d-flex align-items-center mr-3\">\n\t\t\t\t\t\t<svg class=\"anwp-pg-icon anwp-pg-icon--s16 mr-1\">\n\t\t\t\t\t\t\t<use xlink:href=\"#icon-anwp-pg-comment-discussion\"><\/use>\n\t\t\t\t\t\t<\/svg>\n\t\t\t\t\t\t0\t\t\t\t\t<\/div>\n\t\t\t\t\t\n\t\t\t\t\t<\/div>\n\n\t\t\t\t\t<div class=\"anwp-pg-post-teaser__excerpt mb-2\">\n\t\t\t\tPor Redacci\u00f3n\/Zunoticia Pachuca de Soto, Hgo.- La Secretar\u00eda de Seguridad P\u00fablica de Hidalgo (SSPH) inform\u00f3 derivado de labores preventivas y de combate al delito en el municipio de Apan, elementos ...\t\t\t<\/div>\n\t\t\n\t\t\n\t<\/div>\n\n<\/div>\n<div class=\"anwp-pg-post-teaser anwp-pg-post-teaser--inner-cover-link anwp-pg-post-teaser--layout-d d-flex flex-column swiper-slide anwp-pg-post-teaser--has-comments-meta\">\n\t<div class=\"anwp-pg-post-teaser__thumbnail position-relative\">\n\n\t\t\n\t\t\n\t\t\t\t\t<img loading=\"lazy\" class=\"anwp-pg-post-teaser__thumbnail-img d-block anwp-pg-height-180 anwp-object-cover m-0 w-100\"\n\t\t\t\talt=\"Cami\u00f3n de Lala a punto de caer en barranco\"\n\t\t\t\tsrc=\"https:\/\/www.zunoticia.com\/noticias-de-hidalgo\/wp-content\/uploads\/2026\/04\/WhatsApp-Image-2026-04-28-at-7.17.54-PM-300x220.jpeg\"\/>\n\t\t\n\t\t<div class=\"anwp-pg-post-teaser__thumbnail-bg anwp-position-cover\"><\/div>\n\n\t\t<a class=\"anwp-position-cover anwp-link-without-effects\" href=\"https:\/\/www.zunoticia.com\/noticias-de-hidalgo\/2026\/04\/28\/camion-de-lala-a-punto-de-caer-en-barranco\/\" aria-hidden=\"true\" ><\/a>\n\t<\/div>\n\n\t<div class=\"anwp-pg-post-teaser__content flex-grow-1 pt-1 d-flex flex-column\">\n\n\t\t<div class=\"anwp-pg-post-teaser__title anwp-font-heading mt-2\">\n\t\t\t<a class=\"anwp-link-without-effects\" href=\"https:\/\/www.zunoticia.com\/noticias-de-hidalgo\/2026\/04\/28\/camion-de-lala-a-punto-de-caer-en-barranco\/\" aria-hidden=\"true\" >\n\t\t\t\tCami\u00f3n de Lala a punto de caer en barranco\t\t\t<\/a>\n\t\t<\/div>\n\n\t\t<div class=\"anwp-pg-post-teaser__bottom-meta d-flex flex-wrap\">\n\n\t\t\t\t\t\t\t<div class=\"anwp-pg-post-teaser__bottom-meta-item d-flex align-items-center mr-3\">\n\t\t\t\t\t<svg class=\"anwp-pg-icon anwp-pg-icon--s16 mr-1\">\n\t\t\t\t\t\t<use xlink:href=\"#icon-anwp-pg-calendar\"><\/use>\n\t\t\t\t\t<\/svg>\n\t\t\t\t\t<span class=\"posted-on m-0\"><span class=\"screen-reader-text\">Posted on<\/span><time class=\"anwp-pg-published\" datetime=\"2026-04-28T20:39:10-06:00\">28 abril, 2026<\/time><time class=\"anwp-pg-updated\" datetime=\"2026-04-28T20:39:11-06:00\">28 abril, 2026<\/time><\/span>\n\t\t\t\t<\/div>\n\t\t\t\t\t\t\t\t\t<div class=\"anwp-pg-post-teaser__bottom-meta-item d-flex align-items-center mr-3\">\n\t\t\t\t\t\t<svg class=\"anwp-pg-icon anwp-pg-icon--s16 mr-1\">\n\t\t\t\t\t\t\t<use xlink:href=\"#icon-anwp-pg-comment-discussion\"><\/use>\n\t\t\t\t\t\t<\/svg>\n\t\t\t\t\t\t0\t\t\t\t\t<\/div>\n\t\t\t\t\t\n\t\t\t\t\t<\/div>\n\n\t\t\t\t\t<div class=\"anwp-pg-post-teaser__excerpt mb-2\">\n\t\t\t\tPor Roberto Ram\u00edrez\/Zunoticia Huejutla, Hgo.- La tarde de este martes se volc\u00f3 un cami\u00f3n de la empresa Lala, el veh\u00edculo qued\u00f3 atorado en un \u00e1rbol lo que evit\u00f3 que se ...\t\t\t<\/div>\n\t\t\n\t\t\n\t<\/div>\n\n<\/div>\n\t\t<\/div>\n\n\t\t\t\t\t\t\t\t\t<div class=\"swiper-pagination\"><\/div>\n\t\t\t\t\t\t\t\t\t<\/div>\n<\/div>\n\t\t\t\t<\/div>\n\t\t\t\t<\/div>\n\t\t\t\t<div class=\"elementor-element elementor-element-b7fdcab anwp-pg-widget-header-style--c elementor-hidden-widescreen elementor-hidden-desktop elementor-hidden-laptop elementor-hidden-tablet_extra elementor-hidden-tablet elementor-hidden-mobile_extra anwp-pg-post-teaser__post-icon--size-16 elementor-pagination-position-outside jltma-glass-effect-no elementor-widget elementor-widget-anwp-pg-classic-slider\" data-id=\"b7fdcab\" data-element_type=\"widget\" data-e-type=\"widget\" data-widget_type=\"anwp-pg-classic-slider.default\">\n\t\t\t\t<div class=\"elementor-widget-container\">\n\t\t\t\t\t<div class=\"anwp-pg-wrap\">\n\n\t<div class=\"anwp-pg-widget-header d-flex align-items-center position-relative\">\n\t<h4 class=\"d-flex align-items-center flex-wrap anwp-pg-widget-header__title\"> POLICIACA<\/h4>\t<div class=\"anwp-pg-widget-header__secondary-line\"><\/div>\n<\/div>\n\n\t<!-- Slider main container -->\n\t<div\n\t\tclass=\"anwp-pg-classic-slider anwp-pg-swiper-wrapper position-static swiper swiper-container anwp-pg-no-transform\"\n\t\tdata-pg-slides-per-view=\"3\"\n\t\tdata-pg-slides-per-view-mobile=\"1\"\n\t\tdata-pg-slides-per-view-tablet=\"2\"\n\t\tdata-pg-slides-per-group=\"1\"\n\t\tdata-pg-slides-per-group-mobile=\"1\"\n\t\tdata-pg-slides-per-group-tablet=\"1\"\n\t\tdata-pg-autoplay=\"yes\"\n\t\tdata-pg-autoplay-delay=\"5000\"\n\t\tdata-pg-space-between=\"20\"\n\t\tdata-pg-effect=\"slide\"\n\t\tdata-pg-show-read-more=\"no\"\n\t\tdata-pg-enable-observer=\"no\"\n\t\tdata-pg-loop=\"no\"\n\t\tdir=\"ltr\"\n\t>\n\t\t<!-- Additional required wrapper -->\n\t\t<div class=\"swiper-wrapper\">\n\t\t\t<!-- Slides -->\n\t\t\t<div class=\"anwp-pg-post-teaser anwp-pg-post-teaser--inner-cover-link anwp-pg-post-teaser--layout-d d-flex flex-column swiper-slide anwp-pg-post-teaser--has-comments-meta\">\n\t<div class=\"anwp-pg-post-teaser__thumbnail position-relative\">\n\n\t\t\n\t\t\n\t\t\t\t\t<img loading=\"lazy\" class=\"anwp-pg-post-teaser__thumbnail-img d-block anwp-pg-height-180 anwp-object-cover m-0 w-100\"\n\t\t\t\talt=\"Denuncian secuestro de una mujer y un hombre\"\n\t\t\t\tsrc=\"https:\/\/www.zunoticia.com\/noticias-de-hidalgo\/wp-content\/uploads\/2026\/04\/contra-300x199.jpeg\"\/>\n\t\t\n\t\t<div class=\"anwp-pg-post-teaser__thumbnail-bg anwp-position-cover\"><\/div>\n\n\t\t<a class=\"anwp-position-cover anwp-link-without-effects\" href=\"https:\/\/www.zunoticia.com\/noticias-de-hidalgo\/2026\/04\/30\/denuncian-secuestro-de-una-mujer-y-un-hombre\/\" aria-hidden=\"true\" ><\/a>\n\t<\/div>\n\n\t<div class=\"anwp-pg-post-teaser__content flex-grow-1 pt-1 d-flex flex-column\">\n\n\t\t<div class=\"anwp-pg-post-teaser__title anwp-font-heading mt-2\">\n\t\t\t<a class=\"anwp-link-without-effects\" href=\"https:\/\/www.zunoticia.com\/noticias-de-hidalgo\/2026\/04\/30\/denuncian-secuestro-de-una-mujer-y-un-hombre\/\" aria-hidden=\"true\" >\n\t\t\t\tDenuncian secuestro de una mujer y un hombre\t\t\t<\/a>\n\t\t<\/div>\n\n\t\t<div class=\"anwp-pg-post-teaser__bottom-meta d-flex flex-wrap\">\n\n\t\t\t\t\t\t\t<div class=\"anwp-pg-post-teaser__bottom-meta-item d-flex align-items-center mr-3\">\n\t\t\t\t\t<svg class=\"anwp-pg-icon anwp-pg-icon--s16 mr-1\">\n\t\t\t\t\t\t<use xlink:href=\"#icon-anwp-pg-calendar\"><\/use>\n\t\t\t\t\t<\/svg>\n\t\t\t\t\t<span class=\"posted-on m-0\"><span class=\"screen-reader-text\">Posted on<\/span><time class=\"anwp-pg-published\" datetime=\"2026-04-30T00:07:03-06:00\">30 abril, 2026<\/time><time class=\"anwp-pg-updated\" datetime=\"2026-04-30T00:07:04-06:00\">30 abril, 2026<\/time><\/span>\n\t\t\t\t<\/div>\n\t\t\t\t\t\t\t\t\t<div class=\"anwp-pg-post-teaser__bottom-meta-item d-flex align-items-center mr-3\">\n\t\t\t\t\t\t<svg class=\"anwp-pg-icon anwp-pg-icon--s16 mr-1\">\n\t\t\t\t\t\t\t<use xlink:href=\"#icon-anwp-pg-comment-discussion\"><\/use>\n\t\t\t\t\t\t<\/svg>\n\t\t\t\t\t\t0\t\t\t\t\t<\/div>\n\t\t\t\t\t\n\t\t\t\t\t<\/div>\n\n\t\t\t\t\t<div class=\"anwp-pg-post-teaser__excerpt mb-2\">\n\t\t\t\tRoberto Ram\u00edrez Huejutla,Hgo.- En la agencia del ministerio p\u00fablico de Huejutla, iniciaron dos denuncias por dos presuntos secuestro de una mujer y un hombre, los agraviados pidieron a las autoridades ...\t\t\t<\/div>\n\t\t\n\t\t\n\t<\/div>\n\n<\/div>\n<div class=\"anwp-pg-post-teaser anwp-pg-post-teaser--inner-cover-link anwp-pg-post-teaser--layout-d d-flex flex-column swiper-slide anwp-pg-post-teaser--has-comments-meta\">\n\t<div class=\"anwp-pg-post-teaser__thumbnail position-relative\">\n\n\t\t\n\t\t\n\t\t\t\t\t<img loading=\"lazy\" class=\"anwp-pg-post-teaser__thumbnail-img d-block anwp-pg-height-180 anwp-object-cover m-0 w-100\"\n\t\t\t\talt=\"En cenizas qued\u00f3 un cami\u00f3n en la Huejutla -Pachuca\"\n\t\t\t\tsrc=\"https:\/\/www.zunoticia.com\/noticias-de-hidalgo\/wp-content\/uploads\/2026\/04\/WhatsApp-Image-2026-04-29-at-12.36.31-PM-2-300x263.jpeg\"\/>\n\t\t\n\t\t<div class=\"anwp-pg-post-teaser__thumbnail-bg anwp-position-cover\"><\/div>\n\n\t\t<a class=\"anwp-position-cover anwp-link-without-effects\" href=\"https:\/\/www.zunoticia.com\/noticias-de-hidalgo\/2026\/04\/29\/en-cenizas-quedo-un-camion-en-la-huejutla-pachuca\/\" aria-hidden=\"true\" ><\/a>\n\t<\/div>\n\n\t<div class=\"anwp-pg-post-teaser__content flex-grow-1 pt-1 d-flex flex-column\">\n\n\t\t<div class=\"anwp-pg-post-teaser__title anwp-font-heading mt-2\">\n\t\t\t<a class=\"anwp-link-without-effects\" href=\"https:\/\/www.zunoticia.com\/noticias-de-hidalgo\/2026\/04\/29\/en-cenizas-quedo-un-camion-en-la-huejutla-pachuca\/\" aria-hidden=\"true\" >\n\t\t\t\tEn cenizas qued\u00f3 un cami\u00f3n en la Huejutla -Pachuca\t\t\t<\/a>\n\t\t<\/div>\n\n\t\t<div class=\"anwp-pg-post-teaser__bottom-meta d-flex flex-wrap\">\n\n\t\t\t\t\t\t\t<div class=\"anwp-pg-post-teaser__bottom-meta-item d-flex align-items-center mr-3\">\n\t\t\t\t\t<svg class=\"anwp-pg-icon anwp-pg-icon--s16 mr-1\">\n\t\t\t\t\t\t<use xlink:href=\"#icon-anwp-pg-calendar\"><\/use>\n\t\t\t\t\t<\/svg>\n\t\t\t\t\t<span class=\"posted-on m-0\"><span class=\"screen-reader-text\">Posted on<\/span><time class=\"anwp-pg-published\" datetime=\"2026-04-29T12:48:18-06:00\">29 abril, 2026<\/time><time class=\"anwp-pg-updated\" datetime=\"2026-04-29T12:48:20-06:00\">29 abril, 2026<\/time><\/span>\n\t\t\t\t<\/div>\n\t\t\t\t\t\t\t\t\t<div class=\"anwp-pg-post-teaser__bottom-meta-item d-flex align-items-center mr-3\">\n\t\t\t\t\t\t<svg class=\"anwp-pg-icon anwp-pg-icon--s16 mr-1\">\n\t\t\t\t\t\t\t<use xlink:href=\"#icon-anwp-pg-comment-discussion\"><\/use>\n\t\t\t\t\t\t<\/svg>\n\t\t\t\t\t\t0\t\t\t\t\t<\/div>\n\t\t\t\t\t\n\t\t\t\t\t<\/div>\n\n\t\t\t\t\t<div class=\"anwp-pg-post-teaser__excerpt mb-2\">\n\t\t\t\tPor Roberto Meza Ram\u00edrez \/Zunoticia Metztitl\u00e1n, Hgo. &#8211; Lo que inici\u00f3 con un leve incendio en las llantas traseras, termin\u00f3 calcinando un cami\u00f3n. Fue la ma\u00f1ana de este mi\u00e9rcoles cuando ...\t\t\t<\/div>\n\t\t\n\t\t\n\t<\/div>\n\n<\/div>\n<div class=\"anwp-pg-post-teaser anwp-pg-post-teaser--inner-cover-link anwp-pg-post-teaser--layout-d d-flex flex-column swiper-slide anwp-pg-post-teaser--has-comments-meta\">\n\t<div class=\"anwp-pg-post-teaser__thumbnail position-relative\">\n\n\t\t\n\t\t\n\t\t\t\t\t<img loading=\"lazy\" class=\"anwp-pg-post-teaser__thumbnail-img d-block anwp-pg-height-180 anwp-object-cover m-0 w-100\"\n\t\t\t\talt=\"Veloz automovilista choc\u00f3 por alcance con Urvan pasajera\"\n\t\t\t\tsrc=\"https:\/\/www.zunoticia.com\/noticias-de-hidalgo\/wp-content\/uploads\/2026\/04\/WhatsApp-Image-2026-04-29-at-9.55.45-AM-300x188.jpeg\"\/>\n\t\t\n\t\t<div class=\"anwp-pg-post-teaser__thumbnail-bg anwp-position-cover\"><\/div>\n\n\t\t<a class=\"anwp-position-cover anwp-link-without-effects\" href=\"https:\/\/www.zunoticia.com\/noticias-de-hidalgo\/2026\/04\/29\/veloz-automovilista-choco-por-alcance-con-urvan-pasajera\/\" aria-hidden=\"true\" ><\/a>\n\t<\/div>\n\n\t<div class=\"anwp-pg-post-teaser__content flex-grow-1 pt-1 d-flex flex-column\">\n\n\t\t<div class=\"anwp-pg-post-teaser__title anwp-font-heading mt-2\">\n\t\t\t<a class=\"anwp-link-without-effects\" href=\"https:\/\/www.zunoticia.com\/noticias-de-hidalgo\/2026\/04\/29\/veloz-automovilista-choco-por-alcance-con-urvan-pasajera\/\" aria-hidden=\"true\" >\n\t\t\t\tVeloz automovilista choc\u00f3 por alcance con Urvan pasajera\t\t\t<\/a>\n\t\t<\/div>\n\n\t\t<div class=\"anwp-pg-post-teaser__bottom-meta d-flex flex-wrap\">\n\n\t\t\t\t\t\t\t<div class=\"anwp-pg-post-teaser__bottom-meta-item d-flex align-items-center mr-3\">\n\t\t\t\t\t<svg class=\"anwp-pg-icon anwp-pg-icon--s16 mr-1\">\n\t\t\t\t\t\t<use xlink:href=\"#icon-anwp-pg-calendar\"><\/use>\n\t\t\t\t\t<\/svg>\n\t\t\t\t\t<span class=\"posted-on m-0\"><span class=\"screen-reader-text\">Posted on<\/span><time class=\"anwp-pg-published\" datetime=\"2026-04-29T10:36:20-06:00\">29 abril, 2026<\/time><time class=\"anwp-pg-updated\" datetime=\"2026-04-29T10:36:21-06:00\">29 abril, 2026<\/time><\/span>\n\t\t\t\t<\/div>\n\t\t\t\t\t\t\t\t\t<div class=\"anwp-pg-post-teaser__bottom-meta-item d-flex align-items-center mr-3\">\n\t\t\t\t\t\t<svg class=\"anwp-pg-icon anwp-pg-icon--s16 mr-1\">\n\t\t\t\t\t\t\t<use xlink:href=\"#icon-anwp-pg-comment-discussion\"><\/use>\n\t\t\t\t\t\t<\/svg>\n\t\t\t\t\t\t0\t\t\t\t\t<\/div>\n\t\t\t\t\t\n\t\t\t\t\t<\/div>\n\n\t\t\t\t\t<div class=\"anwp-pg-post-teaser__excerpt mb-2\">\n\t\t\t\tPor Roberto Meza Ram\u00edrez \/Zunoticia Huejutla, Hgo. &#8211; Veloz automovilista choc\u00f3 por alcance con Urvan pasajera sobre el bulevar Central de esta ciudad, el percance s\u00f3lo dej\u00f3 da\u00f1os materiales y ...\t\t\t<\/div>\n\t\t\n\t\t\n\t<\/div>\n\n<\/div>\n<div class=\"anwp-pg-post-teaser anwp-pg-post-teaser--inner-cover-link anwp-pg-post-teaser--layout-d d-flex flex-column swiper-slide anwp-pg-post-teaser--has-comments-meta\">\n\t<div class=\"anwp-pg-post-teaser__thumbnail position-relative\">\n\n\t\t\n\t\t\n\t\t\t\t\t<img loading=\"lazy\" class=\"anwp-pg-post-teaser__thumbnail-img d-block anwp-pg-height-180 anwp-object-cover m-0 w-100\"\n\t\t\t\talt=\"Con bloqueo carretero logran que les restablezcan la energ\u00eda el\u00e9ctrica\"\n\t\t\t\tsrc=\"https:\/\/www.zunoticia.com\/noticias-de-hidalgo\/wp-content\/uploads\/2026\/04\/WhatsApp-Image-2026-04-29-at-9.53.38-AM-300x173.jpeg\"\/>\n\t\t\n\t\t<div class=\"anwp-pg-post-teaser__thumbnail-bg anwp-position-cover\"><\/div>\n\n\t\t<a class=\"anwp-position-cover anwp-link-without-effects\" href=\"https:\/\/www.zunoticia.com\/noticias-de-hidalgo\/2026\/04\/29\/con-bloqueo-carretero-logran-que-les-restablezcan-la-energia-electrica\/\" aria-hidden=\"true\" ><\/a>\n\t<\/div>\n\n\t<div class=\"anwp-pg-post-teaser__content flex-grow-1 pt-1 d-flex flex-column\">\n\n\t\t<div class=\"anwp-pg-post-teaser__title anwp-font-heading mt-2\">\n\t\t\t<a class=\"anwp-link-without-effects\" href=\"https:\/\/www.zunoticia.com\/noticias-de-hidalgo\/2026\/04\/29\/con-bloqueo-carretero-logran-que-les-restablezcan-la-energia-electrica\/\" aria-hidden=\"true\" >\n\t\t\t\tCon bloqueo carretero logran que les restablezcan la energ\u00eda el\u00e9ctrica\t\t\t<\/a>\n\t\t<\/div>\n\n\t\t<div class=\"anwp-pg-post-teaser__bottom-meta d-flex flex-wrap\">\n\n\t\t\t\t\t\t\t<div class=\"anwp-pg-post-teaser__bottom-meta-item d-flex align-items-center mr-3\">\n\t\t\t\t\t<svg class=\"anwp-pg-icon anwp-pg-icon--s16 mr-1\">\n\t\t\t\t\t\t<use xlink:href=\"#icon-anwp-pg-calendar\"><\/use>\n\t\t\t\t\t<\/svg>\n\t\t\t\t\t<span class=\"posted-on m-0\"><span class=\"screen-reader-text\">Posted on<\/span><time class=\"anwp-pg-published\" datetime=\"2026-04-29T10:06:48-06:00\">29 abril, 2026<\/time><time class=\"anwp-pg-updated\" datetime=\"2026-04-29T10:06:49-06:00\">29 abril, 2026<\/time><\/span>\n\t\t\t\t<\/div>\n\t\t\t\t\t\t\t\t\t<div class=\"anwp-pg-post-teaser__bottom-meta-item d-flex align-items-center mr-3\">\n\t\t\t\t\t\t<svg class=\"anwp-pg-icon anwp-pg-icon--s16 mr-1\">\n\t\t\t\t\t\t\t<use xlink:href=\"#icon-anwp-pg-comment-discussion\"><\/use>\n\t\t\t\t\t\t<\/svg>\n\t\t\t\t\t\t0\t\t\t\t\t<\/div>\n\t\t\t\t\t\n\t\t\t\t\t<\/div>\n\n\t\t\t\t\t<div class=\"anwp-pg-post-teaser__excerpt mb-2\">\n\t\t\t\tPor Roberto Meza Ram\u00edrez \/Zunoticia Huejutla, Hgo. &#8211; La noche de este martes, habitantes de este municipio bloquearon la v\u00eda federal Huejutla- Orizatl\u00e1n ante falta de servicio de electricidad y ...\t\t\t<\/div>\n\t\t\n\t\t\n\t<\/div>\n\n<\/div>\n<div class=\"anwp-pg-post-teaser anwp-pg-post-teaser--inner-cover-link anwp-pg-post-teaser--layout-d d-flex flex-column swiper-slide anwp-pg-post-teaser--has-comments-meta\">\n\t<div class=\"anwp-pg-post-teaser__thumbnail position-relative\">\n\n\t\t\n\t\t\n\t\t\t\t\t<img loading=\"lazy\" class=\"anwp-pg-post-teaser__thumbnail-img d-block anwp-pg-height-180 anwp-object-cover m-0 w-100\"\n\t\t\t\talt=\"Despliegan operativo tras persecuci\u00f3n que acab\u00f3 en un percance\"\n\t\t\t\tsrc=\"https:\/\/www.zunoticia.com\/noticias-de-hidalgo\/wp-content\/uploads\/2026\/04\/operativo-300x158.jpg\"\/>\n\t\t\n\t\t<div class=\"anwp-pg-post-teaser__thumbnail-bg anwp-position-cover\"><\/div>\n\n\t\t<a class=\"anwp-position-cover anwp-link-without-effects\" href=\"https:\/\/www.zunoticia.com\/noticias-de-hidalgo\/2026\/04\/28\/despliegan-operativo-tras-persecucion-que-acabo-en-un-percance\/\" aria-hidden=\"true\" ><\/a>\n\t<\/div>\n\n\t<div class=\"anwp-pg-post-teaser__content flex-grow-1 pt-1 d-flex flex-column\">\n\n\t\t<div class=\"anwp-pg-post-teaser__title anwp-font-heading mt-2\">\n\t\t\t<a class=\"anwp-link-without-effects\" href=\"https:\/\/www.zunoticia.com\/noticias-de-hidalgo\/2026\/04\/28\/despliegan-operativo-tras-persecucion-que-acabo-en-un-percance\/\" aria-hidden=\"true\" >\n\t\t\t\tDespliegan operativo tras persecuci\u00f3n que acab\u00f3 en un percance\t\t\t<\/a>\n\t\t<\/div>\n\n\t\t<div class=\"anwp-pg-post-teaser__bottom-meta d-flex flex-wrap\">\n\n\t\t\t\t\t\t\t<div class=\"anwp-pg-post-teaser__bottom-meta-item d-flex align-items-center mr-3\">\n\t\t\t\t\t<svg class=\"anwp-pg-icon anwp-pg-icon--s16 mr-1\">\n\t\t\t\t\t\t<use xlink:href=\"#icon-anwp-pg-calendar\"><\/use>\n\t\t\t\t\t<\/svg>\n\t\t\t\t\t<span class=\"posted-on m-0\"><span class=\"screen-reader-text\">Posted on<\/span><time class=\"anwp-pg-published\" datetime=\"2026-04-28T22:15:36-06:00\">28 abril, 2026<\/time><time class=\"anwp-pg-updated\" datetime=\"2026-04-28T22:15:37-06:00\">28 abril, 2026<\/time><\/span>\n\t\t\t\t<\/div>\n\t\t\t\t\t\t\t\t\t<div class=\"anwp-pg-post-teaser__bottom-meta-item d-flex align-items-center mr-3\">\n\t\t\t\t\t\t<svg class=\"anwp-pg-icon anwp-pg-icon--s16 mr-1\">\n\t\t\t\t\t\t\t<use xlink:href=\"#icon-anwp-pg-comment-discussion\"><\/use>\n\t\t\t\t\t\t<\/svg>\n\t\t\t\t\t\t0\t\t\t\t\t<\/div>\n\t\t\t\t\t\n\t\t\t\t\t<\/div>\n\n\t\t\t\t\t<div class=\"anwp-pg-post-teaser__excerpt mb-2\">\n\t\t\t\tPor Redacci\u00f3n\/Zunoticia Pachuca de Soto, Hgo.- La Secretar\u00eda de Seguridad P\u00fablica de Hidalgo (SSPH) inform\u00f3 derivado de labores preventivas y de combate al delito en el municipio de Apan, elementos ...\t\t\t<\/div>\n\t\t\n\t\t\n\t<\/div>\n\n<\/div>\n<div class=\"anwp-pg-post-teaser anwp-pg-post-teaser--inner-cover-link anwp-pg-post-teaser--layout-d d-flex flex-column swiper-slide anwp-pg-post-teaser--has-comments-meta\">\n\t<div class=\"anwp-pg-post-teaser__thumbnail position-relative\">\n\n\t\t\n\t\t\n\t\t\t\t\t<img loading=\"lazy\" class=\"anwp-pg-post-teaser__thumbnail-img d-block anwp-pg-height-180 anwp-object-cover m-0 w-100\"\n\t\t\t\talt=\"Cami\u00f3n de Lala a punto de caer en barranco\"\n\t\t\t\tsrc=\"https:\/\/www.zunoticia.com\/noticias-de-hidalgo\/wp-content\/uploads\/2026\/04\/WhatsApp-Image-2026-04-28-at-7.17.54-PM-300x220.jpeg\"\/>\n\t\t\n\t\t<div class=\"anwp-pg-post-teaser__thumbnail-bg anwp-position-cover\"><\/div>\n\n\t\t<a class=\"anwp-position-cover anwp-link-without-effects\" href=\"https:\/\/www.zunoticia.com\/noticias-de-hidalgo\/2026\/04\/28\/camion-de-lala-a-punto-de-caer-en-barranco\/\" aria-hidden=\"true\" ><\/a>\n\t<\/div>\n\n\t<div class=\"anwp-pg-post-teaser__content flex-grow-1 pt-1 d-flex flex-column\">\n\n\t\t<div class=\"anwp-pg-post-teaser__title anwp-font-heading mt-2\">\n\t\t\t<a class=\"anwp-link-without-effects\" href=\"https:\/\/www.zunoticia.com\/noticias-de-hidalgo\/2026\/04\/28\/camion-de-lala-a-punto-de-caer-en-barranco\/\" aria-hidden=\"true\" >\n\t\t\t\tCami\u00f3n de Lala a punto de caer en barranco\t\t\t<\/a>\n\t\t<\/div>\n\n\t\t<div class=\"anwp-pg-post-teaser__bottom-meta d-flex flex-wrap\">\n\n\t\t\t\t\t\t\t<div class=\"anwp-pg-post-teaser__bottom-meta-item d-flex align-items-center mr-3\">\n\t\t\t\t\t<svg class=\"anwp-pg-icon anwp-pg-icon--s16 mr-1\">\n\t\t\t\t\t\t<use xlink:href=\"#icon-anwp-pg-calendar\"><\/use>\n\t\t\t\t\t<\/svg>\n\t\t\t\t\t<span class=\"posted-on m-0\"><span class=\"screen-reader-text\">Posted on<\/span><time class=\"anwp-pg-published\" datetime=\"2026-04-28T20:39:10-06:00\">28 abril, 2026<\/time><time class=\"anwp-pg-updated\" datetime=\"2026-04-28T20:39:11-06:00\">28 abril, 2026<\/time><\/span>\n\t\t\t\t<\/div>\n\t\t\t\t\t\t\t\t\t<div class=\"anwp-pg-post-teaser__bottom-meta-item d-flex align-items-center mr-3\">\n\t\t\t\t\t\t<svg class=\"anwp-pg-icon anwp-pg-icon--s16 mr-1\">\n\t\t\t\t\t\t\t<use xlink:href=\"#icon-anwp-pg-comment-discussion\"><\/use>\n\t\t\t\t\t\t<\/svg>\n\t\t\t\t\t\t0\t\t\t\t\t<\/div>\n\t\t\t\t\t\n\t\t\t\t\t<\/div>\n\n\t\t\t\t\t<div class=\"anwp-pg-post-teaser__excerpt mb-2\">\n\t\t\t\tPor Roberto Ram\u00edrez\/Zunoticia Huejutla, Hgo.- La tarde de este martes se volc\u00f3 un cami\u00f3n de la empresa Lala, el veh\u00edculo qued\u00f3 atorado en un \u00e1rbol lo que evit\u00f3 que se ...\t\t\t<\/div>\n\t\t\n\t\t\n\t<\/div>\n\n<\/div>\n\t\t<\/div>\n\n\t\t\t\t\t\t\t\t\t<div class=\"swiper-pagination\"><\/div>\n\t\t\t\t\t\t\t\t\t<\/div>\n<\/div>\n\t\t\t\t<\/div>\n\t\t\t\t<\/div>\n\t\t\t\t<div class=\"elementor-element elementor-element-d390af6 elementor-hidden-mobile jltma-glass-effect-no elementor-widget elementor-widget-heading\" data-id=\"d390af6\" data-element_type=\"widget\" data-e-type=\"widget\" data-widget_type=\"heading.default\">\n\t\t\t\t<div class=\"elementor-widget-container\">\n\t\t\t\t\t<h4 class=\"elementor-heading-title elementor-size-default\">ORIZATL\u00c1N<\/h4>\t\t\t\t<\/div>\n\t\t\t\t<\/div>\n\t\t\t\t<div class=\"elementor-element elementor-element-1cebb9f anwp-pg-widget-header-style--c elementor-hidden-mobile anwp-pg-post-teaser__post-icon--size-16 elementor-pagination-position-outside jltma-glass-effect-no elementor-widget elementor-widget-anwp-pg-classic-slider\" data-id=\"1cebb9f\" data-element_type=\"widget\" data-e-type=\"widget\" data-widget_type=\"anwp-pg-classic-slider.default\">\n\t\t\t\t<div class=\"elementor-widget-container\">\n\t\t\t\t\t<div class=\"anwp-pg-wrap\">\n\n\t\n\t<!-- Slider main container -->\n\t<div\n\t\tclass=\"anwp-pg-classic-slider anwp-pg-swiper-wrapper position-static swiper swiper-container anwp-pg-no-transform\"\n\t\tdata-pg-slides-per-view=\"3\"\n\t\tdata-pg-slides-per-view-mobile=\"1\"\n\t\tdata-pg-slides-per-view-tablet=\"2\"\n\t\tdata-pg-slides-per-group=\"1\"\n\t\tdata-pg-slides-per-group-mobile=\"1\"\n\t\tdata-pg-slides-per-group-tablet=\"1\"\n\t\tdata-pg-autoplay=\"yes\"\n\t\tdata-pg-autoplay-delay=\"5000\"\n\t\tdata-pg-space-between=\"20\"\n\t\tdata-pg-effect=\"slide\"\n\t\tdata-pg-show-read-more=\"no\"\n\t\tdata-pg-enable-observer=\"no\"\n\t\tdata-pg-loop=\"no\"\n\t\tdir=\"ltr\"\n\t>\n\t\t<!-- Additional required wrapper -->\n\t\t<div class=\"swiper-wrapper\">\n\t\t\t<!-- Slides -->\n\t\t\t<div class=\"anwp-pg-post-teaser anwp-pg-post-teaser--inner-cover-link anwp-pg-post-teaser--layout-d d-flex flex-column swiper-slide anwp-pg-post-teaser--has-comments-meta\">\n\t<div class=\"anwp-pg-post-teaser__thumbnail position-relative\">\n\n\t\t\n\t\t\n\t\t\t\t\t<img loading=\"lazy\" class=\"anwp-pg-post-teaser__thumbnail-img d-block anwp-pg-height-180 anwp-object-cover m-0 w-100\"\n\t\t\t\talt=\"Renuevan dirigencia de taxis de San Felipe\"\n\t\t\t\tsrc=\"https:\/\/www.zunoticia.com\/noticias-de-hidalgo\/wp-content\/uploads\/2026\/04\/renuevan-300x158.jpg\"\/>\n\t\t\n\t\t<div class=\"anwp-pg-post-teaser__thumbnail-bg anwp-position-cover\"><\/div>\n\n\t\t<a class=\"anwp-position-cover anwp-link-without-effects\" href=\"https:\/\/www.zunoticia.com\/noticias-de-hidalgo\/2026\/04\/23\/renuevan-dirigencia-de-taxis-de-san-felipe\/\" aria-hidden=\"true\" ><\/a>\n\t<\/div>\n\n\t<div class=\"anwp-pg-post-teaser__content flex-grow-1 pt-1 d-flex flex-column\">\n\n\t\t<div class=\"anwp-pg-post-teaser__title anwp-font-heading mt-2\">\n\t\t\t<a class=\"anwp-link-without-effects\" href=\"https:\/\/www.zunoticia.com\/noticias-de-hidalgo\/2026\/04\/23\/renuevan-dirigencia-de-taxis-de-san-felipe\/\" aria-hidden=\"true\" >\n\t\t\t\tRenuevan dirigencia de taxis de San Felipe\t\t\t<\/a>\n\t\t<\/div>\n\n\t\t<div class=\"anwp-pg-post-teaser__bottom-meta d-flex flex-wrap\">\n\n\t\t\t\t\t\t\t<div class=\"anwp-pg-post-teaser__bottom-meta-item d-flex align-items-center mr-3\">\n\t\t\t\t\t<svg class=\"anwp-pg-icon anwp-pg-icon--s16 mr-1\">\n\t\t\t\t\t\t<use xlink:href=\"#icon-anwp-pg-calendar\"><\/use>\n\t\t\t\t\t<\/svg>\n\t\t\t\t\t<span class=\"posted-on m-0\"><span class=\"screen-reader-text\">Posted on<\/span><time class=\"anwp-pg-published\" datetime=\"2026-04-23T10:02:38-06:00\">23 abril, 2026<\/time><time class=\"anwp-pg-updated\" datetime=\"2026-04-23T10:02:39-06:00\">23 abril, 2026<\/time><\/span>\n\t\t\t\t<\/div>\n\t\t\t\t\t\t\t\t\t<div class=\"anwp-pg-post-teaser__bottom-meta-item d-flex align-items-center mr-3\">\n\t\t\t\t\t\t<svg class=\"anwp-pg-icon anwp-pg-icon--s16 mr-1\">\n\t\t\t\t\t\t\t<use xlink:href=\"#icon-anwp-pg-comment-discussion\"><\/use>\n\t\t\t\t\t\t<\/svg>\n\t\t\t\t\t\t0\t\t\t\t\t<\/div>\n\t\t\t\t\t\n\t\t\t\t\t<\/div>\n\n\t\t\t\t\t<div class=\"anwp-pg-post-teaser__excerpt mb-2\">\n\t\t\t\tPor \u00c1ngel Osiris Castillo Garc\u00eda\/Zunoticia San Felipe Orizatl\u00e1n, Hgo.- Hace poco menos de un mes, se llev\u00f3 a cabo el cambio de la dirigencia de la base de taxis de ...\t\t\t<\/div>\n\t\t\n\t\t\n\t<\/div>\n\n<\/div>\n<div class=\"anwp-pg-post-teaser anwp-pg-post-teaser--inner-cover-link anwp-pg-post-teaser--layout-d d-flex flex-column swiper-slide anwp-pg-post-teaser--has-comments-meta\">\n\t<div class=\"anwp-pg-post-teaser__thumbnail position-relative\">\n\n\t\t\n\t\t\n\t\t\t\t\t<img loading=\"lazy\" class=\"anwp-pg-post-teaser__thumbnail-img d-block anwp-pg-height-180 anwp-object-cover m-0 w-100\"\n\t\t\t\talt=\"Actas de nacimiento for\u00e1neas, el tr\u00e1mite m\u00e1s solicitado a la USE\"\n\t\t\t\tsrc=\"https:\/\/www.zunoticia.com\/noticias-de-hidalgo\/wp-content\/uploads\/2026\/04\/use1-300x158.jpg\"\/>\n\t\t\n\t\t<div class=\"anwp-pg-post-teaser__thumbnail-bg anwp-position-cover\"><\/div>\n\n\t\t<a class=\"anwp-position-cover anwp-link-without-effects\" href=\"https:\/\/www.zunoticia.com\/noticias-de-hidalgo\/2026\/04\/23\/actas-de-nacimiento-foraneas-el-tramite-mas-solicitado-a-la-use\/\" aria-hidden=\"true\" ><\/a>\n\t<\/div>\n\n\t<div class=\"anwp-pg-post-teaser__content flex-grow-1 pt-1 d-flex flex-column\">\n\n\t\t<div class=\"anwp-pg-post-teaser__title anwp-font-heading mt-2\">\n\t\t\t<a class=\"anwp-link-without-effects\" href=\"https:\/\/www.zunoticia.com\/noticias-de-hidalgo\/2026\/04\/23\/actas-de-nacimiento-foraneas-el-tramite-mas-solicitado-a-la-use\/\" aria-hidden=\"true\" >\n\t\t\t\tActas de nacimiento for\u00e1neas, el tr\u00e1mite m\u00e1s solicitado a la USE\t\t\t<\/a>\n\t\t<\/div>\n\n\t\t<div class=\"anwp-pg-post-teaser__bottom-meta d-flex flex-wrap\">\n\n\t\t\t\t\t\t\t<div class=\"anwp-pg-post-teaser__bottom-meta-item d-flex align-items-center mr-3\">\n\t\t\t\t\t<svg class=\"anwp-pg-icon anwp-pg-icon--s16 mr-1\">\n\t\t\t\t\t\t<use xlink:href=\"#icon-anwp-pg-calendar\"><\/use>\n\t\t\t\t\t<\/svg>\n\t\t\t\t\t<span class=\"posted-on m-0\"><span class=\"screen-reader-text\">Posted on<\/span><time class=\"anwp-pg-published\" datetime=\"2026-04-23T09:54:22-06:00\">23 abril, 2026<\/time><time class=\"anwp-pg-updated\" datetime=\"2026-04-23T09:54:24-06:00\">23 abril, 2026<\/time><\/span>\n\t\t\t\t<\/div>\n\t\t\t\t\t\t\t\t\t<div class=\"anwp-pg-post-teaser__bottom-meta-item d-flex align-items-center mr-3\">\n\t\t\t\t\t\t<svg class=\"anwp-pg-icon anwp-pg-icon--s16 mr-1\">\n\t\t\t\t\t\t\t<use xlink:href=\"#icon-anwp-pg-comment-discussion\"><\/use>\n\t\t\t\t\t\t<\/svg>\n\t\t\t\t\t\t0\t\t\t\t\t<\/div>\n\t\t\t\t\t\n\t\t\t\t\t<\/div>\n\n\t\t\t\t\t<div class=\"anwp-pg-post-teaser__excerpt mb-2\">\n\t\t\t\tPor \u00c1ngel Osiris Castillo Garc\u00eda\/Zunoticia San Felipe Orizatl\u00e1n, Hgo.- A fin de ahorrar dinero y tiempo a la poblaci\u00f3n la Unidad de Servicios Estatales del Gobierno del Estado, acudi\u00f3 al ...\t\t\t<\/div>\n\t\t\n\t\t\n\t<\/div>\n\n<\/div>\n<div class=\"anwp-pg-post-teaser anwp-pg-post-teaser--inner-cover-link anwp-pg-post-teaser--layout-d d-flex flex-column swiper-slide anwp-pg-post-teaser--has-comments-meta\">\n\t<div class=\"anwp-pg-post-teaser__thumbnail position-relative\">\n\n\t\t\n\t\t\n\t\t\t\t\t<img loading=\"lazy\" class=\"anwp-pg-post-teaser__thumbnail-img d-block anwp-pg-height-180 anwp-object-cover m-0 w-100\"\n\t\t\t\talt=\"Quemas de basura sin supervisi\u00f3n\"\n\t\t\t\tsrc=\"https:\/\/www.zunoticia.com\/noticias-de-hidalgo\/wp-content\/uploads\/2026\/03\/Zunoticia-Huejutla-151-300x168.png\"\/>\n\t\t\n\t\t<div class=\"anwp-pg-post-teaser__thumbnail-bg anwp-position-cover\"><\/div>\n\n\t\t<a class=\"anwp-position-cover anwp-link-without-effects\" href=\"https:\/\/www.zunoticia.com\/noticias-de-hidalgo\/2026\/03\/14\/quemas-de-basura-sin-supervision\/\" aria-hidden=\"true\" ><\/a>\n\t<\/div>\n\n\t<div class=\"anwp-pg-post-teaser__content flex-grow-1 pt-1 d-flex flex-column\">\n\n\t\t<div class=\"anwp-pg-post-teaser__title anwp-font-heading mt-2\">\n\t\t\t<a class=\"anwp-link-without-effects\" href=\"https:\/\/www.zunoticia.com\/noticias-de-hidalgo\/2026\/03\/14\/quemas-de-basura-sin-supervision\/\" aria-hidden=\"true\" >\n\t\t\t\tQuemas de basura sin supervisi\u00f3n\t\t\t<\/a>\n\t\t<\/div>\n\n\t\t<div class=\"anwp-pg-post-teaser__bottom-meta d-flex flex-wrap\">\n\n\t\t\t\t\t\t\t<div class=\"anwp-pg-post-teaser__bottom-meta-item d-flex align-items-center mr-3\">\n\t\t\t\t\t<svg class=\"anwp-pg-icon anwp-pg-icon--s16 mr-1\">\n\t\t\t\t\t\t<use xlink:href=\"#icon-anwp-pg-calendar\"><\/use>\n\t\t\t\t\t<\/svg>\n\t\t\t\t\t<span class=\"posted-on m-0\"><span class=\"screen-reader-text\">Posted on<\/span><time class=\"anwp-pg-published\" datetime=\"2026-03-14T11:04:13-06:00\">14 marzo, 2026<\/time><time class=\"anwp-pg-updated\" datetime=\"2026-03-14T11:04:14-06:00\">14 marzo, 2026<\/time><\/span>\n\t\t\t\t<\/div>\n\t\t\t\t\t\t\t\t\t<div class=\"anwp-pg-post-teaser__bottom-meta-item d-flex align-items-center mr-3\">\n\t\t\t\t\t\t<svg class=\"anwp-pg-icon anwp-pg-icon--s16 mr-1\">\n\t\t\t\t\t\t\t<use xlink:href=\"#icon-anwp-pg-comment-discussion\"><\/use>\n\t\t\t\t\t\t<\/svg>\n\t\t\t\t\t\t0\t\t\t\t\t<\/div>\n\t\t\t\t\t\n\t\t\t\t\t<\/div>\n\n\t\t\t\t\t<div class=\"anwp-pg-post-teaser__excerpt mb-2\">\n\t\t\t\tPor Jorge S\u00e1nchez\/Zunoticia \u200bSan Felipe Orizatl\u00e1n, Hgo. \u2014 La persistente pr\u00e1ctica de la quema de desechos en diversos puntos del municipio, utilizada com\u00fanmente para eliminar residuos tanto org\u00e1nicos como inorg\u00e1nicos, ...\t\t\t<\/div>\n\t\t\n\t\t\n\t<\/div>\n\n<\/div>\n<div class=\"anwp-pg-post-teaser anwp-pg-post-teaser--inner-cover-link anwp-pg-post-teaser--layout-d d-flex flex-column swiper-slide anwp-pg-post-teaser--has-comments-meta\">\n\t<div class=\"anwp-pg-post-teaser__thumbnail position-relative\">\n\n\t\t\n\t\t\n\t\t\t\t\t<img loading=\"lazy\" class=\"anwp-pg-post-teaser__thumbnail-img d-block anwp-pg-height-180 anwp-object-cover m-0 w-100\"\n\t\t\t\talt=\"Parroquia de San Felipe de Jes\u00fas prepara el Viacrucis Viviente\"\n\t\t\t\tsrc=\"https:\/\/www.zunoticia.com\/noticias-de-hidalgo\/wp-content\/uploads\/2026\/03\/Zunoticia-Huejutla-1-101-300x168.png\"\/>\n\t\t\n\t\t<div class=\"anwp-pg-post-teaser__thumbnail-bg anwp-position-cover\"><\/div>\n\n\t\t<a class=\"anwp-position-cover anwp-link-without-effects\" href=\"https:\/\/www.zunoticia.com\/noticias-de-hidalgo\/2026\/03\/14\/parroquia-de-san-felipe-de-jesus-prepara-el-viacrucis-viviente\/\" aria-hidden=\"true\" ><\/a>\n\t<\/div>\n\n\t<div class=\"anwp-pg-post-teaser__content flex-grow-1 pt-1 d-flex flex-column\">\n\n\t\t<div class=\"anwp-pg-post-teaser__title anwp-font-heading mt-2\">\n\t\t\t<a class=\"anwp-link-without-effects\" href=\"https:\/\/www.zunoticia.com\/noticias-de-hidalgo\/2026\/03\/14\/parroquia-de-san-felipe-de-jesus-prepara-el-viacrucis-viviente\/\" aria-hidden=\"true\" >\n\t\t\t\tParroquia de San Felipe de Jes\u00fas prepara el Viacrucis Viviente\t\t\t<\/a>\n\t\t<\/div>\n\n\t\t<div class=\"anwp-pg-post-teaser__bottom-meta d-flex flex-wrap\">\n\n\t\t\t\t\t\t\t<div class=\"anwp-pg-post-teaser__bottom-meta-item d-flex align-items-center mr-3\">\n\t\t\t\t\t<svg class=\"anwp-pg-icon anwp-pg-icon--s16 mr-1\">\n\t\t\t\t\t\t<use xlink:href=\"#icon-anwp-pg-calendar\"><\/use>\n\t\t\t\t\t<\/svg>\n\t\t\t\t\t<span class=\"posted-on m-0\"><span class=\"screen-reader-text\">Posted on<\/span><time class=\"anwp-pg-published\" datetime=\"2026-03-14T10:45:29-06:00\">14 marzo, 2026<\/time><time class=\"anwp-pg-updated\" datetime=\"2026-03-14T10:45:30-06:00\">14 marzo, 2026<\/time><\/span>\n\t\t\t\t<\/div>\n\t\t\t\t\t\t\t\t\t<div class=\"anwp-pg-post-teaser__bottom-meta-item d-flex align-items-center mr-3\">\n\t\t\t\t\t\t<svg class=\"anwp-pg-icon anwp-pg-icon--s16 mr-1\">\n\t\t\t\t\t\t\t<use xlink:href=\"#icon-anwp-pg-comment-discussion\"><\/use>\n\t\t\t\t\t\t<\/svg>\n\t\t\t\t\t\t0\t\t\t\t\t<\/div>\n\t\t\t\t\t\n\t\t\t\t\t<\/div>\n\n\t\t\t\t\t<div class=\"anwp-pg-post-teaser__excerpt mb-2\">\n\t\t\t\tPor Jorge S\u00e1nchez\/Zunoticia San Felipe Orizatl\u00e1n, Hgo. \u2013 La Parroquia de San Felipe de Jes\u00fas ha iniciado formalmente los preparativos y ensayos para la representaci\u00f3n del Viacrucis Viviente de este ...\t\t\t<\/div>\n\t\t\n\t\t\n\t<\/div>\n\n<\/div>\n<div class=\"anwp-pg-post-teaser anwp-pg-post-teaser--inner-cover-link anwp-pg-post-teaser--layout-d d-flex flex-column swiper-slide anwp-pg-post-teaser--has-comments-meta\">\n\t<div class=\"anwp-pg-post-teaser__thumbnail position-relative\">\n\n\t\t\n\t\t\n\t\t\t\t\t<img loading=\"lazy\" class=\"anwp-pg-post-teaser__thumbnail-img d-block anwp-pg-height-180 anwp-object-cover m-0 w-100\"\n\t\t\t\talt=\"Falta de seguridad en trabajos de mantenimiento en la zona centro\"\n\t\t\t\tsrc=\"https:\/\/www.zunoticia.com\/noticias-de-hidalgo\/wp-content\/uploads\/2026\/03\/Zunoticia-Huejutla-3-29-300x168.png\"\/>\n\t\t\n\t\t<div class=\"anwp-pg-post-teaser__thumbnail-bg anwp-position-cover\"><\/div>\n\n\t\t<a class=\"anwp-position-cover anwp-link-without-effects\" href=\"https:\/\/www.zunoticia.com\/noticias-de-hidalgo\/2026\/03\/14\/falta-de-seguridad-en-trabajos-de-mantenimiento-en-la-zona-centro\/\" aria-hidden=\"true\" ><\/a>\n\t<\/div>\n\n\t<div class=\"anwp-pg-post-teaser__content flex-grow-1 pt-1 d-flex flex-column\">\n\n\t\t<div class=\"anwp-pg-post-teaser__title anwp-font-heading mt-2\">\n\t\t\t<a class=\"anwp-link-without-effects\" href=\"https:\/\/www.zunoticia.com\/noticias-de-hidalgo\/2026\/03\/14\/falta-de-seguridad-en-trabajos-de-mantenimiento-en-la-zona-centro\/\" aria-hidden=\"true\" >\n\t\t\t\tFalta de seguridad en trabajos de mantenimiento en la zona centro\t\t\t<\/a>\n\t\t<\/div>\n\n\t\t<div class=\"anwp-pg-post-teaser__bottom-meta d-flex flex-wrap\">\n\n\t\t\t\t\t\t\t<div class=\"anwp-pg-post-teaser__bottom-meta-item d-flex align-items-center mr-3\">\n\t\t\t\t\t<svg class=\"anwp-pg-icon anwp-pg-icon--s16 mr-1\">\n\t\t\t\t\t\t<use xlink:href=\"#icon-anwp-pg-calendar\"><\/use>\n\t\t\t\t\t<\/svg>\n\t\t\t\t\t<span class=\"posted-on m-0\"><span class=\"screen-reader-text\">Posted on<\/span><time class=\"anwp-pg-published\" datetime=\"2026-03-14T10:32:27-06:00\">14 marzo, 2026<\/time><time class=\"anwp-pg-updated\" datetime=\"2026-03-14T10:32:29-06:00\">14 marzo, 2026<\/time><\/span>\n\t\t\t\t<\/div>\n\t\t\t\t\t\t\t\t\t<div class=\"anwp-pg-post-teaser__bottom-meta-item d-flex align-items-center mr-3\">\n\t\t\t\t\t\t<svg class=\"anwp-pg-icon anwp-pg-icon--s16 mr-1\">\n\t\t\t\t\t\t\t<use xlink:href=\"#icon-anwp-pg-comment-discussion\"><\/use>\n\t\t\t\t\t\t<\/svg>\n\t\t\t\t\t\t0\t\t\t\t\t<\/div>\n\t\t\t\t\t\n\t\t\t\t\t<\/div>\n\n\t\t\t\t\t<div class=\"anwp-pg-post-teaser__excerpt mb-2\">\n\t\t\t\t\u200bPor Jorge S\u00e1nchez\/Zunoticia \u200bSan Felipe Orizatl\u00e1n, Hgo. \u2013 Al mediod\u00eda de este viernes 13 de marzo, se llevaron a cabo trabajos de mantenimiento en el sistema de drenaje sobre la ...\t\t\t<\/div>\n\t\t\n\t\t\n\t<\/div>\n\n<\/div>\n<div class=\"anwp-pg-post-teaser anwp-pg-post-teaser--inner-cover-link anwp-pg-post-teaser--layout-d d-flex flex-column swiper-slide anwp-pg-post-teaser--has-comments-meta\">\n\t<div class=\"anwp-pg-post-teaser__thumbnail position-relative\">\n\n\t\t\n\t\t\n\t\t\t\t\t<img loading=\"lazy\" class=\"anwp-pg-post-teaser__thumbnail-img d-block anwp-pg-height-180 anwp-object-cover m-0 w-100\"\n\t\t\t\talt=\"Deterioro cr\u00edtico en juegos infantiles del Parque Bugambilias\"\n\t\t\t\tsrc=\"https:\/\/www.zunoticia.com\/noticias-de-hidalgo\/wp-content\/uploads\/2026\/03\/Zunoticia-Huejutla-2-39-300x168.png\"\/>\n\t\t\n\t\t<div class=\"anwp-pg-post-teaser__thumbnail-bg anwp-position-cover\"><\/div>\n\n\t\t<a class=\"anwp-position-cover anwp-link-without-effects\" href=\"https:\/\/www.zunoticia.com\/noticias-de-hidalgo\/2026\/03\/11\/deterioro-critico-en-juegos-infantiles-del-parque-bugambilias\/\" aria-hidden=\"true\" ><\/a>\n\t<\/div>\n\n\t<div class=\"anwp-pg-post-teaser__content flex-grow-1 pt-1 d-flex flex-column\">\n\n\t\t<div class=\"anwp-pg-post-teaser__title anwp-font-heading mt-2\">\n\t\t\t<a class=\"anwp-link-without-effects\" href=\"https:\/\/www.zunoticia.com\/noticias-de-hidalgo\/2026\/03\/11\/deterioro-critico-en-juegos-infantiles-del-parque-bugambilias\/\" aria-hidden=\"true\" >\n\t\t\t\tDeterioro cr\u00edtico en juegos infantiles del Parque Bugambilias\t\t\t<\/a>\n\t\t<\/div>\n\n\t\t<div class=\"anwp-pg-post-teaser__bottom-meta d-flex flex-wrap\">\n\n\t\t\t\t\t\t\t<div class=\"anwp-pg-post-teaser__bottom-meta-item d-flex align-items-center mr-3\">\n\t\t\t\t\t<svg class=\"anwp-pg-icon anwp-pg-icon--s16 mr-1\">\n\t\t\t\t\t\t<use xlink:href=\"#icon-anwp-pg-calendar\"><\/use>\n\t\t\t\t\t<\/svg>\n\t\t\t\t\t<span class=\"posted-on m-0\"><span class=\"screen-reader-text\">Posted on<\/span><time class=\"anwp-pg-published\" datetime=\"2026-03-11T16:56:11-06:00\">11 marzo, 2026<\/time><time class=\"anwp-pg-updated\" datetime=\"2026-03-11T16:56:12-06:00\">11 marzo, 2026<\/time><\/span>\n\t\t\t\t<\/div>\n\t\t\t\t\t\t\t\t\t<div class=\"anwp-pg-post-teaser__bottom-meta-item d-flex align-items-center mr-3\">\n\t\t\t\t\t\t<svg class=\"anwp-pg-icon anwp-pg-icon--s16 mr-1\">\n\t\t\t\t\t\t\t<use xlink:href=\"#icon-anwp-pg-comment-discussion\"><\/use>\n\t\t\t\t\t\t<\/svg>\n\t\t\t\t\t\t0\t\t\t\t\t<\/div>\n\t\t\t\t\t\n\t\t\t\t\t<\/div>\n\n\t\t\t\t\t<div class=\"anwp-pg-post-teaser__excerpt mb-2\">\n\t\t\t\tPor Jorge S\u00e1nchez\/Zunoticia San Felipe Orizatl\u00e1n, Hgo. \u2013 El Parque Bugambilias, uno de los pocos espacios de esparcimiento familiar enfrenta hoy una crisis de abandono que pone en entredicho la ...\t\t\t<\/div>\n\t\t\n\t\t\n\t<\/div>\n\n<\/div>\n\t\t<\/div>\n\n\t\t\t\t\t\t\t\t\t<div class=\"swiper-pagination\"><\/div>\n\t\t\t\t\t\t\t\t\t<\/div>\n<\/div>\n\t\t\t\t<\/div>\n\t\t\t\t<\/div>\n\t\t\t\t<div class=\"elementor-element elementor-element-abb9707 anwp-pg-widget-header-style--c elementor-hidden-widescreen elementor-hidden-desktop elementor-hidden-laptop elementor-hidden-tablet_extra elementor-hidden-tablet elementor-hidden-mobile_extra anwp-pg-post-teaser__post-icon--size-16 elementor-pagination-position-outside jltma-glass-effect-no elementor-widget elementor-widget-anwp-pg-classic-slider\" data-id=\"abb9707\" data-element_type=\"widget\" data-e-type=\"widget\" data-widget_type=\"anwp-pg-classic-slider.default\">\n\t\t\t\t<div class=\"elementor-widget-container\">\n\t\t\t\t\t<div class=\"anwp-pg-wrap\">\n\n\t<div class=\"anwp-pg-widget-header d-flex align-items-center position-relative\">\n\t<h4 class=\"d-flex align-items-center flex-wrap anwp-pg-widget-header__title\"> ORIZATL\u00c1N<\/h4>\t<div class=\"anwp-pg-widget-header__secondary-line\"><\/div>\n<\/div>\n\n\t<!-- Slider main container -->\n\t<div\n\t\tclass=\"anwp-pg-classic-slider anwp-pg-swiper-wrapper position-static swiper swiper-container anwp-pg-no-transform\"\n\t\tdata-pg-slides-per-view=\"3\"\n\t\tdata-pg-slides-per-view-mobile=\"1\"\n\t\tdata-pg-slides-per-view-tablet=\"2\"\n\t\tdata-pg-slides-per-group=\"1\"\n\t\tdata-pg-slides-per-group-mobile=\"1\"\n\t\tdata-pg-slides-per-group-tablet=\"1\"\n\t\tdata-pg-autoplay=\"yes\"\n\t\tdata-pg-autoplay-delay=\"5000\"\n\t\tdata-pg-space-between=\"20\"\n\t\tdata-pg-effect=\"slide\"\n\t\tdata-pg-show-read-more=\"no\"\n\t\tdata-pg-enable-observer=\"no\"\n\t\tdata-pg-loop=\"no\"\n\t\tdir=\"ltr\"\n\t>\n\t\t<!-- Additional required wrapper -->\n\t\t<div class=\"swiper-wrapper\">\n\t\t\t<!-- Slides -->\n\t\t\t<div class=\"anwp-pg-post-teaser anwp-pg-post-teaser--inner-cover-link anwp-pg-post-teaser--layout-d d-flex flex-column swiper-slide anwp-pg-post-teaser--has-comments-meta\">\n\t<div class=\"anwp-pg-post-teaser__thumbnail position-relative\">\n\n\t\t\n\t\t\n\t\t\t\t\t<img loading=\"lazy\" class=\"anwp-pg-post-teaser__thumbnail-img d-block anwp-pg-height-180 anwp-object-cover m-0 w-100\"\n\t\t\t\talt=\"Renuevan dirigencia de taxis de San Felipe\"\n\t\t\t\tsrc=\"https:\/\/www.zunoticia.com\/noticias-de-hidalgo\/wp-content\/uploads\/2026\/04\/renuevan-300x158.jpg\"\/>\n\t\t\n\t\t<div class=\"anwp-pg-post-teaser__thumbnail-bg anwp-position-cover\"><\/div>\n\n\t\t<a class=\"anwp-position-cover anwp-link-without-effects\" href=\"https:\/\/www.zunoticia.com\/noticias-de-hidalgo\/2026\/04\/23\/renuevan-dirigencia-de-taxis-de-san-felipe\/\" aria-hidden=\"true\" ><\/a>\n\t<\/div>\n\n\t<div class=\"anwp-pg-post-teaser__content flex-grow-1 pt-1 d-flex flex-column\">\n\n\t\t<div class=\"anwp-pg-post-teaser__title anwp-font-heading mt-2\">\n\t\t\t<a class=\"anwp-link-without-effects\" href=\"https:\/\/www.zunoticia.com\/noticias-de-hidalgo\/2026\/04\/23\/renuevan-dirigencia-de-taxis-de-san-felipe\/\" aria-hidden=\"true\" >\n\t\t\t\tRenuevan dirigencia de taxis de San Felipe\t\t\t<\/a>\n\t\t<\/div>\n\n\t\t<div class=\"anwp-pg-post-teaser__bottom-meta d-flex flex-wrap\">\n\n\t\t\t\t\t\t\t<div class=\"anwp-pg-post-teaser__bottom-meta-item d-flex align-items-center mr-3\">\n\t\t\t\t\t<svg class=\"anwp-pg-icon anwp-pg-icon--s16 mr-1\">\n\t\t\t\t\t\t<use xlink:href=\"#icon-anwp-pg-calendar\"><\/use>\n\t\t\t\t\t<\/svg>\n\t\t\t\t\t<span class=\"posted-on m-0\"><span class=\"screen-reader-text\">Posted on<\/span><time class=\"anwp-pg-published\" datetime=\"2026-04-23T10:02:38-06:00\">23 abril, 2026<\/time><time class=\"anwp-pg-updated\" datetime=\"2026-04-23T10:02:39-06:00\">23 abril, 2026<\/time><\/span>\n\t\t\t\t<\/div>\n\t\t\t\t\t\t\t\t\t<div class=\"anwp-pg-post-teaser__bottom-meta-item d-flex align-items-center mr-3\">\n\t\t\t\t\t\t<svg class=\"anwp-pg-icon anwp-pg-icon--s16 mr-1\">\n\t\t\t\t\t\t\t<use xlink:href=\"#icon-anwp-pg-comment-discussion\"><\/use>\n\t\t\t\t\t\t<\/svg>\n\t\t\t\t\t\t0\t\t\t\t\t<\/div>\n\t\t\t\t\t\n\t\t\t\t\t<\/div>\n\n\t\t\t\t\t<div class=\"anwp-pg-post-teaser__excerpt mb-2\">\n\t\t\t\tPor \u00c1ngel Osiris Castillo Garc\u00eda\/Zunoticia San Felipe Orizatl\u00e1n, Hgo.- Hace poco menos de un mes, se llev\u00f3 a cabo el cambio de la dirigencia de la base de taxis de ...\t\t\t<\/div>\n\t\t\n\t\t\n\t<\/div>\n\n<\/div>\n<div class=\"anwp-pg-post-teaser anwp-pg-post-teaser--inner-cover-link anwp-pg-post-teaser--layout-d d-flex flex-column swiper-slide anwp-pg-post-teaser--has-comments-meta\">\n\t<div class=\"anwp-pg-post-teaser__thumbnail position-relative\">\n\n\t\t\n\t\t\n\t\t\t\t\t<img loading=\"lazy\" class=\"anwp-pg-post-teaser__thumbnail-img d-block anwp-pg-height-180 anwp-object-cover m-0 w-100\"\n\t\t\t\talt=\"Actas de nacimiento for\u00e1neas, el tr\u00e1mite m\u00e1s solicitado a la USE\"\n\t\t\t\tsrc=\"https:\/\/www.zunoticia.com\/noticias-de-hidalgo\/wp-content\/uploads\/2026\/04\/use1-300x158.jpg\"\/>\n\t\t\n\t\t<div class=\"anwp-pg-post-teaser__thumbnail-bg anwp-position-cover\"><\/div>\n\n\t\t<a class=\"anwp-position-cover anwp-link-without-effects\" href=\"https:\/\/www.zunoticia.com\/noticias-de-hidalgo\/2026\/04\/23\/actas-de-nacimiento-foraneas-el-tramite-mas-solicitado-a-la-use\/\" aria-hidden=\"true\" ><\/a>\n\t<\/div>\n\n\t<div class=\"anwp-pg-post-teaser__content flex-grow-1 pt-1 d-flex flex-column\">\n\n\t\t<div class=\"anwp-pg-post-teaser__title anwp-font-heading mt-2\">\n\t\t\t<a class=\"anwp-link-without-effects\" href=\"https:\/\/www.zunoticia.com\/noticias-de-hidalgo\/2026\/04\/23\/actas-de-nacimiento-foraneas-el-tramite-mas-solicitado-a-la-use\/\" aria-hidden=\"true\" >\n\t\t\t\tActas de nacimiento for\u00e1neas, el tr\u00e1mite m\u00e1s solicitado a la USE\t\t\t<\/a>\n\t\t<\/div>\n\n\t\t<div class=\"anwp-pg-post-teaser__bottom-meta d-flex flex-wrap\">\n\n\t\t\t\t\t\t\t<div class=\"anwp-pg-post-teaser__bottom-meta-item d-flex align-items-center mr-3\">\n\t\t\t\t\t<svg class=\"anwp-pg-icon anwp-pg-icon--s16 mr-1\">\n\t\t\t\t\t\t<use xlink:href=\"#icon-anwp-pg-calendar\"><\/use>\n\t\t\t\t\t<\/svg>\n\t\t\t\t\t<span class=\"posted-on m-0\"><span class=\"screen-reader-text\">Posted on<\/span><time class=\"anwp-pg-published\" datetime=\"2026-04-23T09:54:22-06:00\">23 abril, 2026<\/time><time class=\"anwp-pg-updated\" datetime=\"2026-04-23T09:54:24-06:00\">23 abril, 2026<\/time><\/span>\n\t\t\t\t<\/div>\n\t\t\t\t\t\t\t\t\t<div class=\"anwp-pg-post-teaser__bottom-meta-item d-flex align-items-center mr-3\">\n\t\t\t\t\t\t<svg class=\"anwp-pg-icon anwp-pg-icon--s16 mr-1\">\n\t\t\t\t\t\t\t<use xlink:href=\"#icon-anwp-pg-comment-discussion\"><\/use>\n\t\t\t\t\t\t<\/svg>\n\t\t\t\t\t\t0\t\t\t\t\t<\/div>\n\t\t\t\t\t\n\t\t\t\t\t<\/div>\n\n\t\t\t\t\t<div class=\"anwp-pg-post-teaser__excerpt mb-2\">\n\t\t\t\tPor \u00c1ngel Osiris Castillo Garc\u00eda\/Zunoticia San Felipe Orizatl\u00e1n, Hgo.- A fin de ahorrar dinero y tiempo a la poblaci\u00f3n la Unidad de Servicios Estatales del Gobierno del Estado, acudi\u00f3 al ...\t\t\t<\/div>\n\t\t\n\t\t\n\t<\/div>\n\n<\/div>\n<div class=\"anwp-pg-post-teaser anwp-pg-post-teaser--inner-cover-link anwp-pg-post-teaser--layout-d d-flex flex-column swiper-slide anwp-pg-post-teaser--has-comments-meta\">\n\t<div class=\"anwp-pg-post-teaser__thumbnail position-relative\">\n\n\t\t\n\t\t\n\t\t\t\t\t<img loading=\"lazy\" class=\"anwp-pg-post-teaser__thumbnail-img d-block anwp-pg-height-180 anwp-object-cover m-0 w-100\"\n\t\t\t\talt=\"Quemas de basura sin supervisi\u00f3n\"\n\t\t\t\tsrc=\"https:\/\/www.zunoticia.com\/noticias-de-hidalgo\/wp-content\/uploads\/2026\/03\/Zunoticia-Huejutla-151-300x168.png\"\/>\n\t\t\n\t\t<div class=\"anwp-pg-post-teaser__thumbnail-bg anwp-position-cover\"><\/div>\n\n\t\t<a class=\"anwp-position-cover anwp-link-without-effects\" href=\"https:\/\/www.zunoticia.com\/noticias-de-hidalgo\/2026\/03\/14\/quemas-de-basura-sin-supervision\/\" aria-hidden=\"true\" ><\/a>\n\t<\/div>\n\n\t<div class=\"anwp-pg-post-teaser__content flex-grow-1 pt-1 d-flex flex-column\">\n\n\t\t<div class=\"anwp-pg-post-teaser__title anwp-font-heading mt-2\">\n\t\t\t<a class=\"anwp-link-without-effects\" href=\"https:\/\/www.zunoticia.com\/noticias-de-hidalgo\/2026\/03\/14\/quemas-de-basura-sin-supervision\/\" aria-hidden=\"true\" >\n\t\t\t\tQuemas de basura sin supervisi\u00f3n\t\t\t<\/a>\n\t\t<\/div>\n\n\t\t<div class=\"anwp-pg-post-teaser__bottom-meta d-flex flex-wrap\">\n\n\t\t\t\t\t\t\t<div class=\"anwp-pg-post-teaser__bottom-meta-item d-flex align-items-center mr-3\">\n\t\t\t\t\t<svg class=\"anwp-pg-icon anwp-pg-icon--s16 mr-1\">\n\t\t\t\t\t\t<use xlink:href=\"#icon-anwp-pg-calendar\"><\/use>\n\t\t\t\t\t<\/svg>\n\t\t\t\t\t<span class=\"posted-on m-0\"><span class=\"screen-reader-text\">Posted on<\/span><time class=\"anwp-pg-published\" datetime=\"2026-03-14T11:04:13-06:00\">14 marzo, 2026<\/time><time class=\"anwp-pg-updated\" datetime=\"2026-03-14T11:04:14-06:00\">14 marzo, 2026<\/time><\/span>\n\t\t\t\t<\/div>\n\t\t\t\t\t\t\t\t\t<div class=\"anwp-pg-post-teaser__bottom-meta-item d-flex align-items-center mr-3\">\n\t\t\t\t\t\t<svg class=\"anwp-pg-icon anwp-pg-icon--s16 mr-1\">\n\t\t\t\t\t\t\t<use xlink:href=\"#icon-anwp-pg-comment-discussion\"><\/use>\n\t\t\t\t\t\t<\/svg>\n\t\t\t\t\t\t0\t\t\t\t\t<\/div>\n\t\t\t\t\t\n\t\t\t\t\t<\/div>\n\n\t\t\t\t\t<div class=\"anwp-pg-post-teaser__excerpt mb-2\">\n\t\t\t\tPor Jorge S\u00e1nchez\/Zunoticia \u200bSan Felipe Orizatl\u00e1n, Hgo. \u2014 La persistente pr\u00e1ctica de la quema de desechos en diversos puntos del municipio, utilizada com\u00fanmente para eliminar residuos tanto org\u00e1nicos como inorg\u00e1nicos, ...\t\t\t<\/div>\n\t\t\n\t\t\n\t<\/div>\n\n<\/div>\n<div class=\"anwp-pg-post-teaser anwp-pg-post-teaser--inner-cover-link anwp-pg-post-teaser--layout-d d-flex flex-column swiper-slide anwp-pg-post-teaser--has-comments-meta\">\n\t<div class=\"anwp-pg-post-teaser__thumbnail position-relative\">\n\n\t\t\n\t\t\n\t\t\t\t\t<img loading=\"lazy\" class=\"anwp-pg-post-teaser__thumbnail-img d-block anwp-pg-height-180 anwp-object-cover m-0 w-100\"\n\t\t\t\talt=\"Parroquia de San Felipe de Jes\u00fas prepara el Viacrucis Viviente\"\n\t\t\t\tsrc=\"https:\/\/www.zunoticia.com\/noticias-de-hidalgo\/wp-content\/uploads\/2026\/03\/Zunoticia-Huejutla-1-101-300x168.png\"\/>\n\t\t\n\t\t<div class=\"anwp-pg-post-teaser__thumbnail-bg anwp-position-cover\"><\/div>\n\n\t\t<a class=\"anwp-position-cover anwp-link-without-effects\" href=\"https:\/\/www.zunoticia.com\/noticias-de-hidalgo\/2026\/03\/14\/parroquia-de-san-felipe-de-jesus-prepara-el-viacrucis-viviente\/\" aria-hidden=\"true\" ><\/a>\n\t<\/div>\n\n\t<div class=\"anwp-pg-post-teaser__content flex-grow-1 pt-1 d-flex flex-column\">\n\n\t\t<div class=\"anwp-pg-post-teaser__title anwp-font-heading mt-2\">\n\t\t\t<a class=\"anwp-link-without-effects\" href=\"https:\/\/www.zunoticia.com\/noticias-de-hidalgo\/2026\/03\/14\/parroquia-de-san-felipe-de-jesus-prepara-el-viacrucis-viviente\/\" aria-hidden=\"true\" >\n\t\t\t\tParroquia de San Felipe de Jes\u00fas prepara el Viacrucis Viviente\t\t\t<\/a>\n\t\t<\/div>\n\n\t\t<div class=\"anwp-pg-post-teaser__bottom-meta d-flex flex-wrap\">\n\n\t\t\t\t\t\t\t<div class=\"anwp-pg-post-teaser__bottom-meta-item d-flex align-items-center mr-3\">\n\t\t\t\t\t<svg class=\"anwp-pg-icon anwp-pg-icon--s16 mr-1\">\n\t\t\t\t\t\t<use xlink:href=\"#icon-anwp-pg-calendar\"><\/use>\n\t\t\t\t\t<\/svg>\n\t\t\t\t\t<span class=\"posted-on m-0\"><span class=\"screen-reader-text\">Posted on<\/span><time class=\"anwp-pg-published\" datetime=\"2026-03-14T10:45:29-06:00\">14 marzo, 2026<\/time><time class=\"anwp-pg-updated\" datetime=\"2026-03-14T10:45:30-06:00\">14 marzo, 2026<\/time><\/span>\n\t\t\t\t<\/div>\n\t\t\t\t\t\t\t\t\t<div class=\"anwp-pg-post-teaser__bottom-meta-item d-flex align-items-center mr-3\">\n\t\t\t\t\t\t<svg class=\"anwp-pg-icon anwp-pg-icon--s16 mr-1\">\n\t\t\t\t\t\t\t<use xlink:href=\"#icon-anwp-pg-comment-discussion\"><\/use>\n\t\t\t\t\t\t<\/svg>\n\t\t\t\t\t\t0\t\t\t\t\t<\/div>\n\t\t\t\t\t\n\t\t\t\t\t<\/div>\n\n\t\t\t\t\t<div class=\"anwp-pg-post-teaser__excerpt mb-2\">\n\t\t\t\tPor Jorge S\u00e1nchez\/Zunoticia San Felipe Orizatl\u00e1n, Hgo. \u2013 La Parroquia de San Felipe de Jes\u00fas ha iniciado formalmente los preparativos y ensayos para la representaci\u00f3n del Viacrucis Viviente de este ...\t\t\t<\/div>\n\t\t\n\t\t\n\t<\/div>\n\n<\/div>\n<div class=\"anwp-pg-post-teaser anwp-pg-post-teaser--inner-cover-link anwp-pg-post-teaser--layout-d d-flex flex-column swiper-slide anwp-pg-post-teaser--has-comments-meta\">\n\t<div class=\"anwp-pg-post-teaser__thumbnail position-relative\">\n\n\t\t\n\t\t\n\t\t\t\t\t<img loading=\"lazy\" class=\"anwp-pg-post-teaser__thumbnail-img d-block anwp-pg-height-180 anwp-object-cover m-0 w-100\"\n\t\t\t\talt=\"Falta de seguridad en trabajos de mantenimiento en la zona centro\"\n\t\t\t\tsrc=\"https:\/\/www.zunoticia.com\/noticias-de-hidalgo\/wp-content\/uploads\/2026\/03\/Zunoticia-Huejutla-3-29-300x168.png\"\/>\n\t\t\n\t\t<div class=\"anwp-pg-post-teaser__thumbnail-bg anwp-position-cover\"><\/div>\n\n\t\t<a class=\"anwp-position-cover anwp-link-without-effects\" href=\"https:\/\/www.zunoticia.com\/noticias-de-hidalgo\/2026\/03\/14\/falta-de-seguridad-en-trabajos-de-mantenimiento-en-la-zona-centro\/\" aria-hidden=\"true\" ><\/a>\n\t<\/div>\n\n\t<div class=\"anwp-pg-post-teaser__content flex-grow-1 pt-1 d-flex flex-column\">\n\n\t\t<div class=\"anwp-pg-post-teaser__title anwp-font-heading mt-2\">\n\t\t\t<a class=\"anwp-link-without-effects\" href=\"https:\/\/www.zunoticia.com\/noticias-de-hidalgo\/2026\/03\/14\/falta-de-seguridad-en-trabajos-de-mantenimiento-en-la-zona-centro\/\" aria-hidden=\"true\" >\n\t\t\t\tFalta de seguridad en trabajos de mantenimiento en la zona centro\t\t\t<\/a>\n\t\t<\/div>\n\n\t\t<div class=\"anwp-pg-post-teaser__bottom-meta d-flex flex-wrap\">\n\n\t\t\t\t\t\t\t<div class=\"anwp-pg-post-teaser__bottom-meta-item d-flex align-items-center mr-3\">\n\t\t\t\t\t<svg class=\"anwp-pg-icon anwp-pg-icon--s16 mr-1\">\n\t\t\t\t\t\t<use xlink:href=\"#icon-anwp-pg-calendar\"><\/use>\n\t\t\t\t\t<\/svg>\n\t\t\t\t\t<span class=\"posted-on m-0\"><span class=\"screen-reader-text\">Posted on<\/span><time class=\"anwp-pg-published\" datetime=\"2026-03-14T10:32:27-06:00\">14 marzo, 2026<\/time><time class=\"anwp-pg-updated\" datetime=\"2026-03-14T10:32:29-06:00\">14 marzo, 2026<\/time><\/span>\n\t\t\t\t<\/div>\n\t\t\t\t\t\t\t\t\t<div class=\"anwp-pg-post-teaser__bottom-meta-item d-flex align-items-center mr-3\">\n\t\t\t\t\t\t<svg class=\"anwp-pg-icon anwp-pg-icon--s16 mr-1\">\n\t\t\t\t\t\t\t<use xlink:href=\"#icon-anwp-pg-comment-discussion\"><\/use>\n\t\t\t\t\t\t<\/svg>\n\t\t\t\t\t\t0\t\t\t\t\t<\/div>\n\t\t\t\t\t\n\t\t\t\t\t<\/div>\n\n\t\t\t\t\t<div class=\"anwp-pg-post-teaser__excerpt mb-2\">\n\t\t\t\t\u200bPor Jorge S\u00e1nchez\/Zunoticia \u200bSan Felipe Orizatl\u00e1n, Hgo. \u2013 Al mediod\u00eda de este viernes 13 de marzo, se llevaron a cabo trabajos de mantenimiento en el sistema de drenaje sobre la ...\t\t\t<\/div>\n\t\t\n\t\t\n\t<\/div>\n\n<\/div>\n<div class=\"anwp-pg-post-teaser anwp-pg-post-teaser--inner-cover-link anwp-pg-post-teaser--layout-d d-flex flex-column swiper-slide anwp-pg-post-teaser--has-comments-meta\">\n\t<div class=\"anwp-pg-post-teaser__thumbnail position-relative\">\n\n\t\t\n\t\t\n\t\t\t\t\t<img loading=\"lazy\" class=\"anwp-pg-post-teaser__thumbnail-img d-block anwp-pg-height-180 anwp-object-cover m-0 w-100\"\n\t\t\t\talt=\"Deterioro cr\u00edtico en juegos infantiles del Parque Bugambilias\"\n\t\t\t\tsrc=\"https:\/\/www.zunoticia.com\/noticias-de-hidalgo\/wp-content\/uploads\/2026\/03\/Zunoticia-Huejutla-2-39-300x168.png\"\/>\n\t\t\n\t\t<div class=\"anwp-pg-post-teaser__thumbnail-bg anwp-position-cover\"><\/div>\n\n\t\t<a class=\"anwp-position-cover anwp-link-without-effects\" href=\"https:\/\/www.zunoticia.com\/noticias-de-hidalgo\/2026\/03\/11\/deterioro-critico-en-juegos-infantiles-del-parque-bugambilias\/\" aria-hidden=\"true\" ><\/a>\n\t<\/div>\n\n\t<div class=\"anwp-pg-post-teaser__content flex-grow-1 pt-1 d-flex flex-column\">\n\n\t\t<div class=\"anwp-pg-post-teaser__title anwp-font-heading mt-2\">\n\t\t\t<a class=\"anwp-link-without-effects\" href=\"https:\/\/www.zunoticia.com\/noticias-de-hidalgo\/2026\/03\/11\/deterioro-critico-en-juegos-infantiles-del-parque-bugambilias\/\" aria-hidden=\"true\" >\n\t\t\t\tDeterioro cr\u00edtico en juegos infantiles del Parque Bugambilias\t\t\t<\/a>\n\t\t<\/div>\n\n\t\t<div class=\"anwp-pg-post-teaser__bottom-meta d-flex flex-wrap\">\n\n\t\t\t\t\t\t\t<div class=\"anwp-pg-post-teaser__bottom-meta-item d-flex align-items-center mr-3\">\n\t\t\t\t\t<svg class=\"anwp-pg-icon anwp-pg-icon--s16 mr-1\">\n\t\t\t\t\t\t<use xlink:href=\"#icon-anwp-pg-calendar\"><\/use>\n\t\t\t\t\t<\/svg>\n\t\t\t\t\t<span class=\"posted-on m-0\"><span class=\"screen-reader-text\">Posted on<\/span><time class=\"anwp-pg-published\" datetime=\"2026-03-11T16:56:11-06:00\">11 marzo, 2026<\/time><time class=\"anwp-pg-updated\" datetime=\"2026-03-11T16:56:12-06:00\">11 marzo, 2026<\/time><\/span>\n\t\t\t\t<\/div>\n\t\t\t\t\t\t\t\t\t<div class=\"anwp-pg-post-teaser__bottom-meta-item d-flex align-items-center mr-3\">\n\t\t\t\t\t\t<svg class=\"anwp-pg-icon anwp-pg-icon--s16 mr-1\">\n\t\t\t\t\t\t\t<use xlink:href=\"#icon-anwp-pg-comment-discussion\"><\/use>\n\t\t\t\t\t\t<\/svg>\n\t\t\t\t\t\t0\t\t\t\t\t<\/div>\n\t\t\t\t\t\n\t\t\t\t\t<\/div>\n\n\t\t\t\t\t<div class=\"anwp-pg-post-teaser__excerpt mb-2\">\n\t\t\t\tPor Jorge S\u00e1nchez\/Zunoticia San Felipe Orizatl\u00e1n, Hgo. \u2013 El Parque Bugambilias, uno de los pocos espacios de esparcimiento familiar enfrenta hoy una crisis de abandono que pone en entredicho la ...\t\t\t<\/div>\n\t\t\n\t\t\n\t<\/div>\n\n<\/div>\n\t\t<\/div>\n\n\t\t\t\t\t\t\t\t\t<div class=\"swiper-pagination\"><\/div>\n\t\t\t\t\t\t\t\t\t<\/div>\n<\/div>\n\t\t\t\t<\/div>\n\t\t\t\t<\/div>\n\t\t\t\t<div class=\"elementor-element elementor-element-da8f9c7 elementor-hidden-mobile jltma-glass-effect-no elementor-widget elementor-widget-heading\" data-id=\"da8f9c7\" data-element_type=\"widget\" data-e-type=\"widget\" data-widget_type=\"heading.default\">\n\t\t\t\t<div class=\"elementor-widget-container\">\n\t\t\t\t\t<h4 class=\"elementor-heading-title elementor-size-default\">DEPORTES<\/h4>\t\t\t\t<\/div>\n\t\t\t\t<\/div>\n\t\t\t\t<div class=\"elementor-element elementor-element-98a6844 anwp-pg-widget-header-style--c elementor-hidden-mobile anwp-pg-post-teaser__post-icon--size-16 elementor-pagination-position-outside jltma-glass-effect-no elementor-widget elementor-widget-anwp-pg-classic-slider\" data-id=\"98a6844\" data-element_type=\"widget\" data-e-type=\"widget\" data-widget_type=\"anwp-pg-classic-slider.default\">\n\t\t\t\t<div class=\"elementor-widget-container\">\n\t\t\t\t\t<div class=\"anwp-pg-wrap\">\n\n\t\n\t<!-- Slider main container -->\n\t<div\n\t\tclass=\"anwp-pg-classic-slider anwp-pg-swiper-wrapper position-static swiper swiper-container anwp-pg-no-transform\"\n\t\tdata-pg-slides-per-view=\"3\"\n\t\tdata-pg-slides-per-view-mobile=\"1\"\n\t\tdata-pg-slides-per-view-tablet=\"2\"\n\t\tdata-pg-slides-per-group=\"1\"\n\t\tdata-pg-slides-per-group-mobile=\"1\"\n\t\tdata-pg-slides-per-group-tablet=\"1\"\n\t\tdata-pg-autoplay=\"yes\"\n\t\tdata-pg-autoplay-delay=\"5000\"\n\t\tdata-pg-space-between=\"20\"\n\t\tdata-pg-effect=\"slide\"\n\t\tdata-pg-show-read-more=\"no\"\n\t\tdata-pg-enable-observer=\"no\"\n\t\tdata-pg-loop=\"no\"\n\t\tdir=\"ltr\"\n\t>\n\t\t<!-- Additional required wrapper -->\n\t\t<div class=\"swiper-wrapper\">\n\t\t\t<!-- Slides -->\n\t\t\t<div class=\"anwp-pg-post-teaser anwp-pg-post-teaser--inner-cover-link anwp-pg-post-teaser--layout-d d-flex flex-column swiper-slide anwp-pg-post-teaser--has-comments-meta\">\n\t<div class=\"anwp-pg-post-teaser__thumbnail position-relative\">\n\n\t\t\n\t\t\n\t\t\t\t\t<img loading=\"lazy\" class=\"anwp-pg-post-teaser__thumbnail-img d-block anwp-pg-height-180 anwp-object-cover m-0 w-100\"\n\t\t\t\talt=\"Todo listo para la gran final del f\u00fatbol\"\n\t\t\t\tsrc=\"https:\/\/www.zunoticia.com\/noticias-de-hidalgo\/wp-content\/uploads\/2025\/06\/Gran-Final-Huautla-P.jpeg\"\/>\n\t\t\n\t\t<div class=\"anwp-pg-post-teaser__thumbnail-bg anwp-position-cover\"><\/div>\n\n\t\t<a class=\"anwp-position-cover anwp-link-without-effects\" href=\"https:\/\/www.zunoticia.com\/noticias-de-hidalgo\/2025\/06\/06\/todo-listo-para-la-gran-final-del-futbol\/\" aria-hidden=\"true\" ><\/a>\n\t<\/div>\n\n\t<div class=\"anwp-pg-post-teaser__content flex-grow-1 pt-1 d-flex flex-column\">\n\n\t\t<div class=\"anwp-pg-post-teaser__title anwp-font-heading mt-2\">\n\t\t\t<a class=\"anwp-link-without-effects\" href=\"https:\/\/www.zunoticia.com\/noticias-de-hidalgo\/2025\/06\/06\/todo-listo-para-la-gran-final-del-futbol\/\" aria-hidden=\"true\" >\n\t\t\t\tTodo listo para la gran final del f\u00fatbol\t\t\t<\/a>\n\t\t<\/div>\n\n\t\t<div class=\"anwp-pg-post-teaser__bottom-meta d-flex flex-wrap\">\n\n\t\t\t\t\t\t\t<div class=\"anwp-pg-post-teaser__bottom-meta-item d-flex align-items-center mr-3\">\n\t\t\t\t\t<svg class=\"anwp-pg-icon anwp-pg-icon--s16 mr-1\">\n\t\t\t\t\t\t<use xlink:href=\"#icon-anwp-pg-calendar\"><\/use>\n\t\t\t\t\t<\/svg>\n\t\t\t\t\t<span class=\"posted-on m-0\"><span class=\"screen-reader-text\">Posted on<\/span><time class=\"anwp-pg-published\" datetime=\"2025-06-06T11:06:50-06:00\">6 junio, 2025<\/time><time class=\"anwp-pg-updated\" datetime=\"2025-06-06T11:06:52-06:00\">6 junio, 2025<\/time><\/span>\n\t\t\t\t<\/div>\n\t\t\t\t\t\t\t\t\t<div class=\"anwp-pg-post-teaser__bottom-meta-item d-flex align-items-center mr-3\">\n\t\t\t\t\t\t<svg class=\"anwp-pg-icon anwp-pg-icon--s16 mr-1\">\n\t\t\t\t\t\t\t<use xlink:href=\"#icon-anwp-pg-comment-discussion\"><\/use>\n\t\t\t\t\t\t<\/svg>\n\t\t\t\t\t\t0\t\t\t\t\t<\/div>\n\t\t\t\t\t\n\t\t\t\t\t<\/div>\n\n\t\t\t\t\t<div class=\"anwp-pg-post-teaser__excerpt mb-2\">\n\t\t\t\tPor Karen Rivera \/ Zunoticia Huautla, Hgo.\u2013 Este s\u00e1bado, la pasi\u00f3n por el f\u00fatbol llegar\u00e1 a su punto m\u00e1s alto en la Unidad Deportiva de Huautla, donde se disputar\u00e1 la ...\t\t\t<\/div>\n\t\t\n\t\t\n\t<\/div>\n\n<\/div>\n<div class=\"anwp-pg-post-teaser anwp-pg-post-teaser--inner-cover-link anwp-pg-post-teaser--layout-d d-flex flex-column swiper-slide anwp-pg-post-teaser--has-comments-meta\">\n\t<div class=\"anwp-pg-post-teaser__thumbnail position-relative\">\n\n\t\t\n\t\t\n\t\t\t\t\t<img loading=\"lazy\" class=\"anwp-pg-post-teaser__thumbnail-img d-block anwp-pg-height-180 anwp-object-cover m-0 w-100\"\n\t\t\t\talt=\"El viernes 31 se jugar\u00e1n las semifinales: MSAR\"\n\t\t\t\tsrc=\"https:\/\/www.zunoticia.com\/noticias-de-hidalgo\/wp-content\/uploads\/2025\/01\/eZy-Watermark_29-01-2025_08-58-18-2540p.m.jpg\"\/>\n\t\t\n\t\t<div class=\"anwp-pg-post-teaser__thumbnail-bg anwp-position-cover\"><\/div>\n\n\t\t<a class=\"anwp-position-cover anwp-link-without-effects\" href=\"https:\/\/www.zunoticia.com\/noticias-de-hidalgo\/2025\/01\/29\/el-viernes-31-se-jugaran-las-semifinales-msar\/\" aria-hidden=\"true\" ><\/a>\n\t<\/div>\n\n\t<div class=\"anwp-pg-post-teaser__content flex-grow-1 pt-1 d-flex flex-column\">\n\n\t\t<div class=\"anwp-pg-post-teaser__title anwp-font-heading mt-2\">\n\t\t\t<a class=\"anwp-link-without-effects\" href=\"https:\/\/www.zunoticia.com\/noticias-de-hidalgo\/2025\/01\/29\/el-viernes-31-se-jugaran-las-semifinales-msar\/\" aria-hidden=\"true\" >\n\t\t\t\tEl viernes 31 se jugar\u00e1n las semifinales: MSAR\t\t\t<\/a>\n\t\t<\/div>\n\n\t\t<div class=\"anwp-pg-post-teaser__bottom-meta d-flex flex-wrap\">\n\n\t\t\t\t\t\t\t<div class=\"anwp-pg-post-teaser__bottom-meta-item d-flex align-items-center mr-3\">\n\t\t\t\t\t<svg class=\"anwp-pg-icon anwp-pg-icon--s16 mr-1\">\n\t\t\t\t\t\t<use xlink:href=\"#icon-anwp-pg-calendar\"><\/use>\n\t\t\t\t\t<\/svg>\n\t\t\t\t\t<span class=\"posted-on m-0\"><span class=\"screen-reader-text\">Posted on<\/span><time class=\"anwp-pg-published\" datetime=\"2025-01-29T21:24:01-06:00\">29 enero, 2025<\/time><time class=\"anwp-pg-updated\" datetime=\"2025-01-29T21:24:03-06:00\">29 enero, 2025<\/time><\/span>\n\t\t\t\t<\/div>\n\t\t\t\t\t\t\t\t\t<div class=\"anwp-pg-post-teaser__bottom-meta-item d-flex align-items-center mr-3\">\n\t\t\t\t\t\t<svg class=\"anwp-pg-icon anwp-pg-icon--s16 mr-1\">\n\t\t\t\t\t\t\t<use xlink:href=\"#icon-anwp-pg-comment-discussion\"><\/use>\n\t\t\t\t\t\t<\/svg>\n\t\t\t\t\t\t0\t\t\t\t\t<\/div>\n\t\t\t\t\t\n\t\t\t\t\t<\/div>\n\n\t\t\t\t\t<div class=\"anwp-pg-post-teaser__excerpt mb-2\">\n\t\t\t\tPor Jos\u00e9 Luis Romero Ruiz\/Zunoticia Huejutla, Hgo.- El presidente de la Liga Municipal de F\u00fatbol de Veteranos M\u00e1ster (LMFVM), Miguel Sabino Acu\u00f1a Ram\u00edrez, inform\u00f3 en entrevista con Zunoticia que, el ...\t\t\t<\/div>\n\t\t\n\t\t\n\t<\/div>\n\n<\/div>\n<div class=\"anwp-pg-post-teaser anwp-pg-post-teaser--inner-cover-link anwp-pg-post-teaser--layout-d d-flex flex-column swiper-slide anwp-pg-post-teaser--has-comments-meta\">\n\t<div class=\"anwp-pg-post-teaser__thumbnail position-relative\">\n\n\t\t\n\t\t\n\t\t\t\t\t<img loading=\"lazy\" class=\"anwp-pg-post-teaser__thumbnail-img d-block anwp-pg-height-180 anwp-object-cover m-0 w-100\"\n\t\t\t\talt=\"Bronca entre jugadoras de la LFF del COMUDE\"\n\t\t\t\tsrc=\"https:\/\/www.zunoticia.com\/noticias-de-hidalgo\/wp-content\/uploads\/2024\/11\/WhatsApp-Image-2024-11-23-at-9.50.54-PM.jpeg\"\/>\n\t\t\n\t\t<div class=\"anwp-pg-post-teaser__thumbnail-bg anwp-position-cover\"><\/div>\n\n\t\t<a class=\"anwp-position-cover anwp-link-without-effects\" href=\"https:\/\/www.zunoticia.com\/noticias-de-hidalgo\/2024\/11\/23\/bronca-entre-jugadoras-de-la-lff-del-comude\/\" aria-hidden=\"true\" ><\/a>\n\t<\/div>\n\n\t<div class=\"anwp-pg-post-teaser__content flex-grow-1 pt-1 d-flex flex-column\">\n\n\t\t<div class=\"anwp-pg-post-teaser__title anwp-font-heading mt-2\">\n\t\t\t<a class=\"anwp-link-without-effects\" href=\"https:\/\/www.zunoticia.com\/noticias-de-hidalgo\/2024\/11\/23\/bronca-entre-jugadoras-de-la-lff-del-comude\/\" aria-hidden=\"true\" >\n\t\t\t\tBronca entre jugadoras de la LFF del COMUDE\t\t\t<\/a>\n\t\t<\/div>\n\n\t\t<div class=\"anwp-pg-post-teaser__bottom-meta d-flex flex-wrap\">\n\n\t\t\t\t\t\t\t<div class=\"anwp-pg-post-teaser__bottom-meta-item d-flex align-items-center mr-3\">\n\t\t\t\t\t<svg class=\"anwp-pg-icon anwp-pg-icon--s16 mr-1\">\n\t\t\t\t\t\t<use xlink:href=\"#icon-anwp-pg-calendar\"><\/use>\n\t\t\t\t\t<\/svg>\n\t\t\t\t\t<span class=\"posted-on m-0\"><span class=\"screen-reader-text\">Posted on<\/span><time class=\"anwp-pg-published\" datetime=\"2024-11-23T23:02:52-06:00\">23 noviembre, 2024<\/time><time class=\"anwp-pg-updated\" datetime=\"2024-11-23T23:02:54-06:00\">23 noviembre, 2024<\/time><\/span>\n\t\t\t\t<\/div>\n\t\t\t\t\t\t\t\t\t<div class=\"anwp-pg-post-teaser__bottom-meta-item d-flex align-items-center mr-3\">\n\t\t\t\t\t\t<svg class=\"anwp-pg-icon anwp-pg-icon--s16 mr-1\">\n\t\t\t\t\t\t\t<use xlink:href=\"#icon-anwp-pg-comment-discussion\"><\/use>\n\t\t\t\t\t\t<\/svg>\n\t\t\t\t\t\t0\t\t\t\t\t<\/div>\n\t\t\t\t\t\n\t\t\t\t\t<\/div>\n\n\t\t\t\t\t<div class=\"anwp-pg-post-teaser__excerpt mb-2\">\n\t\t\t\tPor Jos\u00e9 Luis Romero Ruiz\/Zunoticia Huejutla, Hgo.- Jugadoras del equipo Deportivo Jassa y San Felipe Orizatl\u00e1n, se enfrentaron en la jornada 5 del torneo de liga 2024 \u2013 2025 de ...\t\t\t<\/div>\n\t\t\n\t\t\n\t<\/div>\n\n<\/div>\n<div class=\"anwp-pg-post-teaser anwp-pg-post-teaser--inner-cover-link anwp-pg-post-teaser--layout-d d-flex flex-column swiper-slide anwp-pg-post-teaser--has-comments-meta\">\n\t<div class=\"anwp-pg-post-teaser__thumbnail position-relative\">\n\n\t\t\n\t\t\n\t\t\t\t\t<img loading=\"lazy\" class=\"anwp-pg-post-teaser__thumbnail-img d-block anwp-pg-height-180 anwp-object-cover m-0 w-100\"\n\t\t\t\talt=\"Seguimos entrenando para evento de aniversario: LRC\"\n\t\t\t\tsrc=\"https:\/\/www.zunoticia.com\/noticias-de-hidalgo\/wp-content\/uploads\/2024\/11\/eZy-Watermark_22-11-2024_08-42-55-3400p.m.jpg\"\/>\n\t\t\n\t\t<div class=\"anwp-pg-post-teaser__thumbnail-bg anwp-position-cover\"><\/div>\n\n\t\t<a class=\"anwp-position-cover anwp-link-without-effects\" href=\"https:\/\/www.zunoticia.com\/noticias-de-hidalgo\/2024\/11\/22\/seguimos-entrenando-para-evento-de-aniversario-lrc\/\" aria-hidden=\"true\" ><\/a>\n\t<\/div>\n\n\t<div class=\"anwp-pg-post-teaser__content flex-grow-1 pt-1 d-flex flex-column\">\n\n\t\t<div class=\"anwp-pg-post-teaser__title anwp-font-heading mt-2\">\n\t\t\t<a class=\"anwp-link-without-effects\" href=\"https:\/\/www.zunoticia.com\/noticias-de-hidalgo\/2024\/11\/22\/seguimos-entrenando-para-evento-de-aniversario-lrc\/\" aria-hidden=\"true\" >\n\t\t\t\tSeguimos entrenando para evento de aniversario: LRC\t\t\t<\/a>\n\t\t<\/div>\n\n\t\t<div class=\"anwp-pg-post-teaser__bottom-meta d-flex flex-wrap\">\n\n\t\t\t\t\t\t\t<div class=\"anwp-pg-post-teaser__bottom-meta-item d-flex align-items-center mr-3\">\n\t\t\t\t\t<svg class=\"anwp-pg-icon anwp-pg-icon--s16 mr-1\">\n\t\t\t\t\t\t<use xlink:href=\"#icon-anwp-pg-calendar\"><\/use>\n\t\t\t\t\t<\/svg>\n\t\t\t\t\t<span class=\"posted-on m-0\"><span class=\"screen-reader-text\">Posted on<\/span><time class=\"anwp-pg-published\" datetime=\"2024-11-22T21:03:06-06:00\">22 noviembre, 2024<\/time><time class=\"anwp-pg-updated\" datetime=\"2024-11-22T21:03:07-06:00\">22 noviembre, 2024<\/time><\/span>\n\t\t\t\t<\/div>\n\t\t\t\t\t\t\t\t\t<div class=\"anwp-pg-post-teaser__bottom-meta-item d-flex align-items-center mr-3\">\n\t\t\t\t\t\t<svg class=\"anwp-pg-icon anwp-pg-icon--s16 mr-1\">\n\t\t\t\t\t\t\t<use xlink:href=\"#icon-anwp-pg-comment-discussion\"><\/use>\n\t\t\t\t\t\t<\/svg>\n\t\t\t\t\t\t0\t\t\t\t\t<\/div>\n\t\t\t\t\t\n\t\t\t\t\t<\/div>\n\n\t\t\t\t\t<div class=\"anwp-pg-post-teaser__excerpt mb-2\">\n\t\t\t\tPor Jos\u00e9 Luis Romero Ruiz\/Zunoticia Huejutla, Hgo.- La capitana del Club de Cachibol femenil, Luc\u00eda Redondo Carrillo, mencion\u00f3 en entrevista con Zunoticia que, siguen entrenando de cara al compromiso de ...\t\t\t<\/div>\n\t\t\n\t\t\n\t<\/div>\n\n<\/div>\n<div class=\"anwp-pg-post-teaser anwp-pg-post-teaser--inner-cover-link anwp-pg-post-teaser--layout-d d-flex flex-column swiper-slide anwp-pg-post-teaser--has-comments-meta\">\n\t<div class=\"anwp-pg-post-teaser__thumbnail position-relative\">\n\n\t\t\n\t\t\n\t\t\t\t\t<img loading=\"lazy\" class=\"anwp-pg-post-teaser__thumbnail-img d-block anwp-pg-height-180 anwp-object-cover m-0 w-100\"\n\t\t\t\talt=\"Amazonas venci\u00f3 3 \u2013 0 a Jaiba en la UBR\"\n\t\t\t\tsrc=\"https:\/\/www.zunoticia.com\/noticias-de-hidalgo\/wp-content\/uploads\/2024\/11\/eZy-Watermark_10-11-2024_06-53-57-5810p.m.jpg\"\/>\n\t\t\n\t\t<div class=\"anwp-pg-post-teaser__thumbnail-bg anwp-position-cover\"><\/div>\n\n\t\t<a class=\"anwp-position-cover anwp-link-without-effects\" href=\"https:\/\/www.zunoticia.com\/noticias-de-hidalgo\/2024\/11\/10\/amazonas-vencio-3-0-a-jaiba-en-la-ubr\/\" aria-hidden=\"true\" ><\/a>\n\t<\/div>\n\n\t<div class=\"anwp-pg-post-teaser__content flex-grow-1 pt-1 d-flex flex-column\">\n\n\t\t<div class=\"anwp-pg-post-teaser__title anwp-font-heading mt-2\">\n\t\t\t<a class=\"anwp-link-without-effects\" href=\"https:\/\/www.zunoticia.com\/noticias-de-hidalgo\/2024\/11\/10\/amazonas-vencio-3-0-a-jaiba-en-la-ubr\/\" aria-hidden=\"true\" >\n\t\t\t\tAmazonas venci\u00f3 3 \u2013 0 a Jaiba en la UBR\t\t\t<\/a>\n\t\t<\/div>\n\n\t\t<div class=\"anwp-pg-post-teaser__bottom-meta d-flex flex-wrap\">\n\n\t\t\t\t\t\t\t<div class=\"anwp-pg-post-teaser__bottom-meta-item d-flex align-items-center mr-3\">\n\t\t\t\t\t<svg class=\"anwp-pg-icon anwp-pg-icon--s16 mr-1\">\n\t\t\t\t\t\t<use xlink:href=\"#icon-anwp-pg-calendar\"><\/use>\n\t\t\t\t\t<\/svg>\n\t\t\t\t\t<span class=\"posted-on m-0\"><span class=\"screen-reader-text\">Posted on<\/span><time class=\"anwp-pg-published\" datetime=\"2024-11-10T20:44:37-06:00\">10 noviembre, 2024<\/time><time class=\"anwp-pg-updated\" datetime=\"2024-11-10T20:44:39-06:00\">10 noviembre, 2024<\/time><\/span>\n\t\t\t\t<\/div>\n\t\t\t\t\t\t\t\t\t<div class=\"anwp-pg-post-teaser__bottom-meta-item d-flex align-items-center mr-3\">\n\t\t\t\t\t\t<svg class=\"anwp-pg-icon anwp-pg-icon--s16 mr-1\">\n\t\t\t\t\t\t\t<use xlink:href=\"#icon-anwp-pg-comment-discussion\"><\/use>\n\t\t\t\t\t\t<\/svg>\n\t\t\t\t\t\t0\t\t\t\t\t<\/div>\n\t\t\t\t\t\n\t\t\t\t\t<\/div>\n\n\t\t\t\t\t<div class=\"anwp-pg-post-teaser__excerpt mb-2\">\n\t\t\t\tPor Jos\u00e9 Luis Romero Ruiz\/Zunoticia Huejutla, Hgo.- El equipo de las Amazonas se midi\u00f3 a las Jaibas en la J1 de la segunda vuelta del torneo de liga 2024 \u2013 ...\t\t\t<\/div>\n\t\t\n\t\t\n\t<\/div>\n\n<\/div>\n<div class=\"anwp-pg-post-teaser anwp-pg-post-teaser--inner-cover-link anwp-pg-post-teaser--layout-d d-flex flex-column swiper-slide anwp-pg-post-teaser--has-comments-meta\">\n\t<div class=\"anwp-pg-post-teaser__thumbnail position-relative\">\n\n\t\t\n\t\t\n\t\t\t\t\t<img loading=\"lazy\" class=\"anwp-pg-post-teaser__thumbnail-img d-block anwp-pg-height-180 anwp-object-cover m-0 w-100\"\n\t\t\t\talt=\"Novatos logr\u00f3 \u201caplastante\u201d victoria sobre Vikingos en la LRBHH\"\n\t\t\t\tsrc=\"https:\/\/www.zunoticia.com\/noticias-de-hidalgo\/wp-content\/uploads\/2024\/11\/eZy-Watermark_10-11-2024_05-30-11-2220p.m.jpg\"\/>\n\t\t\n\t\t<div class=\"anwp-pg-post-teaser__thumbnail-bg anwp-position-cover\"><\/div>\n\n\t\t<a class=\"anwp-position-cover anwp-link-without-effects\" href=\"https:\/\/www.zunoticia.com\/noticias-de-hidalgo\/2024\/11\/10\/novatos-logro-aplastante-victoria-sobre-vikingos-en-la-lrbhh\/\" aria-hidden=\"true\" ><\/a>\n\t<\/div>\n\n\t<div class=\"anwp-pg-post-teaser__content flex-grow-1 pt-1 d-flex flex-column\">\n\n\t\t<div class=\"anwp-pg-post-teaser__title anwp-font-heading mt-2\">\n\t\t\t<a class=\"anwp-link-without-effects\" href=\"https:\/\/www.zunoticia.com\/noticias-de-hidalgo\/2024\/11\/10\/novatos-logro-aplastante-victoria-sobre-vikingos-en-la-lrbhh\/\" aria-hidden=\"true\" >\n\t\t\t\tNovatos logr\u00f3 \u201caplastante\u201d victoria sobre Vikingos en la LRBHH\t\t\t<\/a>\n\t\t<\/div>\n\n\t\t<div class=\"anwp-pg-post-teaser__bottom-meta d-flex flex-wrap\">\n\n\t\t\t\t\t\t\t<div class=\"anwp-pg-post-teaser__bottom-meta-item d-flex align-items-center mr-3\">\n\t\t\t\t\t<svg class=\"anwp-pg-icon anwp-pg-icon--s16 mr-1\">\n\t\t\t\t\t\t<use xlink:href=\"#icon-anwp-pg-calendar\"><\/use>\n\t\t\t\t\t<\/svg>\n\t\t\t\t\t<span class=\"posted-on m-0\"><span class=\"screen-reader-text\">Posted on<\/span><time class=\"anwp-pg-published\" datetime=\"2024-11-10T20:38:51-06:00\">10 noviembre, 2024<\/time><time class=\"anwp-pg-updated\" datetime=\"2024-11-10T20:38:53-06:00\">10 noviembre, 2024<\/time><\/span>\n\t\t\t\t<\/div>\n\t\t\t\t\t\t\t\t\t<div class=\"anwp-pg-post-teaser__bottom-meta-item d-flex align-items-center mr-3\">\n\t\t\t\t\t\t<svg class=\"anwp-pg-icon anwp-pg-icon--s16 mr-1\">\n\t\t\t\t\t\t\t<use xlink:href=\"#icon-anwp-pg-comment-discussion\"><\/use>\n\t\t\t\t\t\t<\/svg>\n\t\t\t\t\t\t0\t\t\t\t\t<\/div>\n\t\t\t\t\t\n\t\t\t\t\t<\/div>\n\n\t\t\t\t\t<div class=\"anwp-pg-post-teaser__excerpt mb-2\">\n\t\t\t\tPor Jos\u00e9 Luis Romero Ruiz\/Zunoticia Huejutla, Hgo.- El equipo de Novatos le dio la bienvenida en la \u00faltima jornada del torneo regular a la novena de los Vikingos, en el ...\t\t\t<\/div>\n\t\t\n\t\t\n\t<\/div>\n\n<\/div>\n\t\t<\/div>\n\n\t\t\t\t\t\t\t\t\t<div class=\"swiper-pagination\"><\/div>\n\t\t\t\t\t\t\t\t\t<\/div>\n<\/div>\n\t\t\t\t<\/div>\n\t\t\t\t<\/div>\n\t\t\t\t<div class=\"elementor-element elementor-element-cca71e0 anwp-pg-widget-header-style--c elementor-hidden-widescreen elementor-hidden-desktop elementor-hidden-laptop elementor-hidden-tablet_extra elementor-hidden-tablet elementor-hidden-mobile_extra anwp-pg-post-teaser__post-icon--size-16 elementor-pagination-position-outside jltma-glass-effect-no elementor-widget elementor-widget-anwp-pg-classic-slider\" data-id=\"cca71e0\" data-element_type=\"widget\" data-e-type=\"widget\" data-widget_type=\"anwp-pg-classic-slider.default\">\n\t\t\t\t<div class=\"elementor-widget-container\">\n\t\t\t\t\t<div class=\"anwp-pg-wrap\">\n\n\t<div class=\"anwp-pg-widget-header d-flex align-items-center position-relative\">\n\t<h3 class=\"d-flex align-items-center flex-wrap anwp-pg-widget-header__title\"> DEPORTES<\/h3>\t<div class=\"anwp-pg-widget-header__secondary-line\"><\/div>\n<\/div>\n\n\t<!-- Slider main container -->\n\t<div\n\t\tclass=\"anwp-pg-classic-slider anwp-pg-swiper-wrapper position-static swiper swiper-container anwp-pg-no-transform\"\n\t\tdata-pg-slides-per-view=\"3\"\n\t\tdata-pg-slides-per-view-mobile=\"1\"\n\t\tdata-pg-slides-per-view-tablet=\"2\"\n\t\tdata-pg-slides-per-group=\"1\"\n\t\tdata-pg-slides-per-group-mobile=\"1\"\n\t\tdata-pg-slides-per-group-tablet=\"1\"\n\t\tdata-pg-autoplay=\"yes\"\n\t\tdata-pg-autoplay-delay=\"5000\"\n\t\tdata-pg-space-between=\"20\"\n\t\tdata-pg-effect=\"slide\"\n\t\tdata-pg-show-read-more=\"no\"\n\t\tdata-pg-enable-observer=\"no\"\n\t\tdata-pg-loop=\"no\"\n\t\tdir=\"ltr\"\n\t>\n\t\t<!-- Additional required wrapper -->\n\t\t<div class=\"swiper-wrapper\">\n\t\t\t<!-- Slides -->\n\t\t\t<div class=\"anwp-pg-post-teaser anwp-pg-post-teaser--inner-cover-link anwp-pg-post-teaser--layout-d d-flex flex-column swiper-slide anwp-pg-post-teaser--has-comments-meta\">\n\t<div class=\"anwp-pg-post-teaser__thumbnail position-relative\">\n\n\t\t\n\t\t\n\t\t\t\t\t<img loading=\"lazy\" class=\"anwp-pg-post-teaser__thumbnail-img d-block anwp-pg-height-180 anwp-object-cover m-0 w-100\"\n\t\t\t\talt=\"Todo listo para la gran final del f\u00fatbol\"\n\t\t\t\tsrc=\"https:\/\/www.zunoticia.com\/noticias-de-hidalgo\/wp-content\/uploads\/2025\/06\/Gran-Final-Huautla-P.jpeg\"\/>\n\t\t\n\t\t<div class=\"anwp-pg-post-teaser__thumbnail-bg anwp-position-cover\"><\/div>\n\n\t\t<a class=\"anwp-position-cover anwp-link-without-effects\" href=\"https:\/\/www.zunoticia.com\/noticias-de-hidalgo\/2025\/06\/06\/todo-listo-para-la-gran-final-del-futbol\/\" aria-hidden=\"true\" ><\/a>\n\t<\/div>\n\n\t<div class=\"anwp-pg-post-teaser__content flex-grow-1 pt-1 d-flex flex-column\">\n\n\t\t<div class=\"anwp-pg-post-teaser__title anwp-font-heading mt-2\">\n\t\t\t<a class=\"anwp-link-without-effects\" href=\"https:\/\/www.zunoticia.com\/noticias-de-hidalgo\/2025\/06\/06\/todo-listo-para-la-gran-final-del-futbol\/\" aria-hidden=\"true\" >\n\t\t\t\tTodo listo para la gran final del f\u00fatbol\t\t\t<\/a>\n\t\t<\/div>\n\n\t\t<div class=\"anwp-pg-post-teaser__bottom-meta d-flex flex-wrap\">\n\n\t\t\t\t\t\t\t<div class=\"anwp-pg-post-teaser__bottom-meta-item d-flex align-items-center mr-3\">\n\t\t\t\t\t<svg class=\"anwp-pg-icon anwp-pg-icon--s16 mr-1\">\n\t\t\t\t\t\t<use xlink:href=\"#icon-anwp-pg-calendar\"><\/use>\n\t\t\t\t\t<\/svg>\n\t\t\t\t\t<span class=\"posted-on m-0\"><span class=\"screen-reader-text\">Posted on<\/span><time class=\"anwp-pg-published\" datetime=\"2025-06-06T11:06:50-06:00\">6 junio, 2025<\/time><time class=\"anwp-pg-updated\" datetime=\"2025-06-06T11:06:52-06:00\">6 junio, 2025<\/time><\/span>\n\t\t\t\t<\/div>\n\t\t\t\t\t\t\t\t\t<div class=\"anwp-pg-post-teaser__bottom-meta-item d-flex align-items-center mr-3\">\n\t\t\t\t\t\t<svg class=\"anwp-pg-icon anwp-pg-icon--s16 mr-1\">\n\t\t\t\t\t\t\t<use xlink:href=\"#icon-anwp-pg-comment-discussion\"><\/use>\n\t\t\t\t\t\t<\/svg>\n\t\t\t\t\t\t0\t\t\t\t\t<\/div>\n\t\t\t\t\t\n\t\t\t\t\t<\/div>\n\n\t\t\t\t\t<div class=\"anwp-pg-post-teaser__excerpt mb-2\">\n\t\t\t\tPor Karen Rivera \/ Zunoticia Huautla, Hgo.\u2013 Este s\u00e1bado, la pasi\u00f3n por el f\u00fatbol llegar\u00e1 a su punto m\u00e1s alto en la Unidad Deportiva de Huautla, donde se disputar\u00e1 la ...\t\t\t<\/div>\n\t\t\n\t\t\n\t<\/div>\n\n<\/div>\n<div class=\"anwp-pg-post-teaser anwp-pg-post-teaser--inner-cover-link anwp-pg-post-teaser--layout-d d-flex flex-column swiper-slide anwp-pg-post-teaser--has-comments-meta\">\n\t<div class=\"anwp-pg-post-teaser__thumbnail position-relative\">\n\n\t\t\n\t\t\n\t\t\t\t\t<img loading=\"lazy\" class=\"anwp-pg-post-teaser__thumbnail-img d-block anwp-pg-height-180 anwp-object-cover m-0 w-100\"\n\t\t\t\talt=\"El viernes 31 se jugar\u00e1n las semifinales: MSAR\"\n\t\t\t\tsrc=\"https:\/\/www.zunoticia.com\/noticias-de-hidalgo\/wp-content\/uploads\/2025\/01\/eZy-Watermark_29-01-2025_08-58-18-2540p.m.jpg\"\/>\n\t\t\n\t\t<div class=\"anwp-pg-post-teaser__thumbnail-bg anwp-position-cover\"><\/div>\n\n\t\t<a class=\"anwp-position-cover anwp-link-without-effects\" href=\"https:\/\/www.zunoticia.com\/noticias-de-hidalgo\/2025\/01\/29\/el-viernes-31-se-jugaran-las-semifinales-msar\/\" aria-hidden=\"true\" ><\/a>\n\t<\/div>\n\n\t<div class=\"anwp-pg-post-teaser__content flex-grow-1 pt-1 d-flex flex-column\">\n\n\t\t<div class=\"anwp-pg-post-teaser__title anwp-font-heading mt-2\">\n\t\t\t<a class=\"anwp-link-without-effects\" href=\"https:\/\/www.zunoticia.com\/noticias-de-hidalgo\/2025\/01\/29\/el-viernes-31-se-jugaran-las-semifinales-msar\/\" aria-hidden=\"true\" >\n\t\t\t\tEl viernes 31 se jugar\u00e1n las semifinales: MSAR\t\t\t<\/a>\n\t\t<\/div>\n\n\t\t<div class=\"anwp-pg-post-teaser__bottom-meta d-flex flex-wrap\">\n\n\t\t\t\t\t\t\t<div class=\"anwp-pg-post-teaser__bottom-meta-item d-flex align-items-center mr-3\">\n\t\t\t\t\t<svg class=\"anwp-pg-icon anwp-pg-icon--s16 mr-1\">\n\t\t\t\t\t\t<use xlink:href=\"#icon-anwp-pg-calendar\"><\/use>\n\t\t\t\t\t<\/svg>\n\t\t\t\t\t<span class=\"posted-on m-0\"><span class=\"screen-reader-text\">Posted on<\/span><time class=\"anwp-pg-published\" datetime=\"2025-01-29T21:24:01-06:00\">29 enero, 2025<\/time><time class=\"anwp-pg-updated\" datetime=\"2025-01-29T21:24:03-06:00\">29 enero, 2025<\/time><\/span>\n\t\t\t\t<\/div>\n\t\t\t\t\t\t\t\t\t<div class=\"anwp-pg-post-teaser__bottom-meta-item d-flex align-items-center mr-3\">\n\t\t\t\t\t\t<svg class=\"anwp-pg-icon anwp-pg-icon--s16 mr-1\">\n\t\t\t\t\t\t\t<use xlink:href=\"#icon-anwp-pg-comment-discussion\"><\/use>\n\t\t\t\t\t\t<\/svg>\n\t\t\t\t\t\t0\t\t\t\t\t<\/div>\n\t\t\t\t\t\n\t\t\t\t\t<\/div>\n\n\t\t\t\t\t<div class=\"anwp-pg-post-teaser__excerpt mb-2\">\n\t\t\t\tPor Jos\u00e9 Luis Romero Ruiz\/Zunoticia Huejutla, Hgo.- El presidente de la Liga Municipal de F\u00fatbol de Veteranos M\u00e1ster (LMFVM), Miguel Sabino Acu\u00f1a Ram\u00edrez, inform\u00f3 en entrevista con Zunoticia que, el ...\t\t\t<\/div>\n\t\t\n\t\t\n\t<\/div>\n\n<\/div>\n<div class=\"anwp-pg-post-teaser anwp-pg-post-teaser--inner-cover-link anwp-pg-post-teaser--layout-d d-flex flex-column swiper-slide anwp-pg-post-teaser--has-comments-meta\">\n\t<div class=\"anwp-pg-post-teaser__thumbnail position-relative\">\n\n\t\t\n\t\t\n\t\t\t\t\t<img loading=\"lazy\" class=\"anwp-pg-post-teaser__thumbnail-img d-block anwp-pg-height-180 anwp-object-cover m-0 w-100\"\n\t\t\t\talt=\"Bronca entre jugadoras de la LFF del COMUDE\"\n\t\t\t\tsrc=\"https:\/\/www.zunoticia.com\/noticias-de-hidalgo\/wp-content\/uploads\/2024\/11\/WhatsApp-Image-2024-11-23-at-9.50.54-PM.jpeg\"\/>\n\t\t\n\t\t<div class=\"anwp-pg-post-teaser__thumbnail-bg anwp-position-cover\"><\/div>\n\n\t\t<a class=\"anwp-position-cover anwp-link-without-effects\" href=\"https:\/\/www.zunoticia.com\/noticias-de-hidalgo\/2024\/11\/23\/bronca-entre-jugadoras-de-la-lff-del-comude\/\" aria-hidden=\"true\" ><\/a>\n\t<\/div>\n\n\t<div class=\"anwp-pg-post-teaser__content flex-grow-1 pt-1 d-flex flex-column\">\n\n\t\t<div class=\"anwp-pg-post-teaser__title anwp-font-heading mt-2\">\n\t\t\t<a class=\"anwp-link-without-effects\" href=\"https:\/\/www.zunoticia.com\/noticias-de-hidalgo\/2024\/11\/23\/bronca-entre-jugadoras-de-la-lff-del-comude\/\" aria-hidden=\"true\" >\n\t\t\t\tBronca entre jugadoras de la LFF del COMUDE\t\t\t<\/a>\n\t\t<\/div>\n\n\t\t<div class=\"anwp-pg-post-teaser__bottom-meta d-flex flex-wrap\">\n\n\t\t\t\t\t\t\t<div class=\"anwp-pg-post-teaser__bottom-meta-item d-flex align-items-center mr-3\">\n\t\t\t\t\t<svg class=\"anwp-pg-icon anwp-pg-icon--s16 mr-1\">\n\t\t\t\t\t\t<use xlink:href=\"#icon-anwp-pg-calendar\"><\/use>\n\t\t\t\t\t<\/svg>\n\t\t\t\t\t<span class=\"posted-on m-0\"><span class=\"screen-reader-text\">Posted on<\/span><time class=\"anwp-pg-published\" datetime=\"2024-11-23T23:02:52-06:00\">23 noviembre, 2024<\/time><time class=\"anwp-pg-updated\" datetime=\"2024-11-23T23:02:54-06:00\">23 noviembre, 2024<\/time><\/span>\n\t\t\t\t<\/div>\n\t\t\t\t\t\t\t\t\t<div class=\"anwp-pg-post-teaser__bottom-meta-item d-flex align-items-center mr-3\">\n\t\t\t\t\t\t<svg class=\"anwp-pg-icon anwp-pg-icon--s16 mr-1\">\n\t\t\t\t\t\t\t<use xlink:href=\"#icon-anwp-pg-comment-discussion\"><\/use>\n\t\t\t\t\t\t<\/svg>\n\t\t\t\t\t\t0\t\t\t\t\t<\/div>\n\t\t\t\t\t\n\t\t\t\t\t<\/div>\n\n\t\t\t\t\t<div class=\"anwp-pg-post-teaser__excerpt mb-2\">\n\t\t\t\tPor Jos\u00e9 Luis Romero Ruiz\/Zunoticia Huejutla, Hgo.- Jugadoras del equipo Deportivo Jassa y San Felipe Orizatl\u00e1n, se enfrentaron en la jornada 5 del torneo de liga 2024 \u2013 2025 de ...\t\t\t<\/div>\n\t\t\n\t\t\n\t<\/div>\n\n<\/div>\n<div class=\"anwp-pg-post-teaser anwp-pg-post-teaser--inner-cover-link anwp-pg-post-teaser--layout-d d-flex flex-column swiper-slide anwp-pg-post-teaser--has-comments-meta\">\n\t<div class=\"anwp-pg-post-teaser__thumbnail position-relative\">\n\n\t\t\n\t\t\n\t\t\t\t\t<img loading=\"lazy\" class=\"anwp-pg-post-teaser__thumbnail-img d-block anwp-pg-height-180 anwp-object-cover m-0 w-100\"\n\t\t\t\talt=\"Seguimos entrenando para evento de aniversario: LRC\"\n\t\t\t\tsrc=\"https:\/\/www.zunoticia.com\/noticias-de-hidalgo\/wp-content\/uploads\/2024\/11\/eZy-Watermark_22-11-2024_08-42-55-3400p.m.jpg\"\/>\n\t\t\n\t\t<div class=\"anwp-pg-post-teaser__thumbnail-bg anwp-position-cover\"><\/div>\n\n\t\t<a class=\"anwp-position-cover anwp-link-without-effects\" href=\"https:\/\/www.zunoticia.com\/noticias-de-hidalgo\/2024\/11\/22\/seguimos-entrenando-para-evento-de-aniversario-lrc\/\" aria-hidden=\"true\" ><\/a>\n\t<\/div>\n\n\t<div class=\"anwp-pg-post-teaser__content flex-grow-1 pt-1 d-flex flex-column\">\n\n\t\t<div class=\"anwp-pg-post-teaser__title anwp-font-heading mt-2\">\n\t\t\t<a class=\"anwp-link-without-effects\" href=\"https:\/\/www.zunoticia.com\/noticias-de-hidalgo\/2024\/11\/22\/seguimos-entrenando-para-evento-de-aniversario-lrc\/\" aria-hidden=\"true\" >\n\t\t\t\tSeguimos entrenando para evento de aniversario: LRC\t\t\t<\/a>\n\t\t<\/div>\n\n\t\t<div class=\"anwp-pg-post-teaser__bottom-meta d-flex flex-wrap\">\n\n\t\t\t\t\t\t\t<div class=\"anwp-pg-post-teaser__bottom-meta-item d-flex align-items-center mr-3\">\n\t\t\t\t\t<svg class=\"anwp-pg-icon anwp-pg-icon--s16 mr-1\">\n\t\t\t\t\t\t<use xlink:href=\"#icon-anwp-pg-calendar\"><\/use>\n\t\t\t\t\t<\/svg>\n\t\t\t\t\t<span class=\"posted-on m-0\"><span class=\"screen-reader-text\">Posted on<\/span><time class=\"anwp-pg-published\" datetime=\"2024-11-22T21:03:06-06:00\">22 noviembre, 2024<\/time><time class=\"anwp-pg-updated\" datetime=\"2024-11-22T21:03:07-06:00\">22 noviembre, 2024<\/time><\/span>\n\t\t\t\t<\/div>\n\t\t\t\t\t\t\t\t\t<div class=\"anwp-pg-post-teaser__bottom-meta-item d-flex align-items-center mr-3\">\n\t\t\t\t\t\t<svg class=\"anwp-pg-icon anwp-pg-icon--s16 mr-1\">\n\t\t\t\t\t\t\t<use xlink:href=\"#icon-anwp-pg-comment-discussion\"><\/use>\n\t\t\t\t\t\t<\/svg>\n\t\t\t\t\t\t0\t\t\t\t\t<\/div>\n\t\t\t\t\t\n\t\t\t\t\t<\/div>\n\n\t\t\t\t\t<div class=\"anwp-pg-post-teaser__excerpt mb-2\">\n\t\t\t\tPor Jos\u00e9 Luis Romero Ruiz\/Zunoticia Huejutla, Hgo.- La capitana del Club de Cachibol femenil, Luc\u00eda Redondo Carrillo, mencion\u00f3 en entrevista con Zunoticia que, siguen entrenando de cara al compromiso de ...\t\t\t<\/div>\n\t\t\n\t\t\n\t<\/div>\n\n<\/div>\n<div class=\"anwp-pg-post-teaser anwp-pg-post-teaser--inner-cover-link anwp-pg-post-teaser--layout-d d-flex flex-column swiper-slide anwp-pg-post-teaser--has-comments-meta\">\n\t<div class=\"anwp-pg-post-teaser__thumbnail position-relative\">\n\n\t\t\n\t\t\n\t\t\t\t\t<img loading=\"lazy\" class=\"anwp-pg-post-teaser__thumbnail-img d-block anwp-pg-height-180 anwp-object-cover m-0 w-100\"\n\t\t\t\talt=\"Amazonas venci\u00f3 3 \u2013 0 a Jaiba en la UBR\"\n\t\t\t\tsrc=\"https:\/\/www.zunoticia.com\/noticias-de-hidalgo\/wp-content\/uploads\/2024\/11\/eZy-Watermark_10-11-2024_06-53-57-5810p.m.jpg\"\/>\n\t\t\n\t\t<div class=\"anwp-pg-post-teaser__thumbnail-bg anwp-position-cover\"><\/div>\n\n\t\t<a class=\"anwp-position-cover anwp-link-without-effects\" href=\"https:\/\/www.zunoticia.com\/noticias-de-hidalgo\/2024\/11\/10\/amazonas-vencio-3-0-a-jaiba-en-la-ubr\/\" aria-hidden=\"true\" ><\/a>\n\t<\/div>\n\n\t<div class=\"anwp-pg-post-teaser__content flex-grow-1 pt-1 d-flex flex-column\">\n\n\t\t<div class=\"anwp-pg-post-teaser__title anwp-font-heading mt-2\">\n\t\t\t<a class=\"anwp-link-without-effects\" href=\"https:\/\/www.zunoticia.com\/noticias-de-hidalgo\/2024\/11\/10\/amazonas-vencio-3-0-a-jaiba-en-la-ubr\/\" aria-hidden=\"true\" >\n\t\t\t\tAmazonas venci\u00f3 3 \u2013 0 a Jaiba en la UBR\t\t\t<\/a>\n\t\t<\/div>\n\n\t\t<div class=\"anwp-pg-post-teaser__bottom-meta d-flex flex-wrap\">\n\n\t\t\t\t\t\t\t<div class=\"anwp-pg-post-teaser__bottom-meta-item d-flex align-items-center mr-3\">\n\t\t\t\t\t<svg class=\"anwp-pg-icon anwp-pg-icon--s16 mr-1\">\n\t\t\t\t\t\t<use xlink:href=\"#icon-anwp-pg-calendar\"><\/use>\n\t\t\t\t\t<\/svg>\n\t\t\t\t\t<span class=\"posted-on m-0\"><span class=\"screen-reader-text\">Posted on<\/span><time class=\"anwp-pg-published\" datetime=\"2024-11-10T20:44:37-06:00\">10 noviembre, 2024<\/time><time class=\"anwp-pg-updated\" datetime=\"2024-11-10T20:44:39-06:00\">10 noviembre, 2024<\/time><\/span>\n\t\t\t\t<\/div>\n\t\t\t\t\t\t\t\t\t<div class=\"anwp-pg-post-teaser__bottom-meta-item d-flex align-items-center mr-3\">\n\t\t\t\t\t\t<svg class=\"anwp-pg-icon anwp-pg-icon--s16 mr-1\">\n\t\t\t\t\t\t\t<use xlink:href=\"#icon-anwp-pg-comment-discussion\"><\/use>\n\t\t\t\t\t\t<\/svg>\n\t\t\t\t\t\t0\t\t\t\t\t<\/div>\n\t\t\t\t\t\n\t\t\t\t\t<\/div>\n\n\t\t\t\t\t<div class=\"anwp-pg-post-teaser__excerpt mb-2\">\n\t\t\t\tPor Jos\u00e9 Luis Romero Ruiz\/Zunoticia Huejutla, Hgo.- El equipo de las Amazonas se midi\u00f3 a las Jaibas en la J1 de la segunda vuelta del torneo de liga 2024 \u2013 ...\t\t\t<\/div>\n\t\t\n\t\t\n\t<\/div>\n\n<\/div>\n<div class=\"anwp-pg-post-teaser anwp-pg-post-teaser--inner-cover-link anwp-pg-post-teaser--layout-d d-flex flex-column swiper-slide anwp-pg-post-teaser--has-comments-meta\">\n\t<div class=\"anwp-pg-post-teaser__thumbnail position-relative\">\n\n\t\t\n\t\t\n\t\t\t\t\t<img loading=\"lazy\" class=\"anwp-pg-post-teaser__thumbnail-img d-block anwp-pg-height-180 anwp-object-cover m-0 w-100\"\n\t\t\t\talt=\"Novatos logr\u00f3 \u201caplastante\u201d victoria sobre Vikingos en la LRBHH\"\n\t\t\t\tsrc=\"https:\/\/www.zunoticia.com\/noticias-de-hidalgo\/wp-content\/uploads\/2024\/11\/eZy-Watermark_10-11-2024_05-30-11-2220p.m.jpg\"\/>\n\t\t\n\t\t<div class=\"anwp-pg-post-teaser__thumbnail-bg anwp-position-cover\"><\/div>\n\n\t\t<a class=\"anwp-position-cover anwp-link-without-effects\" href=\"https:\/\/www.zunoticia.com\/noticias-de-hidalgo\/2024\/11\/10\/novatos-logro-aplastante-victoria-sobre-vikingos-en-la-lrbhh\/\" aria-hidden=\"true\" ><\/a>\n\t<\/div>\n\n\t<div class=\"anwp-pg-post-teaser__content flex-grow-1 pt-1 d-flex flex-column\">\n\n\t\t<div class=\"anwp-pg-post-teaser__title anwp-font-heading mt-2\">\n\t\t\t<a class=\"anwp-link-without-effects\" href=\"https:\/\/www.zunoticia.com\/noticias-de-hidalgo\/2024\/11\/10\/novatos-logro-aplastante-victoria-sobre-vikingos-en-la-lrbhh\/\" aria-hidden=\"true\" >\n\t\t\t\tNovatos logr\u00f3 \u201caplastante\u201d victoria sobre Vikingos en la LRBHH\t\t\t<\/a>\n\t\t<\/div>\n\n\t\t<div class=\"anwp-pg-post-teaser__bottom-meta d-flex flex-wrap\">\n\n\t\t\t\t\t\t\t<div class=\"anwp-pg-post-teaser__bottom-meta-item d-flex align-items-center mr-3\">\n\t\t\t\t\t<svg class=\"anwp-pg-icon anwp-pg-icon--s16 mr-1\">\n\t\t\t\t\t\t<use xlink:href=\"#icon-anwp-pg-calendar\"><\/use>\n\t\t\t\t\t<\/svg>\n\t\t\t\t\t<span class=\"posted-on m-0\"><span class=\"screen-reader-text\">Posted on<\/span><time class=\"anwp-pg-published\" datetime=\"2024-11-10T20:38:51-06:00\">10 noviembre, 2024<\/time><time class=\"anwp-pg-updated\" datetime=\"2024-11-10T20:38:53-06:00\">10 noviembre, 2024<\/time><\/span>\n\t\t\t\t<\/div>\n\t\t\t\t\t\t\t\t\t<div class=\"anwp-pg-post-teaser__bottom-meta-item d-flex align-items-center mr-3\">\n\t\t\t\t\t\t<svg class=\"anwp-pg-icon anwp-pg-icon--s16 mr-1\">\n\t\t\t\t\t\t\t<use xlink:href=\"#icon-anwp-pg-comment-discussion\"><\/use>\n\t\t\t\t\t\t<\/svg>\n\t\t\t\t\t\t0\t\t\t\t\t<\/div>\n\t\t\t\t\t\n\t\t\t\t\t<\/div>\n\n\t\t\t\t\t<div class=\"anwp-pg-post-teaser__excerpt mb-2\">\n\t\t\t\tPor Jos\u00e9 Luis Romero Ruiz\/Zunoticia Huejutla, Hgo.- El equipo de Novatos le dio la bienvenida en la \u00faltima jornada del torneo regular a la novena de los Vikingos, en el ...\t\t\t<\/div>\n\t\t\n\t\t\n\t<\/div>\n\n<\/div>\n\t\t<\/div>\n\n\t\t\t\t\t\t\t\t\t<div class=\"swiper-pagination\"><\/div>\n\t\t\t\t\t\t\t\t\t<\/div>\n<\/div>\n\t\t\t\t<\/div>\n\t\t\t\t<\/div>\n\t\t\t\t\t<\/div>\n\t\t<\/div>\n\t\t\t\t<div class=\"elementor-column elementor-col-33 elementor-top-column elementor-element elementor-element-92351e2 jltma-glass-effect-no\" data-id=\"92351e2\" data-element_type=\"column\" data-e-type=\"column\" data-settings=\"{&quot;background_background&quot;:&quot;classic&quot;}\">\n\t\t\t<div class=\"elementor-widget-wrap elementor-element-populated\">\n\t\t\t\t\t\t<div class=\"elementor-element elementor-element-3fd1e0e elementor-hidden-mobile elementor-hidden-widescreen elementor-hidden-desktop elementor-hidden-laptop elementor-hidden-tablet_extra elementor-hidden-tablet elementor-hidden-mobile_extra jltma-glass-effect-no elementor-widget elementor-widget-heading\" data-id=\"3fd1e0e\" data-element_type=\"widget\" data-e-type=\"widget\" data-widget_type=\"heading.default\">\n\t\t\t\t<div class=\"elementor-widget-container\">\n\t\t\t\t\t<h4 class=\"elementor-heading-title elementor-size-default\">DIGITAL PDF<\/h4>\t\t\t\t<\/div>\n\t\t\t\t<\/div>\n\t\t\t\t<div class=\"elementor-element elementor-element-d8db233 elementor-hidden-widescreen elementor-hidden-desktop elementor-hidden-laptop elementor-hidden-tablet_extra elementor-hidden-tablet elementor-hidden-mobile_extra elementor-hidden-mobile jltma-glass-effect-no elementor-widget elementor-widget-heading\" data-id=\"d8db233\" data-element_type=\"widget\" data-e-type=\"widget\" data-widget_type=\"heading.default\">\n\t\t\t\t<div class=\"elementor-widget-container\">\n\t\t\t\t\t<h4 class=\"elementor-heading-title elementor-size-default\">DIGITAL PDF<\/h4>\t\t\t\t<\/div>\n\t\t\t\t<\/div>\n\t\t\t\t<div class=\"elementor-element elementor-element-16ad261 elementor-hidden-widescreen elementor-hidden-desktop elementor-hidden-laptop elementor-hidden-tablet_extra elementor-hidden-tablet elementor-hidden-mobile_extra elementor-hidden-mobile jltma-glass-effect-no elementor-widget elementor-widget-image\" data-id=\"16ad261\" data-element_type=\"widget\" data-e-type=\"widget\" data-widget_type=\"image.default\">\n\t\t\t\t<div class=\"elementor-widget-container\">\n\t\t\t\t\t\t\t\t\t\t\t\t\t\t\t\t<a href=\"https:\/\/www.zunoticia.com\/noticias-de-hidalgo\/wp-content\/uploads\/2021\/12\/EDICION-7960.pdf\" target=\"_blank\">\n\t\t\t\t\t\t\t<img fetchpriority=\"high\" decoding=\"async\" width=\"300\" height=\"300\" src=\"https:\/\/www.zunoticia.com\/noticias-de-hidalgo\/wp-content\/uploads\/2021\/07\/banner-web-download.jpg\" class=\"attachment-full size-full wp-image-384583\" alt=\"\" srcset=\"https:\/\/www.zunoticia.com\/noticias-de-hidalgo\/wp-content\/uploads\/2021\/07\/banner-web-download.jpg 300w, https:\/\/www.zunoticia.com\/noticias-de-hidalgo\/wp-content\/uploads\/2021\/07\/banner-web-download-150x150.jpg 150w\" sizes=\"(max-width: 300px) 100vw, 300px\" style=\"width:100%;height:100%;max-width:300px\" \/>\t\t\t\t\t\t\t\t<\/a>\n\t\t\t\t\t\t\t\t\t\t\t\t\t\t\t<\/div>\n\t\t\t\t<\/div>\n\t\t\t\t<div class=\"elementor-element elementor-element-ce3e6a7 jltma-glass-effect-no elementor-widget elementor-widget-heading\" data-id=\"ce3e6a7\" data-element_type=\"widget\" data-e-type=\"widget\" data-widget_type=\"heading.default\">\n\t\t\t\t<div class=\"elementor-widget-container\">\n\t\t\t\t\t<h4 class=\"elementor-heading-title elementor-size-default\">DESTACADAS<\/h4>\t\t\t\t<\/div>\n\t\t\t\t<\/div>\n\t\t\t\t<div class=\"elementor-element elementor-element-8284e58 jltma-glass-effect-no elementor-widget elementor-widget-image\" data-id=\"8284e58\" data-element_type=\"widget\" data-e-type=\"widget\" data-widget_type=\"image.default\">\n\t\t\t\t<div class=\"elementor-widget-container\">\n\t\t\t\t\t\t\t\t\t\t\t\t\t\t\t\t<a href=\"https:\/\/chat.whatsapp.com\/Lc7mwP6mWGRAmNzRf9GqHI\" target=\"_blank\">\n\t\t\t\t\t\t\t<img loading=\"lazy\" decoding=\"async\" width=\"576\" height=\"1024\" src=\"https:\/\/www.zunoticia.com\/noticias-de-hidalgo\/wp-content\/uploads\/2026\/01\/Historia-576x1024.jpg\" class=\"attachment-large size-large wp-image-621349\" alt=\"\" srcset=\"https:\/\/www.zunoticia.com\/noticias-de-hidalgo\/wp-content\/uploads\/2026\/01\/Historia-576x1024.jpg 576w, https:\/\/www.zunoticia.com\/noticias-de-hidalgo\/wp-content\/uploads\/2026\/01\/Historia-169x300.jpg 169w, https:\/\/www.zunoticia.com\/noticias-de-hidalgo\/wp-content\/uploads\/2026\/01\/Historia-768x1365.jpg 768w, https:\/\/www.zunoticia.com\/noticias-de-hidalgo\/wp-content\/uploads\/2026\/01\/Historia-864x1536.jpg 864w, https:\/\/www.zunoticia.com\/noticias-de-hidalgo\/wp-content\/uploads\/2026\/01\/Historia.jpg 1080w\" sizes=\"(max-width: 576px) 100vw, 576px\" style=\"width:100%;height:177.78%;max-width:1080px\" \/>\t\t\t\t\t\t\t\t<\/a>\n\t\t\t\t\t\t\t\t\t\t\t\t\t\t\t<\/div>\n\t\t\t\t<\/div>\n\t\t\t\t\t<\/div>\n\t\t<\/div>\n\t\t\t\t\t<\/div>\n\t\t<\/section>\n\t\t\t\t<section class=\"elementor-section elementor-top-section elementor-element elementor-element-b3a098d elementor-section-boxed elementor-section-height-default elementor-section-height-default jltma-glass-effect-no\" data-id=\"b3a098d\" data-element_type=\"section\" data-e-type=\"section\">\n\t\t\t\t\t\t<div class=\"elementor-container elementor-column-gap-default\">\n\t\t\t\t\t<div class=\"elementor-column elementor-col-100 elementor-top-column elementor-element elementor-element-862d482 jltma-glass-effect-no\" data-id=\"862d482\" data-element_type=\"column\" data-e-type=\"column\">\n\t\t\t<div class=\"elementor-widget-wrap\">\n\t\t\t\t\t\t\t<\/div>\n\t\t<\/div>\n\t\t\t\t\t<\/div>\n\t\t<\/section>\n\t\t\t\t<section class=\"elementor-section elementor-top-section elementor-element elementor-element-ffb8be0 elementor-section-boxed elementor-section-height-default elementor-section-height-default jltma-glass-effect-no\" data-id=\"ffb8be0\" data-element_type=\"section\" data-e-type=\"section\">\n\t\t\t\t\t\t<div class=\"elementor-container elementor-column-gap-default\">\n\t\t\t\t\t<div class=\"elementor-column elementor-col-100 elementor-top-column elementor-element elementor-element-e0b2e21 jltma-glass-effect-no\" data-id=\"e0b2e21\" data-element_type=\"column\" data-e-type=\"column\">\n\t\t\t<div class=\"elementor-widget-wrap\">\n\t\t\t\t\t\t\t<\/div>\n\t\t<\/div>\n\t\t\t\t\t<\/div>\n\t\t<\/section>\n\t\t\t\t<\/div>\n\t\t","protected":false},"excerpt":{"rendered":"<p>ZUNOTICIA TV HUEJUTLA Conflicto del Mercado evidencia pugna de intereses, acusaciones de fraude y desgaste social Posted on8 enero, 20268 enero, 2026 0 Por \u00c1ngel Silverio\/Redacci\u00f3n San Felipe Orizatl\u00e1n, Hgo.\u2013 El conflicto en torno a la construcci\u00f3n del Mercado municipal dej\u00f3 de ser un simple desacuerdo entre comerciantes para convertirse en una problem\u00e1tica &#8230; Club&hellip; <a class=\"more-link\" href=\"https:\/\/www.zunoticia.com\/noticias-de-hidalgo\/\">Seguir leyendo <span class=\"screen-reader-text\">InicioHidalgo<\/span><\/a><\/p>\n","protected":false},"author":11,"featured_media":0,"parent":0,"menu_order":0,"comment_status":"closed","ping_status":"closed","template":"elementor_header_footer","meta":{"rop_custom_images_group":[],"rop_custom_messages_group":[],"rop_publish_now":"initial","rop_publish_now_accounts":{"facebook_10159540855086992_322828327761733":""},"rop_publish_now_history":[],"rop_publish_now_status":"pending","footnotes":""},"class_list":["post-383812","page","type-page","status-publish","hentry","entry"],"_links":{"self":[{"href":"https:\/\/www.zunoticia.com\/noticias-de-hidalgo\/wp-json\/wp\/v2\/pages\/383812","targetHints":{"allow":["GET"]}}],"collection":[{"href":"https:\/\/www.zunoticia.com\/noticias-de-hidalgo\/wp-json\/wp\/v2\/pages"}],"about":[{"href":"https:\/\/www.zunoticia.com\/noticias-de-hidalgo\/wp-json\/wp\/v2\/types\/page"}],"author":[{"embeddable":true,"href":"https:\/\/www.zunoticia.com\/noticias-de-hidalgo\/wp-json\/wp\/v2\/users\/11"}],"replies":[{"embeddable":true,"href":"https:\/\/www.zunoticia.com\/noticias-de-hidalgo\/wp-json\/wp\/v2\/comments?post=383812"}],"version-history":[{"count":2381,"href":"https:\/\/www.zunoticia.com\/noticias-de-hidalgo\/wp-json\/wp\/v2\/pages\/383812\/revisions"}],"predecessor-version":[{"id":621448,"href":"https:\/\/www.zunoticia.com\/noticias-de-hidalgo\/wp-json\/wp\/v2\/pages\/383812\/revisions\/621448"}],"wp:attachment":[{"href":"https:\/\/www.zunoticia.com\/noticias-de-hidalgo\/wp-json\/wp\/v2\/media?parent=383812"}],"curies":[{"name":"wp","href":"https:\/\/api.w.org\/{rel}","templated":true}]}}